{"id":32,"date":"2017-07-30T00:17:10","date_gmt":"2017-07-29T22:17:10","guid":{"rendered":"http:\/\/www.cronopio.de\/neusiedlerstrasse50\/?page_id=32"},"modified":"2022-10-06T10:07:06","modified_gmt":"2022-10-06T08:07:06","slug":"paula-schwamberger-mildner","status":"publish","type":"page","link":"http:\/\/www.cronopio.de\/neusiedlerstrasse30\/paula-schwamberger-mildner\/","title":{"rendered":"Paula Schwamberger-Mildner"},"content":{"rendered":"\n<p class=\"wp-block-paragraph\">Das Leben der im Folgenden zu beschreibenden Pers\u00f6nlichkeit ist untrennbar mit der Geschichte des Schwarzbades verbunden.<\/p>\n\n\n\n<p class=\"wp-block-paragraph\">Paula kommt am 10. Dezember 1902 in M\u00f6dling zur Welt, als Tochter des Josef Mildner, Sohn eines Gro\u00dfbauern in Schlesien, sp\u00e4ter Architekt und Stadtbaumeister in Wien (z. B. Wiener Kinderspital) und der Maria Mildner, Tochter von Maria Schwarz, der Gr\u00fcnderin des M\u00f6dlinger Schwarzbades. Schon 1907 verliert Paula den Vater, der sich mit Tbc infiziert hatte.<\/p>\n\n\n\n<p class=\"wp-block-paragraph\">Nach dem Besuch der Pflichtschule legt sie am M\u00f6dlinger M\u00e4dchen-Lyceum die Matura ab.<\/p>\n\n\n<div class=\"wp-block-image\">\n<figure class=\"alignleft\"><a href=\"http:\/\/www.cronopio.de\/neusiedlerstrasse30\/paula-schwamberger-mildner\/abb-10\/\"><img loading=\"lazy\" decoding=\"async\" width=\"300\" height=\"214\" src=\"http:\/\/www.cronopio.de\/neusiedlerstrasse30\/wp-content\/uploads\/sites\/4\/2017\/07\/Abb.10-300x214.jpg\" alt=\"\" class=\"wp-image-91\" srcset=\"http:\/\/www.cronopio.de\/neusiedlerstrasse30\/wp-content\/uploads\/sites\/4\/2017\/07\/Abb.10-300x214.jpg 300w, http:\/\/www.cronopio.de\/neusiedlerstrasse30\/wp-content\/uploads\/sites\/4\/2017\/07\/Abb.10-281x200.jpg 281w, http:\/\/www.cronopio.de\/neusiedlerstrasse30\/wp-content\/uploads\/sites\/4\/2017\/07\/Abb.10.jpg 740w\" sizes=\"auto, (max-width: 300px) 100vw, 300px\" \/><\/a><figcaption>M\u00e4dchen-Lyzeum<\/figcaption><\/figure>\n<\/div>\n\n\n<p class=\"wp-block-paragraph\">Bei Sch\u00fclervorstellungen des Lyceums tritt Paula wiederholt in der M\u00f6dlinger B\u00fchne auf und erregt die Aufmerksamkeit von Direktor Juhasz, u. a. mit \u201eHannerl und Nannerl\u201c.<\/p>\n\n\n\n<p class=\"wp-block-paragraph\">W\u00e4hrend des 1. Weltkriegs ist das heranwachsende M\u00e4dchen mit den finanziellen Schwierigkeiten des Badebetriebs und der allgemeinen Hungersnot konfrontiert.<\/p>\n\n\n\n<p class=\"wp-block-paragraph\">Ihr au\u00dfergew\u00f6hnliches Talent bleibt auch an der Wiener Staatsakademie nicht unbemerkt, doch muss sie 1918 einen Freiplatz aus famili\u00e4ren Gr\u00fcnden, u. a. wegen famili\u00e4rer Missbilligung des Schauspielberufes, ablehnen. Zitat: \u201eAber aufgegeben habe ich nicht! Ich tr\u00e4umte meinen Traum, einmal eine ganz gro\u00dfe Schauspielerin zu werden.\u201c<\/p>\n\n\n<style type=\"text\/css\">\n#foogallery-gallery-369 .fg-image { width: 300px; }<\/style>\n\t\t\t<div class=\"foogallery foogallery-container foogallery-carousel foogallery-lightbox-foobox fg-carousel-hide-pagination fg-carousel-hide-progress-bar fg-carousel fg-ready fg-light fg-border-thin fg-round-medium fg-shadow-outline fg-shadow-inset-small fg-loading-default fg-loaded-fade-in fg-caption-hover fg-hover-fade fg-hover-zoom fg-c-c\" id=\"foogallery-gallery-369\" data-foogallery=\"{&quot;item&quot;:{&quot;showCaptionTitle&quot;:true,&quot;showCaptionDescription&quot;:true},&quot;lazy&quot;:true,&quot;template&quot;:{&quot;maxItems&quot;:5,&quot;scale&quot;:0.12,&quot;gutter&quot;:{&quot;min&quot;:-40,&quot;max&quot;:-20,&quot;unit&quot;:&quot;%&quot;},&quot;autoplay&quot;:{&quot;time&quot;:5,&quot;interaction&quot;:&quot;pause&quot;},&quot;centerOnClick&quot;:true,&quot;align&quot;:&quot;center&quot;,&quot;activePosition&quot;:&quot;center&quot;}}\" style=\"--fg-title-line-clamp: 0; --fg-description-line-clamp: 0;\" >\n\t<button type=\"button\" class=\"fg-carousel-prev\" title=\"Previous\"><\/button>\n\t<div class=\"fg-carousel-inner\">\n\t\t<div class=\"fg-carousel-center\"><\/div>\n\t\t<div class=\"fg-item fg-type-image fg-idle\"><figure class=\"fg-item-inner\"><a href=\"http:\/\/www.cronopio.de\/neusiedlerstrasse30\/wp-content\/uploads\/sites\/4\/2017\/07\/Abb.11.jpg\" data-caption-title=\"Hannerl &amp;amp; Nannerl\" data-attachment-id=\"92\" data-type=\"image\" class=\"fg-thumb\"><span class=\"fg-image-wrap\"><img fetchpriority=\"high\" decoding=\"async\" title=\"Hannerl &amp; Nannerl\" width=\"300\" height=\"400\" class=\"skip-lazy fg-image\" data-src-fg=\"http:\/\/www.cronopio.de\/neusiedlerstrasse30\/wp-content\/uploads\/sites\/4\/cache\/2017\/07\/Abb_11\/595212386.jpg\" src=\"data:image\/svg+xml,%3Csvg%20xmlns%3D%22http%3A%2F%2Fwww.w3.org%2F2000%2Fsvg%22%20width%3D%22300%22%20height%3D%22400%22%20viewBox%3D%220%200%20300%20400%22%3E%3C%2Fsvg%3E\" loading=\"eager\"><\/span><span class=\"fg-image-overlay\"><\/span><\/a><figcaption class=\"fg-caption\"><div class=\"fg-caption-inner\"><div class=\"fg-caption-title\">Hannerl &amp; Nannerl<\/div><\/div><\/figcaption><\/figure><div class=\"fg-loader\"><\/div><\/div><div class=\"fg-item fg-type-image fg-idle\"><figure class=\"fg-item-inner\"><a href=\"http:\/\/www.cronopio.de\/neusiedlerstrasse30\/wp-content\/uploads\/sites\/4\/2017\/07\/Scannen0003.jpg\" data-attachment-id=\"214\" data-type=\"image\" class=\"fg-thumb\"><span class=\"fg-image-wrap\"><img decoding=\"async\" width=\"300\" height=\"400\" class=\"skip-lazy fg-image\" data-src-fg=\"http:\/\/www.cronopio.de\/neusiedlerstrasse30\/wp-content\/uploads\/sites\/4\/cache\/2017\/07\/Scannen0003\/2731269563.jpg\" src=\"data:image\/svg+xml,%3Csvg%20xmlns%3D%22http%3A%2F%2Fwww.w3.org%2F2000%2Fsvg%22%20width%3D%22300%22%20height%3D%22400%22%20viewBox%3D%220%200%20300%20400%22%3E%3C%2Fsvg%3E\" loading=\"eager\"><\/span><span class=\"fg-image-overlay\"><\/span><\/a><\/figure><div class=\"fg-loader\"><\/div><\/div><div class=\"fg-item fg-type-image fg-idle\"><figure class=\"fg-item-inner\"><a href=\"http:\/\/www.cronopio.de\/neusiedlerstrasse30\/wp-content\/uploads\/sites\/4\/2017\/07\/P5162358-4.jpg\" data-attachment-id=\"215\" data-type=\"image\" class=\"fg-thumb\"><span class=\"fg-image-wrap\"><img decoding=\"async\" width=\"300\" height=\"400\" class=\"skip-lazy fg-image\" data-src-fg=\"http:\/\/www.cronopio.de\/neusiedlerstrasse30\/wp-content\/uploads\/sites\/4\/cache\/2017\/07\/P5162358-4\/2054169165.jpg\" src=\"data:image\/svg+xml,%3Csvg%20xmlns%3D%22http%3A%2F%2Fwww.w3.org%2F2000%2Fsvg%22%20width%3D%22300%22%20height%3D%22400%22%20viewBox%3D%220%200%20300%20400%22%3E%3C%2Fsvg%3E\" loading=\"eager\"><\/span><span class=\"fg-image-overlay\"><\/span><\/a><\/figure><div class=\"fg-loader\"><\/div><\/div><div class=\"fg-item fg-type-image fg-idle\"><figure class=\"fg-item-inner\"><a href=\"http:\/\/www.cronopio.de\/neusiedlerstrasse30\/wp-content\/uploads\/sites\/4\/2017\/07\/P5162360.jpg\" data-attachment-id=\"216\" data-type=\"image\" class=\"fg-thumb\"><span class=\"fg-image-wrap\"><img decoding=\"async\" width=\"300\" height=\"400\" class=\"skip-lazy fg-image\" data-src-fg=\"http:\/\/www.cronopio.de\/neusiedlerstrasse30\/wp-content\/uploads\/sites\/4\/cache\/2017\/07\/P5162360\/1813456259.jpg\" src=\"data:image\/svg+xml,%3Csvg%20xmlns%3D%22http%3A%2F%2Fwww.w3.org%2F2000%2Fsvg%22%20width%3D%22300%22%20height%3D%22400%22%20viewBox%3D%220%200%20300%20400%22%3E%3C%2Fsvg%3E\" loading=\"eager\"><\/span><span class=\"fg-image-overlay\"><\/span><\/a><\/figure><div class=\"fg-loader\"><\/div><\/div><div class=\"fg-item fg-type-image fg-idle\"><figure class=\"fg-item-inner\"><a href=\"http:\/\/www.cronopio.de\/neusiedlerstrasse30\/wp-content\/uploads\/sites\/4\/2017\/07\/Scannen0004.jpg\" data-attachment-id=\"217\" data-type=\"image\" class=\"fg-thumb\"><span class=\"fg-image-wrap\"><img decoding=\"async\" width=\"300\" height=\"400\" class=\"skip-lazy fg-image\" data-src-fg=\"http:\/\/www.cronopio.de\/neusiedlerstrasse30\/wp-content\/uploads\/sites\/4\/cache\/2017\/07\/Scannen0004\/193899307.jpg\" src=\"data:image\/svg+xml,%3Csvg%20xmlns%3D%22http%3A%2F%2Fwww.w3.org%2F2000%2Fsvg%22%20width%3D%22300%22%20height%3D%22400%22%20viewBox%3D%220%200%20300%20400%22%3E%3C%2Fsvg%3E\" loading=\"eager\"><\/span><span class=\"fg-image-overlay\"><\/span><\/a><\/figure><div class=\"fg-loader\"><\/div><\/div><div class=\"fg-item fg-type-image fg-idle\"><figure class=\"fg-item-inner\"><a href=\"http:\/\/www.cronopio.de\/neusiedlerstrasse30\/wp-content\/uploads\/sites\/4\/2017\/07\/P5162362.jpg\" data-attachment-id=\"218\" data-type=\"image\" class=\"fg-thumb\"><span class=\"fg-image-wrap\"><img decoding=\"async\" width=\"300\" height=\"400\" class=\"skip-lazy fg-image\" data-src-fg=\"http:\/\/www.cronopio.de\/neusiedlerstrasse30\/wp-content\/uploads\/sites\/4\/cache\/2017\/07\/P5162362\/3172630031.jpg\" src=\"data:image\/svg+xml,%3Csvg%20xmlns%3D%22http%3A%2F%2Fwww.w3.org%2F2000%2Fsvg%22%20width%3D%22300%22%20height%3D%22400%22%20viewBox%3D%220%200%20300%20400%22%3E%3C%2Fsvg%3E\" loading=\"eager\"><\/span><span class=\"fg-image-overlay\"><\/span><\/a><\/figure><div class=\"fg-loader\"><\/div><\/div><div class=\"fg-item fg-type-image fg-idle\"><figure class=\"fg-item-inner\"><a href=\"http:\/\/www.cronopio.de\/neusiedlerstrasse30\/wp-content\/uploads\/sites\/4\/2017\/07\/P5162364.jpg\" data-attachment-id=\"219\" data-type=\"image\" class=\"fg-thumb\"><span class=\"fg-image-wrap\"><img decoding=\"async\" width=\"300\" height=\"400\" class=\"skip-lazy fg-image\" data-src-fg=\"http:\/\/www.cronopio.de\/neusiedlerstrasse30\/wp-content\/uploads\/sites\/4\/cache\/2017\/07\/P5162364\/2391931661.jpg\" src=\"data:image\/svg+xml,%3Csvg%20xmlns%3D%22http%3A%2F%2Fwww.w3.org%2F2000%2Fsvg%22%20width%3D%22300%22%20height%3D%22400%22%20viewBox%3D%220%200%20300%20400%22%3E%3C%2Fsvg%3E\" loading=\"eager\"><\/span><span class=\"fg-image-overlay\"><\/span><\/a><\/figure><div class=\"fg-loader\"><\/div><\/div><div class=\"fg-item fg-type-image fg-idle\"><figure class=\"fg-item-inner\"><a href=\"http:\/\/www.cronopio.de\/neusiedlerstrasse30\/wp-content\/uploads\/sites\/4\/2017\/07\/Scannen0005.jpg\" data-attachment-id=\"220\" data-type=\"image\" class=\"fg-thumb\"><span class=\"fg-image-wrap\"><img decoding=\"async\" width=\"300\" height=\"400\" class=\"skip-lazy fg-image\" data-src-fg=\"http:\/\/www.cronopio.de\/neusiedlerstrasse30\/wp-content\/uploads\/sites\/4\/cache\/2017\/07\/Scannen0005\/406700453.jpg\" src=\"data:image\/svg+xml,%3Csvg%20xmlns%3D%22http%3A%2F%2Fwww.w3.org%2F2000%2Fsvg%22%20width%3D%22300%22%20height%3D%22400%22%20viewBox%3D%220%200%20300%20400%22%3E%3C%2Fsvg%3E\" loading=\"eager\"><\/span><span class=\"fg-image-overlay\"><\/span><\/a><\/figure><div class=\"fg-loader\"><\/div><\/div><div class=\"fg-item fg-type-image fg-idle\"><figure class=\"fg-item-inner\"><a href=\"http:\/\/www.cronopio.de\/neusiedlerstrasse30\/wp-content\/uploads\/sites\/4\/2017\/07\/Scannen0008.jpg\" data-attachment-id=\"221\" data-type=\"image\" class=\"fg-thumb\"><span class=\"fg-image-wrap\"><img decoding=\"async\" width=\"300\" height=\"400\" class=\"skip-lazy fg-image\" data-src-fg=\"http:\/\/www.cronopio.de\/neusiedlerstrasse30\/wp-content\/uploads\/sites\/4\/cache\/2017\/07\/Scannen0008\/1419246796.jpg\" src=\"data:image\/svg+xml,%3Csvg%20xmlns%3D%22http%3A%2F%2Fwww.w3.org%2F2000%2Fsvg%22%20width%3D%22300%22%20height%3D%22400%22%20viewBox%3D%220%200%20300%20400%22%3E%3C%2Fsvg%3E\" loading=\"eager\"><\/span><span class=\"fg-image-overlay\"><\/span><\/a><\/figure><div class=\"fg-loader\"><\/div><\/div><div class=\"fg-item fg-type-image fg-idle\"><figure class=\"fg-item-inner\"><a href=\"http:\/\/www.cronopio.de\/neusiedlerstrasse30\/wp-content\/uploads\/sites\/4\/2017\/07\/Abb.12.jpg\" data-attachment-id=\"99\" data-type=\"image\" class=\"fg-thumb\"><span class=\"fg-image-wrap\"><img decoding=\"async\" width=\"300\" height=\"400\" class=\"skip-lazy fg-image\" data-src-fg=\"http:\/\/www.cronopio.de\/neusiedlerstrasse30\/wp-content\/uploads\/sites\/4\/cache\/2017\/07\/Abb_12\/2715226480.jpg\" src=\"data:image\/svg+xml,%3Csvg%20xmlns%3D%22http%3A%2F%2Fwww.w3.org%2F2000%2Fsvg%22%20width%3D%22300%22%20height%3D%22400%22%20viewBox%3D%220%200%20300%20400%22%3E%3C%2Fsvg%3E\" loading=\"eager\"><\/span><span class=\"fg-image-overlay\"><\/span><\/a><\/figure><div class=\"fg-loader\"><\/div><\/div>\t<\/div>\n\t<div class=\"fg-carousel-bottom\"><\/div>\n\t<div class=\"fg-carousel-progress\"><\/div>\n\t<button type=\"button\" class=\"fg-carousel-next\" title=\"Vor\"><\/button>\n<\/div>\n\n\n<div class=\"wp-block-image\">\n<figure class=\"alignleft\"><a href=\"http:\/\/www.cronopio.de\/neusiedlerstrasse30\/paula-schwamberger-mildner\/scannen0007\/\" rel=\"attachment wp-att-227\"><img loading=\"lazy\" decoding=\"async\" width=\"201\" height=\"300\" src=\"http:\/\/www.cronopio.de\/neusiedlerstrasse30\/wp-content\/uploads\/sites\/4\/2017\/07\/Scannen0007-201x300.jpg\" alt=\"\" class=\"wp-image-227\" srcset=\"http:\/\/www.cronopio.de\/neusiedlerstrasse30\/wp-content\/uploads\/sites\/4\/2017\/07\/Scannen0007-201x300.jpg 201w, http:\/\/www.cronopio.de\/neusiedlerstrasse30\/wp-content\/uploads\/sites\/4\/2017\/07\/Scannen0007-134x200.jpg 134w, http:\/\/www.cronopio.de\/neusiedlerstrasse30\/wp-content\/uploads\/sites\/4\/2017\/07\/Scannen0007.jpg 638w\" sizes=\"auto, (max-width: 201px) 100vw, 201px\" \/><\/a><figcaption>Paula mit der kleinen Erika<\/figcaption><\/figure>\n<\/div>\n\n\n<p class=\"wp-block-paragraph\">In den ersten Nachkriegsjahren ist die Versorgungs- und Ern\u00e4hrungssituation in der Heimat sehr schlecht und man versucht, durch Kinderlandverschickungen in vom Krieg verschont gebliebene L\u00e4nder Hilfe zu schaffen. Viele Kinder erleben dadurch eine gl\u00fcckliche Zeit und kehren gesund und kr\u00e4ftig nach Hause zur\u00fcck \u2013 nicht aber Paula. Ihre d\u00e4nische Gastfamilie sieht in ihr ein billiges Kinderm\u00e4dchen f\u00fcr zwei Klein- und zwei Schulkinder sowie eine Rund-um-die-Uhr Betreuung des Gro\u00dfvaters. Paula kehrt krank und entkr\u00e4ftet heim.<\/p>\n\n\n\n<p class=\"wp-block-paragraph\">Im Jahr 1926 heiratet sie Franz Schwamberger, Besitzer einer Molkerei in Wien, dessen Betrieb aber durch Betr\u00fcgereien seines Kompagnons verloren geht. 1928 wird Tochter Erika geboren und die Familie erm\u00f6glicht Franz Schwamberger die Er\u00f6ffnung einer Molkerei in M\u00f6dling, doch nach einem halben Jahr erfolgen Ausgleich, Konkurs und Pf\u00e4ndung.<\/p>\n\n\n<style type=\"text\/css\">\n#foogallery-gallery-371 .fg-image { width: 300px; }<\/style>\n\t\t\t<div class=\"foogallery foogallery-container foogallery-carousel foogallery-lightbox-foobox fg-carousel-hide-pagination fg-carousel-hide-progress-bar fg-carousel fg-ready fg-light fg-border-thin fg-round-medium fg-shadow-outline fg-loading-default fg-loaded-fade-in fg-caption-always fg-hover-fade fg-hover-zoom fg-light-overlays fg-c-c\" id=\"foogallery-gallery-371\" data-foogallery=\"{&quot;item&quot;:{&quot;showCaptionTitle&quot;:true,&quot;showCaptionDescription&quot;:true},&quot;lazy&quot;:true,&quot;template&quot;:{&quot;maxItems&quot;:5,&quot;scale&quot;:0.12,&quot;gutter&quot;:{&quot;min&quot;:-40,&quot;max&quot;:-20,&quot;unit&quot;:&quot;%&quot;},&quot;autoplay&quot;:{&quot;time&quot;:0,&quot;interaction&quot;:&quot;pause&quot;},&quot;centerOnClick&quot;:true,&quot;align&quot;:&quot;center&quot;,&quot;activePosition&quot;:&quot;center&quot;}}\" style=\"--fg-title-line-clamp: 0; --fg-description-line-clamp: 0;\" >\n\t<button type=\"button\" class=\"fg-carousel-prev\" title=\"Previous\"><\/button>\n\t<div class=\"fg-carousel-inner\">\n\t\t<div class=\"fg-carousel-center\"><\/div>\n\t\t<div class=\"fg-item fg-type-image fg-idle\"><figure class=\"fg-item-inner\"><a href=\"http:\/\/www.cronopio.de\/neusiedlerstrasse30\/wp-content\/uploads\/sites\/4\/2017\/07\/Abb.13.jpg\" data-caption-title=\"Schachpartie mit Hans Bohdjalian.\" data-attachment-id=\"100\" data-type=\"image\" class=\"fg-thumb\"><span class=\"fg-image-wrap\"><img decoding=\"async\" title=\"Schachpartie mit Hans Bohdjalian.\" width=\"300\" height=\"400\" class=\"skip-lazy fg-image\" data-src-fg=\"http:\/\/www.cronopio.de\/neusiedlerstrasse30\/wp-content\/uploads\/sites\/4\/cache\/2017\/07\/Abb_13\/461735632.jpg\" src=\"data:image\/svg+xml,%3Csvg%20xmlns%3D%22http%3A%2F%2Fwww.w3.org%2F2000%2Fsvg%22%20width%3D%22300%22%20height%3D%22400%22%20viewBox%3D%220%200%20300%20400%22%3E%3C%2Fsvg%3E\" loading=\"eager\"><\/span><span class=\"fg-image-overlay\"><\/span><\/a><figcaption class=\"fg-caption\"><div class=\"fg-caption-inner\"><div class=\"fg-caption-title\">Schachpartie mit Hans Bohdjalian.<\/div><\/div><\/figcaption><\/figure><div class=\"fg-loader\"><\/div><\/div><div class=\"fg-item fg-type-image fg-idle\"><figure class=\"fg-item-inner\"><a href=\"http:\/\/www.cronopio.de\/neusiedlerstrasse30\/wp-content\/uploads\/sites\/4\/2017\/07\/Abb.14.jpg\" data-caption-title=\"Ank\u00fcndigung eines Bunten Abends.\" data-attachment-id=\"101\" data-type=\"image\" class=\"fg-thumb\"><span class=\"fg-image-wrap\"><img decoding=\"async\" title=\"Ank\u00fcndigung eines Bunten Abends.\" width=\"300\" height=\"400\" class=\"skip-lazy fg-image\" data-src-fg=\"http:\/\/www.cronopio.de\/neusiedlerstrasse30\/wp-content\/uploads\/sites\/4\/cache\/2017\/07\/Abb_14\/2606415060.jpg\" src=\"data:image\/svg+xml,%3Csvg%20xmlns%3D%22http%3A%2F%2Fwww.w3.org%2F2000%2Fsvg%22%20width%3D%22300%22%20height%3D%22400%22%20viewBox%3D%220%200%20300%20400%22%3E%3C%2Fsvg%3E\" loading=\"eager\"><\/span><span class=\"fg-image-overlay\"><\/span><\/a><figcaption class=\"fg-caption\"><div class=\"fg-caption-inner\"><div class=\"fg-caption-title\">Ank\u00fcndigung eines Bunten Abends.<\/div><\/div><\/figcaption><\/figure><div class=\"fg-loader\"><\/div><\/div><div class=\"fg-item fg-type-image fg-idle\"><figure class=\"fg-item-inner\"><a href=\"http:\/\/www.cronopio.de\/neusiedlerstrasse30\/wp-content\/uploads\/sites\/4\/2017\/07\/1937-2.jpg\" data-caption-title=\"1937\" data-attachment-id=\"202\" data-type=\"image\" class=\"fg-thumb\"><span class=\"fg-image-wrap\"><img decoding=\"async\" title=\"1937\" width=\"300\" height=\"400\" class=\"skip-lazy fg-image\" data-src-fg=\"http:\/\/www.cronopio.de\/neusiedlerstrasse30\/wp-content\/uploads\/sites\/4\/cache\/2017\/07\/1937-2\/2351367415.jpg\" src=\"data:image\/svg+xml,%3Csvg%20xmlns%3D%22http%3A%2F%2Fwww.w3.org%2F2000%2Fsvg%22%20width%3D%22300%22%20height%3D%22400%22%20viewBox%3D%220%200%20300%20400%22%3E%3C%2Fsvg%3E\" loading=\"eager\"><\/span><span class=\"fg-image-overlay\"><\/span><\/a><figcaption class=\"fg-caption\"><div class=\"fg-caption-inner\"><div class=\"fg-caption-title\">1937<\/div><\/div><\/figcaption><\/figure><div class=\"fg-loader\"><\/div><\/div><div class=\"fg-item fg-type-image fg-idle\"><figure class=\"fg-item-inner\"><a href=\"http:\/\/www.cronopio.de\/neusiedlerstrasse30\/wp-content\/uploads\/sites\/4\/2017\/07\/Scannen0001.jpg\" data-caption-title=\"Auftritt mit Hans Bohdjalian.\" data-attachment-id=\"223\" data-type=\"image\" class=\"fg-thumb\"><span class=\"fg-image-wrap\"><img decoding=\"async\" title=\"Auftritt mit Hans Bohdjalian.\" width=\"300\" height=\"400\" class=\"skip-lazy fg-image\" data-src-fg=\"http:\/\/www.cronopio.de\/neusiedlerstrasse30\/wp-content\/uploads\/sites\/4\/cache\/2017\/07\/Scannen0001\/3900115588.jpg\" src=\"data:image\/svg+xml,%3Csvg%20xmlns%3D%22http%3A%2F%2Fwww.w3.org%2F2000%2Fsvg%22%20width%3D%22300%22%20height%3D%22400%22%20viewBox%3D%220%200%20300%20400%22%3E%3C%2Fsvg%3E\" loading=\"eager\"><\/span><span class=\"fg-image-overlay\"><\/span><\/a><figcaption class=\"fg-caption\"><div class=\"fg-caption-inner\"><div class=\"fg-caption-title\">Auftritt mit Hans Bohdjalian.<\/div><\/div><\/figcaption><\/figure><div class=\"fg-loader\"><\/div><\/div><div class=\"fg-item fg-type-image fg-idle\"><figure class=\"fg-item-inner\"><a href=\"http:\/\/www.cronopio.de\/neusiedlerstrasse30\/wp-content\/uploads\/sites\/4\/2017\/07\/Scannen0009.jpg\" data-attachment-id=\"224\" data-type=\"image\" class=\"fg-thumb\"><span class=\"fg-image-wrap\"><img decoding=\"async\" width=\"300\" height=\"400\" class=\"skip-lazy fg-image\" data-src-fg=\"http:\/\/www.cronopio.de\/neusiedlerstrasse30\/wp-content\/uploads\/sites\/4\/cache\/2017\/07\/Scannen0009\/1791708016.jpg\" src=\"data:image\/svg+xml,%3Csvg%20xmlns%3D%22http%3A%2F%2Fwww.w3.org%2F2000%2Fsvg%22%20width%3D%22300%22%20height%3D%22400%22%20viewBox%3D%220%200%20300%20400%22%3E%3C%2Fsvg%3E\" loading=\"eager\"><\/span><span class=\"fg-image-overlay\"><\/span><\/a><\/figure><div class=\"fg-loader\"><\/div><\/div><div class=\"fg-item fg-type-image fg-idle\"><figure class=\"fg-item-inner\"><a href=\"http:\/\/www.cronopio.de\/neusiedlerstrasse30\/wp-content\/uploads\/sites\/4\/2017\/07\/Scannen0010.jpg\" data-attachment-id=\"225\" data-type=\"image\" class=\"fg-thumb\"><span class=\"fg-image-wrap\"><img decoding=\"async\" width=\"300\" height=\"400\" class=\"skip-lazy fg-image\" data-src-fg=\"http:\/\/www.cronopio.de\/neusiedlerstrasse30\/wp-content\/uploads\/sites\/4\/cache\/2017\/07\/Scannen0010\/3041946784.jpg\" src=\"data:image\/svg+xml,%3Csvg%20xmlns%3D%22http%3A%2F%2Fwww.w3.org%2F2000%2Fsvg%22%20width%3D%22300%22%20height%3D%22400%22%20viewBox%3D%220%200%20300%20400%22%3E%3C%2Fsvg%3E\" loading=\"eager\"><\/span><span class=\"fg-image-overlay\"><\/span><\/a><\/figure><div class=\"fg-loader\"><\/div><\/div>\t<\/div>\n\t<div class=\"fg-carousel-bottom\"><\/div>\n\t<div class=\"fg-carousel-progress\"><\/div>\n\t<button type=\"button\" class=\"fg-carousel-next\" title=\"Vor\"><\/button>\n<\/div>\n\n\n\n<p class=\"wp-block-paragraph\">Paula legt im Jahr 1930 die Artistenpr\u00fcfung f\u00fcr Schauspiel und Vortrag mit gro\u00dfem Erfolg ab, aber wiederum werden gr\u00f6\u00dfere Engagements aus famili\u00e4ren Gr\u00fcnden nicht angenommen.<\/p>\n\n\n\n<p class=\"wp-block-paragraph\">Ab dieser Zeit etwa beginnt eine schauspielerische und schriftstellerische Zusammenarbeit mit Hermann Krause, Professor am M\u00f6dlinger Gymnasium, und Hans Bohdjalian mit bunten Abenden in M\u00f6dling und im Cafe Landtman in Wien. Bald nach dem \u201eAnschluss\u201c 1938 begeht Prof. Krause, ein \u201eJudenmischling\u201c und im Untergrund gegen die NSDAP t\u00e4tig, Selbstmord \u2013 f\u00fcr die v\u00f6llig ahnungslose Paula ein schwerer Schlag.<\/p>\n\n\n\n<p class=\"wp-block-paragraph\">Paulas Mitgliedschaft in der Gewerkschaft Sektion B\u00fchne bringt kleine Filmrollen.<\/p>\n\n\n\n<p class=\"wp-block-paragraph\">1938 beginnt f\u00fcr Paula die sch\u00f6nste Zeit ihres bisherigen Lebens \u2013 die fr\u00fcheste Kindheit ausgenommen. Zitat: \u201eMan tadle mich nicht, dass ich f\u00fcr\u2018s erste begeistert war und im Taumel des suggestiven Gedankenguts nicht gleich an sp\u00e4ter dachte.\u201c Ihr Mann findet Arbeit, das Schwarzbad kommt wieder in Schwung und im April legt sie die B\u00fchnenringpr\u00fcfung erfolgreich ab. Im Rahmen der Organisation \u201eKraft durch Freude\u201c ergibt sich f\u00fcr Paula die M\u00f6glichkeit, als Vortragsk\u00fcnstlerin in den gro\u00dfen S\u00e4len Wiens, wie den Sophiens\u00e4len, der Engelmann Arena und dem Gro\u00dfen Saal des Wiener Konzerthauses aufzutreten.<\/p>\n\n\n<style type=\"text\/css\">\n#foogallery-gallery-373 .fg-image { width: 300px; }<\/style>\n\t\t\t<div class=\"foogallery foogallery-container foogallery-carousel foogallery-lightbox-foobox fg-carousel-hide-pagination fg-carousel-hide-progress-bar fg-carousel fg-ready fg-light fg-border-thin fg-round-medium fg-shadow-outline fg-loading-default fg-loaded-fade-in fg-caption-always fg-hover-fade fg-hover-zoom fg-light-overlays fg-c-c\" id=\"foogallery-gallery-373\" data-foogallery=\"{&quot;item&quot;:{&quot;showCaptionTitle&quot;:true,&quot;showCaptionDescription&quot;:true},&quot;lazy&quot;:true,&quot;template&quot;:{&quot;maxItems&quot;:5,&quot;scale&quot;:0.12,&quot;gutter&quot;:{&quot;min&quot;:-40,&quot;max&quot;:-20,&quot;unit&quot;:&quot;%&quot;},&quot;autoplay&quot;:{&quot;time&quot;:0,&quot;interaction&quot;:&quot;pause&quot;},&quot;centerOnClick&quot;:true,&quot;align&quot;:&quot;center&quot;,&quot;activePosition&quot;:&quot;center&quot;}}\" style=\"--fg-title-line-clamp: 0; --fg-description-line-clamp: 0;\" >\n\t<button type=\"button\" class=\"fg-carousel-prev\" title=\"Previous\"><\/button>\n\t<div class=\"fg-carousel-inner\">\n\t\t<div class=\"fg-carousel-center\"><\/div>\n\t\t<div class=\"fg-item fg-type-image fg-idle\"><figure class=\"fg-item-inner\"><a href=\"http:\/\/www.cronopio.de\/neusiedlerstrasse30\/wp-content\/uploads\/sites\/4\/2017\/07\/Abb.17.jpg\" data-caption-title=\"&quot;Br\u00fcderlein fein&quot;\" data-attachment-id=\"115\" data-type=\"image\" class=\"fg-thumb\"><span class=\"fg-image-wrap\"><img decoding=\"async\" title=\"&quot;Br\u00fcderlein fein&quot;\" width=\"300\" height=\"400\" class=\"skip-lazy fg-image\" data-src-fg=\"http:\/\/www.cronopio.de\/neusiedlerstrasse30\/wp-content\/uploads\/sites\/4\/cache\/2017\/07\/Abb_17\/3491423306.jpg\" src=\"data:image\/svg+xml,%3Csvg%20xmlns%3D%22http%3A%2F%2Fwww.w3.org%2F2000%2Fsvg%22%20width%3D%22300%22%20height%3D%22400%22%20viewBox%3D%220%200%20300%20400%22%3E%3C%2Fsvg%3E\" loading=\"eager\"><\/span><span class=\"fg-image-overlay\"><\/span><\/a><figcaption class=\"fg-caption\"><div class=\"fg-caption-inner\"><div class=\"fg-caption-title\">\"Br\u00fcderlein fein\"<\/div><\/div><\/figcaption><\/figure><div class=\"fg-loader\"><\/div><\/div><div class=\"fg-item fg-type-image fg-idle\"><figure class=\"fg-item-inner\"><a href=\"http:\/\/www.cronopio.de\/neusiedlerstrasse30\/wp-content\/uploads\/sites\/4\/2017\/07\/Heimkehr.jpg\" data-caption-title=\"April 1941 Film \u201eHeimkehr\u201c\" data-attachment-id=\"212\" data-type=\"image\" class=\"fg-thumb\"><span class=\"fg-image-wrap\"><img decoding=\"async\" title=\"April 1941 Film \u201eHeimkehr\u201c\" width=\"300\" height=\"400\" class=\"skip-lazy fg-image\" data-src-fg=\"http:\/\/www.cronopio.de\/neusiedlerstrasse30\/wp-content\/uploads\/sites\/4\/cache\/2017\/07\/Heimkehr\/3911374171.jpg\" src=\"data:image\/svg+xml,%3Csvg%20xmlns%3D%22http%3A%2F%2Fwww.w3.org%2F2000%2Fsvg%22%20width%3D%22300%22%20height%3D%22400%22%20viewBox%3D%220%200%20300%20400%22%3E%3C%2Fsvg%3E\" loading=\"eager\"><\/span><span class=\"fg-image-overlay\"><\/span><\/a><figcaption class=\"fg-caption\"><div class=\"fg-caption-inner\"><div class=\"fg-caption-title\">April 1941 Film \u201eHeimkehr\u201c<\/div><\/div><\/figcaption><\/figure><div class=\"fg-loader\"><\/div><\/div><div class=\"fg-item fg-type-image fg-idle\"><figure class=\"fg-item-inner\"><a href=\"http:\/\/www.cronopio.de\/neusiedlerstrasse30\/wp-content\/uploads\/sites\/4\/2017\/07\/April-1941-Film-Heimkehr.jpg\" data-caption-title=\"April 1941 Film &quot;Heimkehr&quot;\" data-attachment-id=\"204\" data-type=\"image\" class=\"fg-thumb\"><span class=\"fg-image-wrap\"><img decoding=\"async\" title=\"April 1941 Film &quot;Heimkehr&quot;\" width=\"300\" height=\"400\" class=\"skip-lazy fg-image\" data-src-fg=\"http:\/\/www.cronopio.de\/neusiedlerstrasse30\/wp-content\/uploads\/sites\/4\/cache\/2017\/07\/April-1941-Film-Heimkehr\/3825767612.jpg\" src=\"data:image\/svg+xml,%3Csvg%20xmlns%3D%22http%3A%2F%2Fwww.w3.org%2F2000%2Fsvg%22%20width%3D%22300%22%20height%3D%22400%22%20viewBox%3D%220%200%20300%20400%22%3E%3C%2Fsvg%3E\" loading=\"eager\"><\/span><span class=\"fg-image-overlay\"><\/span><\/a><figcaption class=\"fg-caption\"><div class=\"fg-caption-inner\"><div class=\"fg-caption-title\">April 1941 Film \"Heimkehr\"<\/div><\/div><\/figcaption><\/figure><div class=\"fg-loader\"><\/div><\/div><div class=\"fg-item fg-type-image fg-idle\"><figure class=\"fg-item-inner\"><a href=\"http:\/\/www.cronopio.de\/neusiedlerstrasse30\/wp-content\/uploads\/sites\/4\/2017\/07\/Konzerthausin-der-Garderobe.jpg\" data-caption-title=\"Konzerthaus, in der Garderobe.\" data-attachment-id=\"210\" data-type=\"image\" class=\"fg-thumb\"><span class=\"fg-image-wrap\"><img decoding=\"async\" title=\"Konzerthaus, in der Garderobe.\" width=\"300\" height=\"400\" class=\"skip-lazy fg-image\" data-src-fg=\"http:\/\/www.cronopio.de\/neusiedlerstrasse30\/wp-content\/uploads\/sites\/4\/cache\/2017\/07\/Konzerthausin-der-Garderobe\/843746070.jpg\" src=\"data:image\/svg+xml,%3Csvg%20xmlns%3D%22http%3A%2F%2Fwww.w3.org%2F2000%2Fsvg%22%20width%3D%22300%22%20height%3D%22400%22%20viewBox%3D%220%200%20300%20400%22%3E%3C%2Fsvg%3E\" loading=\"eager\"><\/span><span class=\"fg-image-overlay\"><\/span><\/a><figcaption class=\"fg-caption\"><div class=\"fg-caption-inner\"><div class=\"fg-caption-title\">Konzerthaus, in der Garderobe.<\/div><\/div><\/figcaption><\/figure><div class=\"fg-loader\"><\/div><\/div><div class=\"fg-item fg-type-image fg-idle\"><figure class=\"fg-item-inner\"><a href=\"http:\/\/www.cronopio.de\/neusiedlerstrasse30\/wp-content\/uploads\/sites\/4\/2017\/07\/Abb.16.jpg\" data-caption-title=\"1942: Der gro\u00dfe Saal des Wiener Konzerthauses.\" data-attachment-id=\"114\" data-type=\"image\" class=\"fg-thumb\"><span class=\"fg-image-wrap\"><img decoding=\"async\" title=\"1942: Der gro\u00dfe Saal des Wiener Konzerthauses.\" width=\"300\" height=\"400\" class=\"skip-lazy fg-image\" data-src-fg=\"http:\/\/www.cronopio.de\/neusiedlerstrasse30\/wp-content\/uploads\/sites\/4\/cache\/2017\/07\/Abb_16\/2890892250.jpg\" src=\"data:image\/svg+xml,%3Csvg%20xmlns%3D%22http%3A%2F%2Fwww.w3.org%2F2000%2Fsvg%22%20width%3D%22300%22%20height%3D%22400%22%20viewBox%3D%220%200%20300%20400%22%3E%3C%2Fsvg%3E\" loading=\"eager\"><\/span><span class=\"fg-image-overlay\"><\/span><\/a><figcaption class=\"fg-caption\"><div class=\"fg-caption-inner\"><div class=\"fg-caption-title\">1942: Der gro\u00dfe Saal des Wiener Konzerthauses.<\/div><\/div><\/figcaption><\/figure><div class=\"fg-loader\"><\/div><\/div><div class=\"fg-item fg-type-image fg-idle\"><figure class=\"fg-item-inner\"><a href=\"http:\/\/www.cronopio.de\/neusiedlerstrasse30\/wp-content\/uploads\/sites\/4\/2017\/07\/Abb.15.jpg\" data-caption-title=\"Filmstudio Rosenh\u00fcgel: \u201eJa, ja, der Wein is guat\u201c\" data-attachment-id=\"102\" data-type=\"image\" class=\"fg-thumb\"><span class=\"fg-image-wrap\"><img decoding=\"async\" title=\"Filmstudio Rosenh\u00fcgel: \u201eJa, ja, der Wein is guat\u201c\" width=\"300\" height=\"400\" class=\"skip-lazy fg-image\" data-src-fg=\"http:\/\/www.cronopio.de\/neusiedlerstrasse30\/wp-content\/uploads\/sites\/4\/cache\/2017\/07\/Abb_15\/2450604900.jpg\" src=\"data:image\/svg+xml,%3Csvg%20xmlns%3D%22http%3A%2F%2Fwww.w3.org%2F2000%2Fsvg%22%20width%3D%22300%22%20height%3D%22400%22%20viewBox%3D%220%200%20300%20400%22%3E%3C%2Fsvg%3E\" loading=\"eager\"><\/span><span class=\"fg-image-overlay\"><\/span><\/a><figcaption class=\"fg-caption\"><div class=\"fg-caption-inner\"><div class=\"fg-caption-title\">Filmstudio Rosenh\u00fcgel: \u201eJa, ja, der Wein is guat\u201c<\/div><\/div><\/figcaption><\/figure><div class=\"fg-loader\"><\/div><\/div>\t<\/div>\n\t<div class=\"fg-carousel-bottom\"><\/div>\n\t<div class=\"fg-carousel-progress\"><\/div>\n\t<button type=\"button\" class=\"fg-carousel-next\" title=\"Vor\"><\/button>\n<\/div>\n\n\n<div class=\"wp-block-image is-style-default ticss-e319b3a5\">\n<figure class=\"alignleft\"><a href=\"http:\/\/www.cronopio.de\/neusiedlerstrasse30\/paula-schwamberger-mildner\/erikafranzpaula-heimaturlaub\/\" rel=\"attachment wp-att-207\"><img loading=\"lazy\" decoding=\"async\" width=\"206\" height=\"300\" src=\"http:\/\/www.cronopio.de\/neusiedlerstrasse30\/wp-content\/uploads\/sites\/4\/2017\/07\/ErikaFranzPaula-Heimaturlaub-206x300.jpg\" alt=\"\" class=\"wp-image-207\" srcset=\"http:\/\/www.cronopio.de\/neusiedlerstrasse30\/wp-content\/uploads\/sites\/4\/2017\/07\/ErikaFranzPaula-Heimaturlaub-206x300.jpg 206w, http:\/\/www.cronopio.de\/neusiedlerstrasse30\/wp-content\/uploads\/sites\/4\/2017\/07\/ErikaFranzPaula-Heimaturlaub-137x200.jpg 137w, http:\/\/www.cronopio.de\/neusiedlerstrasse30\/wp-content\/uploads\/sites\/4\/2017\/07\/ErikaFranzPaula-Heimaturlaub.jpg 514w\" sizes=\"auto, (max-width: 206px) 100vw, 206px\" \/><\/a><figcaption>Franz Schwamberger auf Heimaturlaub mit Paula und Erika.<\/figcaption><\/figure>\n<\/div>\n\n\n<p class=\"wp-block-paragraph\">Im M\u00e4rz 1940 r\u00fcckt Franz Schwamberger zur Kavallerie ein: Wien, Berlin, Polen; vermisst seit J\u00e4nner 1945.<\/p>\n\n\n\n<p class=\"wp-block-paragraph\">Ebenfalls im M\u00e4rz 1940 tritt Paula der Reichsfilmkammer bei, 1942 Rundfunkaufnahmepr\u00fcfung bei der Reichsrundfunkgesellschaft. In der Folge tritt sie als Verfasserin von H\u00f6rspielen und Sprecherin in ebendiesen auf. Ein Angebot aus Laibach als Rundfunksprecherin lehnt sie wieder aus Familiengr\u00fcnden ab. Der Einsatz als Vortragsk\u00fcnstlerin zur Wehrmachtsbetreuung in Lazaretten in und um Wien bringt wertvolle finanzielle Hilfe f\u00fcr die Familie.<\/p>\n\n\n\n<p class=\"wp-block-paragraph\">Im Rahmen des \u201etotalen Krieges\u201c kommt Paula zum Arbeitseinsatz in die Maschinenschlosserei P\u00f6chhacker, wo sie trotz Nerven- und Muskelentz\u00fcndungen bis Februar 1945 durchh\u00e4lt. Jedoch werden k\u00f6rperliche und psychische Probleme ihr weiteres Leben bestimmen.<\/p>\n\n\n\n<p class=\"wp-block-paragraph\">Die finanzielle Lage zu Weihnachten 1946 macht Geschenke unm\u00f6glich. Auf die Bitte ihrer Tochter Erika schreibt Paula ihr erstes M\u00e4rchen auf: Der Berggeist (sp\u00e4ter als H\u00f6rspielbearbeitung im Rundfunk gesendet). Es folgen: \u201eDas trotzige Engelein\u201c und \u201eSchnuppern\u00e4schens Abenteuer\u201c<\/p>\n\n\n\n<p class=\"wp-block-paragraph\">Paula Schwamberger-Mildner schreibt insgesamt:<\/p>\n\n\n\n<ul class=\"wp-block-list\"><li>52 M\u00e4rchen und Kinderh\u00f6rspiele<\/li><li>Gedichte<\/li><li>Erz\u00e4hlungen f\u00fcr Erwachsene<\/li><li>1955\u20131968 Geschichten f\u00fcr die ORF Sendung \u201eDas Traumm\u00e4nnlein kommt\u201c<\/li><\/ul>\n\n\n\n<p class=\"wp-block-paragraph\">Paula Schwamberger-Mildner arbeitet f\u00fcr folgende Rundfunkstationen:<\/p>\n\n\n\n<ul class=\"wp-block-list\"><li>ORF<\/li><li>Schweiz-Berom\u00fcnster<\/li><li>RIAS Berlin<\/li><li>Radio Tirol<\/li><\/ul>\n\n\n\n<p class=\"wp-block-paragraph\">In Druck erschienen sind folgende Werke:<\/p>\n\n\n\n<ul class=\"wp-block-list\"><li>K\u00f6nig Bumm \u2013 Kinderbuch<\/li><li>Zwerg Huckepucks Abenteuer und Schelmereien \u2013 Kinderbuch<\/li><li>Die goldene Schaukel und andere Geschichten und M\u00e4rchen \u2013 Kinderbuch<\/li><li>Licht und Schatten \u2013 Gedichtband<\/li><li>Zwei Dutzend kunterbunte Kleinigkeiten \u2013 Erz\u00e4hlungen<\/li><li>Geschichten und Erz\u00e4hlungen in diversen Zeitschriften, u.a. in der \u201eWunderwelt\u201c<\/li><li>3 Lieder<\/li><\/ul>\n\n\n\n<figure class=\"wp-block-gallery has-nested-images columns-3 is-cropped wp-block-gallery-1 is-layout-flex wp-block-gallery-is-layout-flex\">\n<figure class=\"wp-block-image size-large\"><img loading=\"lazy\" decoding=\"async\" width=\"1400\" height=\"1907\" data-id=\"119\" src=\"http:\/\/www.cronopio.de\/neusiedlerstrasse30\/wp-content\/uploads\/sites\/4\/2017\/07\/Abb.20.jpg\" alt=\"\" class=\"wp-image-119\" srcset=\"http:\/\/www.cronopio.de\/neusiedlerstrasse30\/wp-content\/uploads\/sites\/4\/2017\/07\/Abb.20.jpg 1400w, http:\/\/www.cronopio.de\/neusiedlerstrasse30\/wp-content\/uploads\/sites\/4\/2017\/07\/Abb.20-220x300.jpg 220w, http:\/\/www.cronopio.de\/neusiedlerstrasse30\/wp-content\/uploads\/sites\/4\/2017\/07\/Abb.20-768x1046.jpg 768w, http:\/\/www.cronopio.de\/neusiedlerstrasse30\/wp-content\/uploads\/sites\/4\/2017\/07\/Abb.20-752x1024.jpg 752w, http:\/\/www.cronopio.de\/neusiedlerstrasse30\/wp-content\/uploads\/sites\/4\/2017\/07\/Abb.20-147x200.jpg 147w\" sizes=\"auto, (max-width: 1400px) 100vw, 1400px\" \/><\/figure>\n\n\n\n<figure class=\"wp-block-image size-large\"><img loading=\"lazy\" decoding=\"async\" width=\"1359\" height=\"1864\" data-id=\"118\" src=\"http:\/\/www.cronopio.de\/neusiedlerstrasse30\/wp-content\/uploads\/sites\/4\/2017\/07\/Abb.19.jpg\" alt=\"\" class=\"wp-image-118\" srcset=\"http:\/\/www.cronopio.de\/neusiedlerstrasse30\/wp-content\/uploads\/sites\/4\/2017\/07\/Abb.19.jpg 1359w, http:\/\/www.cronopio.de\/neusiedlerstrasse30\/wp-content\/uploads\/sites\/4\/2017\/07\/Abb.19-219x300.jpg 219w, http:\/\/www.cronopio.de\/neusiedlerstrasse30\/wp-content\/uploads\/sites\/4\/2017\/07\/Abb.19-768x1053.jpg 768w, http:\/\/www.cronopio.de\/neusiedlerstrasse30\/wp-content\/uploads\/sites\/4\/2017\/07\/Abb.19-747x1024.jpg 747w, http:\/\/www.cronopio.de\/neusiedlerstrasse30\/wp-content\/uploads\/sites\/4\/2017\/07\/Abb.19-146x200.jpg 146w\" sizes=\"auto, (max-width: 1359px) 100vw, 1359px\" \/><\/figure>\n\n\n\n<figure class=\"wp-block-image size-large\"><img loading=\"lazy\" decoding=\"async\" width=\"1386\" height=\"1912\" data-id=\"117\" src=\"http:\/\/www.cronopio.de\/neusiedlerstrasse30\/wp-content\/uploads\/sites\/4\/2017\/07\/Abb.18.jpg\" alt=\"\" class=\"wp-image-117\" srcset=\"http:\/\/www.cronopio.de\/neusiedlerstrasse30\/wp-content\/uploads\/sites\/4\/2017\/07\/Abb.18.jpg 1386w, http:\/\/www.cronopio.de\/neusiedlerstrasse30\/wp-content\/uploads\/sites\/4\/2017\/07\/Abb.18-217x300.jpg 217w, http:\/\/www.cronopio.de\/neusiedlerstrasse30\/wp-content\/uploads\/sites\/4\/2017\/07\/Abb.18-768x1059.jpg 768w, http:\/\/www.cronopio.de\/neusiedlerstrasse30\/wp-content\/uploads\/sites\/4\/2017\/07\/Abb.18-742x1024.jpg 742w, http:\/\/www.cronopio.de\/neusiedlerstrasse30\/wp-content\/uploads\/sites\/4\/2017\/07\/Abb.18-145x200.jpg 145w\" sizes=\"auto, (max-width: 1386px) 100vw, 1386px\" \/><\/figure>\n<\/figure>\n\n\n\n<p class=\"wp-block-paragraph\">Paula bereichert zahlreiche Male zwischen 1973 und 1981 literarisch-musikalische Abende in der Kulturgemeinschaft \u201eDer Kreis\u201c, VHS Wien 9., Lazarettgasse 27, durch ihre Vortragskunst.<\/p>\n\n\n\n<p class=\"wp-block-paragraph\">F\u00fcr die S\u00e4ngerknaben vom Wienerwald schreibt sie einen Liedtext: \u201eWo dichte W\u00e4lder verlockend rauschen\u201c und ein Singspiel: \u201eDie Nixe vom Laudachsee\u201c. Vortragsabende in der Literarischen Gesellschaft M\u00f6dlings finden 1977, 1982 und 1983 statt. 1986 wird die Kinderoper \u201eK\u00f6nig Pumm\u201c f\u00fcnf Mal in der Alten Feuerwehr aufgef\u00fchrt.<\/p>\n\n\n\n<p class=\"wp-block-paragraph\">Anl\u00e4sslich Paulas 85. Geburtstag findet im Festsaal des Museums M\u00f6dling eine Festveranstaltung statt sowie am 12.12.1992. Ebendort zum 90. Geburtstag eine Ausstellung im Foyer und die \u00dcberreichung der Ehrennadel der Stadt M\u00f6dling in Gold.<\/p>\n\n\n<style type=\"text\/css\">\n#foogallery-gallery-375 .fg-image { width: 300px; }<\/style>\n\t\t\t<div class=\"foogallery foogallery-container foogallery-carousel foogallery-lightbox-foobox fg-carousel-hide-pagination fg-carousel-hide-progress-bar fg-carousel fg-ready fg-light fg-border-thin fg-round-medium fg-shadow-outline fg-loading-default fg-loaded-fade-in fg-caption-always fg-hover-fade fg-hover-zoom fg-light-overlays fg-c-c\" id=\"foogallery-gallery-375\" data-foogallery=\"{&quot;item&quot;:{&quot;showCaptionTitle&quot;:true,&quot;showCaptionDescription&quot;:true},&quot;lazy&quot;:true,&quot;template&quot;:{&quot;maxItems&quot;:5,&quot;scale&quot;:0.12,&quot;gutter&quot;:{&quot;min&quot;:-40,&quot;max&quot;:-20,&quot;unit&quot;:&quot;%&quot;},&quot;autoplay&quot;:{&quot;time&quot;:0,&quot;interaction&quot;:&quot;pause&quot;},&quot;centerOnClick&quot;:true,&quot;align&quot;:&quot;center&quot;,&quot;activePosition&quot;:&quot;center&quot;}}\" style=\"--fg-title-line-clamp: 0; --fg-description-line-clamp: 0;\" >\n\t<button type=\"button\" class=\"fg-carousel-prev\" title=\"Previous\"><\/button>\n\t<div class=\"fg-carousel-inner\">\n\t\t<div class=\"fg-carousel-center\"><\/div>\n\t\t<div class=\"fg-item fg-type-image fg-idle\"><figure class=\"fg-item-inner\"><a href=\"http:\/\/www.cronopio.de\/neusiedlerstrasse30\/wp-content\/uploads\/sites\/4\/2017\/07\/Abb.21.jpg\" data-attachment-id=\"125\" data-type=\"image\" class=\"fg-thumb\"><span class=\"fg-image-wrap\"><img decoding=\"async\" width=\"300\" height=\"400\" class=\"skip-lazy fg-image\" data-src-fg=\"http:\/\/www.cronopio.de\/neusiedlerstrasse30\/wp-content\/uploads\/sites\/4\/cache\/2017\/07\/Abb_21\/2923203798.jpg\" src=\"data:image\/svg+xml,%3Csvg%20xmlns%3D%22http%3A%2F%2Fwww.w3.org%2F2000%2Fsvg%22%20width%3D%22300%22%20height%3D%22400%22%20viewBox%3D%220%200%20300%20400%22%3E%3C%2Fsvg%3E\" loading=\"eager\"><\/span><span class=\"fg-image-overlay\"><\/span><\/a><\/figure><div class=\"fg-loader\"><\/div><\/div><div class=\"fg-item fg-type-image fg-idle\"><figure class=\"fg-item-inner\"><a href=\"http:\/\/www.cronopio.de\/neusiedlerstrasse30\/wp-content\/uploads\/sites\/4\/2017\/07\/Abb.22.jpg\" data-caption-title=\"90. Geburtstag.\" data-attachment-id=\"127\" data-type=\"image\" class=\"fg-thumb\"><span class=\"fg-image-wrap\"><img decoding=\"async\" title=\"90. Geburtstag.\" width=\"300\" height=\"400\" class=\"skip-lazy fg-image\" data-src-fg=\"http:\/\/www.cronopio.de\/neusiedlerstrasse30\/wp-content\/uploads\/sites\/4\/cache\/2017\/07\/Abb_22\/971690852.jpg\" src=\"data:image\/svg+xml,%3Csvg%20xmlns%3D%22http%3A%2F%2Fwww.w3.org%2F2000%2Fsvg%22%20width%3D%22300%22%20height%3D%22400%22%20viewBox%3D%220%200%20300%20400%22%3E%3C%2Fsvg%3E\" loading=\"eager\"><\/span><span class=\"fg-image-overlay\"><\/span><\/a><figcaption class=\"fg-caption\"><div class=\"fg-caption-inner\"><div class=\"fg-caption-title\">90. Geburtstag.<\/div><\/div><\/figcaption><\/figure><div class=\"fg-loader\"><\/div><\/div><div class=\"fg-item fg-type-image fg-idle\"><figure class=\"fg-item-inner\"><a href=\"http:\/\/www.cronopio.de\/neusiedlerstrasse30\/wp-content\/uploads\/sites\/4\/2017\/07\/in-ihrem-geliebte-Garten.jpg\" data-caption-title=\"Paula in ihrem geliebten Garten.\" data-attachment-id=\"208\" data-type=\"image\" class=\"fg-thumb\"><span class=\"fg-image-wrap\"><img decoding=\"async\" title=\"Paula in ihrem geliebten Garten.\" width=\"300\" height=\"400\" class=\"skip-lazy fg-image\" data-src-fg=\"http:\/\/www.cronopio.de\/neusiedlerstrasse30\/wp-content\/uploads\/sites\/4\/cache\/2017\/07\/in-ihrem-geliebte-Garten\/2266294538.jpg\" src=\"data:image\/svg+xml,%3Csvg%20xmlns%3D%22http%3A%2F%2Fwww.w3.org%2F2000%2Fsvg%22%20width%3D%22300%22%20height%3D%22400%22%20viewBox%3D%220%200%20300%20400%22%3E%3C%2Fsvg%3E\" loading=\"eager\"><\/span><span class=\"fg-image-overlay\"><\/span><\/a><figcaption class=\"fg-caption\"><div class=\"fg-caption-inner\"><div class=\"fg-caption-title\">Paula in ihrem geliebten Garten.<\/div><\/div><\/figcaption><\/figure><div class=\"fg-loader\"><\/div><\/div>\t<\/div>\n\t<div class=\"fg-carousel-bottom\"><\/div>\n\t<div class=\"fg-carousel-progress\"><\/div>\n\t<button type=\"button\" class=\"fg-carousel-next\" title=\"Vor\"><\/button>\n<\/div>\n\n\n\n<p class=\"wp-block-paragraph\">\u2020 20.11.1993<\/p>\n","protected":false},"excerpt":{"rendered":"<p>Das Leben der im Folgenden zu beschreibenden Pers\u00f6nlichkeit ist untrennbar mit der Geschichte des Schwarzbades verbunden. Paula kommt am 10. Dezember 1902 in M\u00f6dling zur Welt, als Tochter des Josef Mildner, Sohn eines Gro\u00dfbauern in Schlesien, sp\u00e4ter Architekt und Stadtbaumeister in Wien (z. B. Wiener Kinderspital) und der Maria Mildner, &hellip;<\/p>\n","protected":false},"author":2,"featured_media":0,"parent":0,"menu_order":0,"comment_status":"closed","ping_status":"closed","template":"","meta":{"_crdt_document":"","_themeisle_gutenberg_block_has_review":false,"h5ap_radio_sources":[],"footnotes":""},"class_list":["post-32","page","type-page","status-publish","hentry"],"_links":{"self":[{"href":"http:\/\/www.cronopio.de\/neusiedlerstrasse30\/wp-json\/wp\/v2\/pages\/32","targetHints":{"allow":["GET"]}}],"collection":[{"href":"http:\/\/www.cronopio.de\/neusiedlerstrasse30\/wp-json\/wp\/v2\/pages"}],"about":[{"href":"http:\/\/www.cronopio.de\/neusiedlerstrasse30\/wp-json\/wp\/v2\/types\/page"}],"author":[{"embeddable":true,"href":"http:\/\/www.cronopio.de\/neusiedlerstrasse30\/wp-json\/wp\/v2\/users\/2"}],"replies":[{"embeddable":true,"href":"http:\/\/www.cronopio.de\/neusiedlerstrasse30\/wp-json\/wp\/v2\/comments?post=32"}],"version-history":[{"count":47,"href":"http:\/\/www.cronopio.de\/neusiedlerstrasse30\/wp-json\/wp\/v2\/pages\/32\/revisions"}],"predecessor-version":[{"id":378,"href":"http:\/\/www.cronopio.de\/neusiedlerstrasse30\/wp-json\/wp\/v2\/pages\/32\/revisions\/378"}],"wp:attachment":[{"href":"http:\/\/www.cronopio.de\/neusiedlerstrasse30\/wp-json\/wp\/v2\/media?parent=32"}],"curies":[{"name":"wp","href":"https:\/\/api.w.org\/{rel}","templated":true}]}}