{"id":26,"date":"2017-07-30T00:12:15","date_gmt":"2017-07-29T22:12:15","guid":{"rendered":"http:\/\/www.cronopio.de\/neusiedlerstrasse50\/?page_id=26"},"modified":"2022-10-06T09:48:34","modified_gmt":"2022-10-06T07:48:34","slug":"das-moedlinger-schwarzbad","status":"publish","type":"page","link":"http:\/\/www.cronopio.de\/neusiedlerstrasse30\/das-moedlinger-schwarzbad\/","title":{"rendered":"Schwarzbad"},"content":{"rendered":"\n<p class=\"wp-block-paragraph\">Als sich im Jahr 1865 das Ehepaar Johann und Maria Schwarz aus Wels\/O\u00d6 in M\u00f6dling ansiedelt, bedecken Weing\u00e4rten die H\u00e4nge linksseitig der Rupprechtgasse. Auf dem angekauften Grundst\u00fcck, das von der Neusiedlerstra\u00dfe bis zur evangelischen Kirche reicht, wird das eingeschossige Stammhaus mit darunter liegenden Weinkellern errichtet.<\/p>\n\n\n\n<p class=\"wp-block-paragraph\">Dem Trend der 1870er Jahre zur Errichtung von Freib\u00e4dern folgend (Kaltwasserkuren nach Pfarrer Kneipp!), entschlie\u00dft sich Maria Schwarz, ungeachtet aller moralischer Bedenken dieser Zeit, zum Bau des Schwarzbades. Die finanzielle Unterst\u00fctzung des M\u00f6dlinger B\u00e4ckers Ratz wird dankend angenommen und ausschlie\u00dflich unter famili\u00e4rer Mithilfe entsteht das erste Bassin von 27\u00d712 m. Bald folgt ein zweites, das Damenbad rechts, getrennt durch Kassenraum und eine Kabinenreihe vom Herrenbad links. Diese Trennung wird polizeilich streng \u00fcberwacht.<\/p>\n\n\n<style type=\"text\/css\">\n#foogallery-gallery-358.fg-justified .fg-item { margin-right: 4px; margin-bottom: 4px; }\n#foogallery-gallery-358.fg-justified .fg-image { height: 200px; }<\/style>\n\t\t\t<div class=\"foogallery foogallery-container foogallery-justified foogallery-lightbox-foobox fg-justified fg-ready fg-light fg-round-medium fg-shadow-outline fg-loading-default fg-loaded-fade-in fg-caption-always fg-hover-fade fg-hover-zoom fg-light-overlays fg-c-c\" id=\"foogallery-gallery-358\" data-foogallery=\"{&quot;item&quot;:{&quot;showCaptionTitle&quot;:true,&quot;showCaptionDescription&quot;:false},&quot;lazy&quot;:true,&quot;template&quot;:{&quot;rowHeight&quot;:200,&quot;maxRowHeight&quot;:300,&quot;margins&quot;:4,&quot;align&quot;:&quot;center&quot;,&quot;lastRow&quot;:&quot;smart&quot;}}\" style=\"--fg-title-line-clamp: 0; --fg-description-line-clamp: 0;\" >\n\t<div class=\"fg-item fg-type-image fg-idle\"><figure class=\"fg-item-inner\"><a href=\"http:\/\/www.cronopio.de\/neusiedlerstrasse30\/wp-content\/uploads\/sites\/4\/2017\/07\/Eingang-Neusiedlerstra\u00dferechts-Maria-Mildner.jpg\" data-caption-title=\"Eingang Neusiedlerstra\u00dfe, rechts Maria Mildner.\" data-attachment-id=\"191\" data-type=\"image\" class=\"fg-thumb\"><span class=\"fg-image-wrap\"><img fetchpriority=\"high\" decoding=\"async\" title=\"Eingang Neusiedlerstra\u00dfe, rechts Maria Mildner.\" height=\"300\" width=\"448\" class=\"skip-lazy fg-image\" data-src-fg=\"http:\/\/www.cronopio.de\/neusiedlerstrasse30\/wp-content\/uploads\/sites\/4\/cache\/2017\/07\/Eingang-Neusiedlerstra\u00dferechts-Maria-Mildner\/3790028340.jpg\" src=\"data:image\/svg+xml,%3Csvg%20xmlns%3D%22http%3A%2F%2Fwww.w3.org%2F2000%2Fsvg%22%20width%3D%22448%22%20height%3D%22300%22%20viewBox%3D%220%200%20448%20300%22%3E%3C%2Fsvg%3E\" loading=\"eager\"><\/span><span class=\"fg-image-overlay\"><\/span><\/a><figcaption class=\"fg-caption\"><div class=\"fg-caption-inner\"><div class=\"fg-caption-title\">Eingang Neusiedlerstra\u00dfe, rechts Maria Mildner.<\/div><\/div><\/figcaption><\/figure><div class=\"fg-loader\"><\/div><\/div><div class=\"fg-item fg-type-image fg-idle\"><figure class=\"fg-item-inner\"><a href=\"http:\/\/www.cronopio.de\/neusiedlerstrasse30\/wp-content\/uploads\/sites\/4\/2017\/07\/Abb.3.jpg\" data-caption-title=\"Schwarzbad im Jahr 1905.\" data-attachment-id=\"133\" data-type=\"image\" class=\"fg-thumb\"><span class=\"fg-image-wrap\"><img decoding=\"async\" title=\"Schwarzbad im Jahr 1905.\" height=\"300\" width=\"390\" class=\"skip-lazy fg-image\" data-src-fg=\"http:\/\/www.cronopio.de\/neusiedlerstrasse30\/wp-content\/uploads\/sites\/4\/cache\/2017\/07\/Abb_3\/279524147.jpg\" src=\"data:image\/svg+xml,%3Csvg%20xmlns%3D%22http%3A%2F%2Fwww.w3.org%2F2000%2Fsvg%22%20width%3D%22390%22%20height%3D%22300%22%20viewBox%3D%220%200%20390%20300%22%3E%3C%2Fsvg%3E\" loading=\"eager\"><\/span><span class=\"fg-image-overlay\"><\/span><\/a><figcaption class=\"fg-caption\"><div class=\"fg-caption-inner\"><div class=\"fg-caption-title\">Schwarzbad im Jahr 1905.<\/div><\/div><\/figcaption><\/figure><div class=\"fg-loader\"><\/div><\/div><div class=\"fg-item fg-type-image fg-idle\"><figure class=\"fg-item-inner\"><a href=\"http:\/\/www.cronopio.de\/neusiedlerstrasse30\/wp-content\/uploads\/sites\/4\/2017\/07\/Abb.2.jpg\" data-caption-title=\"Wannen- und Kaltwasser-Badeanstalt.\" data-attachment-id=\"131\" data-type=\"image\" class=\"fg-thumb\"><span class=\"fg-image-wrap\"><img decoding=\"async\" title=\"Wannen- und Kaltwasser-Badeanstalt.\" height=\"300\" width=\"557\" class=\"skip-lazy fg-image\" data-src-fg=\"http:\/\/www.cronopio.de\/neusiedlerstrasse30\/wp-content\/uploads\/sites\/4\/cache\/2017\/07\/Abb_2\/3650733780.jpg\" src=\"data:image\/svg+xml,%3Csvg%20xmlns%3D%22http%3A%2F%2Fwww.w3.org%2F2000%2Fsvg%22%20width%3D%22557%22%20height%3D%22300%22%20viewBox%3D%220%200%20557%20300%22%3E%3C%2Fsvg%3E\" loading=\"eager\"><\/span><span class=\"fg-image-overlay\"><\/span><\/a><figcaption class=\"fg-caption\"><div class=\"fg-caption-inner\"><div class=\"fg-caption-title\">Wannen- und Kaltwasser-Badeanstalt.<\/div><\/div><\/figcaption><\/figure><div class=\"fg-loader\"><\/div><\/div><div class=\"fg-item fg-type-image fg-idle\"><figure class=\"fg-item-inner\"><a href=\"http:\/\/www.cronopio.de\/neusiedlerstrasse30\/wp-content\/uploads\/sites\/4\/2017\/07\/Abb.4.jpg\" data-caption-title=\"Programm eines Schwimm- und Spring-Meetings 1893.\" data-attachment-id=\"134\" data-type=\"image\" class=\"fg-thumb\"><span class=\"fg-image-wrap\"><img decoding=\"async\" title=\"Programm eines Schwimm- und Spring-Meetings 1893.\" height=\"300\" width=\"219\" class=\"skip-lazy fg-image\" data-src-fg=\"http:\/\/www.cronopio.de\/neusiedlerstrasse30\/wp-content\/uploads\/sites\/4\/cache\/2017\/07\/Abb_4\/4223065149.jpg\" src=\"data:image\/svg+xml,%3Csvg%20xmlns%3D%22http%3A%2F%2Fwww.w3.org%2F2000%2Fsvg%22%20width%3D%22219%22%20height%3D%22300%22%20viewBox%3D%220%200%20219%20300%22%3E%3C%2Fsvg%3E\" loading=\"eager\"><\/span><span class=\"fg-image-overlay\"><\/span><\/a><figcaption class=\"fg-caption\"><div class=\"fg-caption-inner\"><div class=\"fg-caption-title\">Programm eines Schwimm- und Spring-Meetings 1893.<\/div><\/div><\/figcaption><\/figure><div class=\"fg-loader\"><\/div><\/div><div class=\"fg-item fg-type-image fg-idle\"><figure class=\"fg-item-inner\"><a href=\"http:\/\/www.cronopio.de\/neusiedlerstrasse30\/wp-content\/uploads\/sites\/4\/2017\/07\/Abb.5.jpg\" data-caption-title=\"Eislaufvergn\u00fcgen, 1909.\" data-attachment-id=\"139\" data-type=\"image\" class=\"fg-thumb\"><span class=\"fg-image-wrap\"><img decoding=\"async\" title=\"Eislaufvergn\u00fcgen, 1909.\" height=\"300\" width=\"459\" class=\"skip-lazy fg-image\" data-src-fg=\"http:\/\/www.cronopio.de\/neusiedlerstrasse30\/wp-content\/uploads\/sites\/4\/cache\/2017\/07\/Abb_5\/3308722729.jpg\" src=\"data:image\/svg+xml,%3Csvg%20xmlns%3D%22http%3A%2F%2Fwww.w3.org%2F2000%2Fsvg%22%20width%3D%22459%22%20height%3D%22300%22%20viewBox%3D%220%200%20459%20300%22%3E%3C%2Fsvg%3E\" loading=\"eager\"><\/span><span class=\"fg-image-overlay\"><\/span><\/a><figcaption class=\"fg-caption\"><div class=\"fg-caption-inner\"><div class=\"fg-caption-title\">Eislaufvergn\u00fcgen, 1909.<\/div><\/div><\/figcaption><\/figure><div class=\"fg-loader\"><\/div><\/div><\/div>\n\n\n\n\n<p class=\"wp-block-paragraph\">Der weitere Ausbau umfasst einen gro\u00dfen Umkleideraum, eine Holzbaracke zur Aufbewahrung einiger hundert Badekleider (da die feinen, privaten Schwimmanz\u00fcge Aristokratinnen und Offiziersgattinnen vorbehalten sind), Wannenb\u00e4der mit Warteraum, ein Kesselhaus, weitere ger\u00e4umige Badekabinen, eine Kaltwasserkuranstalt mit Badearzt und Masseur, Meersalz- und Kohlens\u00e4ureb\u00e4der sowie ein Dampfbad. Maria Schwarz besch\u00e4ftigt 12 Angestellte.<\/p>\n\n\n\n<p class=\"wp-block-paragraph\">Ohne \u00f6ffentliche Wasserleitung in der Neusiedlerstra\u00dfe ist die Wasserversorgung von Beginn an problematisch. Das Wasser wird mittels Schl\u00e4uchen von der evangelischen Kirche her geleitet \u2013 ein unhaltbarer Zustand. Um 1900 wird diesem Missstand durch eine Tiefenbohrung auf mehr als 20 m Tiefe auf dem Grundst\u00fcck Jubil\u00e4umsstra\u00dfe 7 (heute Dr. Ludwig Riegerstra\u00dfe) und Verlegung einer 80 m langen Leitung ein Ende gesetzt: Ein modernes \u201eWellness-Center\u201c ist entstanden mit Schwimmfesten und Wettschwimmen.<\/p>\n\n\n\n<p class=\"wp-block-paragraph\">Auch der Wintersport ist zu dieser Zeit im Kommen: 1909 errichtet Maria Schwarz durch Planierung eines Gartenteils oberhalb des Wannenbades einen Natureisplatz von 30 m im Quadrat und eine W\u00e4rmestube.<\/p>\n\n\n\n<p class=\"wp-block-paragraph\">Noch 1913 erfolgt der Einbau einer Dampfkesselanlage zur Beheizung der Bassins, nicht ohne abermals Geld aufzunehmen. Die Betriebskosten erweisen sich h\u00f6her als erwartet, die Winter sind mild, die Sommer verregnet und nach Beginn des 1. Weltkrieges steht der Bev\u00f6lkerung nicht der Sinn nach Badevergn\u00fcgen. Finanzielle Schwierigkeiten bleiben nicht aus und schon vor Beginn des 1. Weltkrieges werden die Wannenb\u00e4der, die Kaltwasserkuren und die Natureisbahn geschlossen.<\/p>\n\n\n<style type=\"text\/css\">\n#foogallery-gallery-360.fg-justified .fg-item { margin-right: 2px; margin-bottom: 2px; }\n#foogallery-gallery-360.fg-justified .fg-image { height: 200px; }<\/style>\n\t\t\t<div class=\"foogallery foogallery-container foogallery-justified foogallery-lightbox-foobox fg-justified fg-ready fg-light fg-round-medium fg-shadow-outline fg-loading-default fg-loaded-fade-in fg-caption-always fg-hover-fade fg-hover-zoom fg-light-overlays fg-c-c\" id=\"foogallery-gallery-360\" data-foogallery=\"{&quot;item&quot;:{&quot;showCaptionTitle&quot;:true,&quot;showCaptionDescription&quot;:false},&quot;lazy&quot;:true,&quot;template&quot;:{&quot;rowHeight&quot;:200,&quot;maxRowHeight&quot;:300,&quot;margins&quot;:2,&quot;align&quot;:&quot;center&quot;,&quot;lastRow&quot;:&quot;smart&quot;}}\" style=\"--fg-title-line-clamp: 0; --fg-description-line-clamp: 0;\" >\n\t<div class=\"fg-item fg-type-image fg-idle\"><figure class=\"fg-item-inner\"><a href=\"http:\/\/www.cronopio.de\/neusiedlerstrasse30\/wp-content\/uploads\/sites\/4\/2017\/07\/1910-ca-2.jpg\" data-caption-title=\"Schwarzbad, ca. 1910\" data-attachment-id=\"194\" data-type=\"image\" class=\"fg-thumb\"><span class=\"fg-image-wrap\"><img decoding=\"async\" title=\"Schwarzbad, ca. 1910\" height=\"300\" width=\"462\" class=\"skip-lazy fg-image\" data-src-fg=\"http:\/\/www.cronopio.de\/neusiedlerstrasse30\/wp-content\/uploads\/sites\/4\/cache\/2017\/07\/1910-ca-2\/592294791.jpg\" src=\"data:image\/svg+xml,%3Csvg%20xmlns%3D%22http%3A%2F%2Fwww.w3.org%2F2000%2Fsvg%22%20width%3D%22462%22%20height%3D%22300%22%20viewBox%3D%220%200%20462%20300%22%3E%3C%2Fsvg%3E\" loading=\"eager\"><\/span><span class=\"fg-image-overlay\"><\/span><\/a><figcaption class=\"fg-caption\"><div class=\"fg-caption-inner\"><div class=\"fg-caption-title\">Schwarzbad, ca. 1910<\/div><\/div><\/figcaption><\/figure><div class=\"fg-loader\"><\/div><\/div><div class=\"fg-item fg-type-image fg-idle\"><figure class=\"fg-item-inner\"><a href=\"http:\/\/www.cronopio.de\/neusiedlerstrasse30\/wp-content\/uploads\/sites\/4\/2017\/07\/1913-1-HerrenbassinWannenb\u00e4derMaschinenhaus.jpg\" data-caption-title=\"1913: Herrenbassin, Wannenb\u00e4der und Maschinenhaus.\" data-attachment-id=\"193\" data-type=\"image\" class=\"fg-thumb\"><span class=\"fg-image-wrap\"><img decoding=\"async\" title=\"1913: Herrenbassin, Wannenb\u00e4der und Maschinenhaus.\" height=\"300\" width=\"464\" class=\"skip-lazy fg-image\" data-src-fg=\"http:\/\/www.cronopio.de\/neusiedlerstrasse30\/wp-content\/uploads\/sites\/4\/cache\/2017\/07\/1913-1-HerrenbassinWannenb\u00e4derMaschinenhaus\/4155379253.jpg\" src=\"data:image\/svg+xml,%3Csvg%20xmlns%3D%22http%3A%2F%2Fwww.w3.org%2F2000%2Fsvg%22%20width%3D%22464%22%20height%3D%22300%22%20viewBox%3D%220%200%20464%20300%22%3E%3C%2Fsvg%3E\" loading=\"eager\"><\/span><span class=\"fg-image-overlay\"><\/span><\/a><figcaption class=\"fg-caption\"><div class=\"fg-caption-inner\"><div class=\"fg-caption-title\">1913: Herrenbassin, Wannenb\u00e4der und Maschinenhaus.<\/div><\/div><\/figcaption><\/figure><div class=\"fg-loader\"><\/div><\/div><div class=\"fg-item fg-type-image fg-idle\"><figure class=\"fg-item-inner\"><a href=\"http:\/\/www.cronopio.de\/neusiedlerstrasse30\/wp-content\/uploads\/sites\/4\/2017\/07\/1913-2.jpg\" data-caption-title=\"1913\" data-attachment-id=\"195\" data-type=\"image\" class=\"fg-thumb\"><span class=\"fg-image-wrap\"><img decoding=\"async\" title=\"1913\" height=\"300\" width=\"341\" class=\"skip-lazy fg-image\" data-src-fg=\"http:\/\/www.cronopio.de\/neusiedlerstrasse30\/wp-content\/uploads\/sites\/4\/cache\/2017\/07\/1913-2\/272430418.jpg\" src=\"data:image\/svg+xml,%3Csvg%20xmlns%3D%22http%3A%2F%2Fwww.w3.org%2F2000%2Fsvg%22%20width%3D%22341%22%20height%3D%22300%22%20viewBox%3D%220%200%20341%20300%22%3E%3C%2Fsvg%3E\" loading=\"eager\"><\/span><span class=\"fg-image-overlay\"><\/span><\/a><figcaption class=\"fg-caption\"><div class=\"fg-caption-inner\"><div class=\"fg-caption-title\">1913<\/div><\/div><\/figcaption><\/figure><div class=\"fg-loader\"><\/div><\/div><div class=\"fg-item fg-type-image fg-idle\"><figure class=\"fg-item-inner\"><a href=\"http:\/\/www.cronopio.de\/neusiedlerstrasse30\/wp-content\/uploads\/sites\/4\/2017\/07\/Scannen0023.jpg\" data-caption-title=\"Werbung f\u00fcr das Schwarz-Bad\" data-attachment-id=\"198\" data-type=\"image\" class=\"fg-thumb\"><span class=\"fg-image-wrap\"><img decoding=\"async\" title=\"Werbung f\u00fcr das Schwarz-Bad\" height=\"300\" width=\"213\" class=\"skip-lazy fg-image\" data-src-fg=\"http:\/\/www.cronopio.de\/neusiedlerstrasse30\/wp-content\/uploads\/sites\/4\/cache\/2017\/07\/Scannen0023\/1558635864.jpg\" src=\"data:image\/svg+xml,%3Csvg%20xmlns%3D%22http%3A%2F%2Fwww.w3.org%2F2000%2Fsvg%22%20width%3D%22213%22%20height%3D%22300%22%20viewBox%3D%220%200%20213%20300%22%3E%3C%2Fsvg%3E\" loading=\"eager\"><\/span><span class=\"fg-image-overlay\"><\/span><\/a><figcaption class=\"fg-caption\"><div class=\"fg-caption-inner\"><div class=\"fg-caption-title\">Werbung f\u00fcr das Schwarz-Bad<\/div><\/div><\/figcaption><\/figure><div class=\"fg-loader\"><\/div><\/div><div class=\"fg-item fg-type-image fg-idle\"><figure class=\"fg-item-inner\"><a href=\"http:\/\/www.cronopio.de\/neusiedlerstrasse30\/wp-content\/uploads\/sites\/4\/2017\/07\/BadeanstaltSchwarz5.August1917-2.jpg\" data-caption-title=\"Artikel \u00fcber das Schwarz-Bad vom 5. August 1917.\" data-attachment-id=\"197\" data-type=\"image\" class=\"fg-thumb\"><span class=\"fg-image-wrap\"><img decoding=\"async\" title=\"Artikel \u00fcber das Schwarz-Bad vom 5. August 1917.\" height=\"300\" width=\"315\" class=\"skip-lazy fg-image\" data-src-fg=\"http:\/\/www.cronopio.de\/neusiedlerstrasse30\/wp-content\/uploads\/sites\/4\/cache\/2017\/07\/BadeanstaltSchwarz5_August1917-2\/2948890845.jpg\" src=\"data:image\/svg+xml,%3Csvg%20xmlns%3D%22http%3A%2F%2Fwww.w3.org%2F2000%2Fsvg%22%20width%3D%22315%22%20height%3D%22300%22%20viewBox%3D%220%200%20315%20300%22%3E%3C%2Fsvg%3E\" loading=\"eager\"><\/span><span class=\"fg-image-overlay\"><\/span><\/a><figcaption class=\"fg-caption\"><div class=\"fg-caption-inner\"><div class=\"fg-caption-title\">Artikel \u00fcber das Schwarz-Bad vom 5. August 1917.<\/div><\/div><\/figcaption><\/figure><div class=\"fg-loader\"><\/div><\/div><\/div>\n\n\n\n\n<p class=\"wp-block-paragraph\">1913 stirbt Johann Schwarz, 1916 seine Frau Maria und 1919 der \u00e4lteste Sohn und Erbe Viktor Schwarz nach seiner Heimkehr aus dem Krieg: Nun liegt es an der Tochter, Maria Mildner, durch Verkauf diverser, von Josef Mildner erworbener Immobilien, das Schwarzbad w\u00e4hrend der Zeit der Inflation zu erhalten.<\/p>\n\n\n\n<p class=\"wp-block-paragraph\">Im Jahr 1927 wird die Familie mit dem Vorhaben der Stadt M\u00f6dling zum Bau eines \u00f6ffentlichen Hallen-, Dampf- und Wannenbades konfrontiert. Sie bietet der Stadt das gesamte Badeobjekt mit Garten und Wohnhaus zum Kauf an, wird aber abschl\u00e4gig beschieden. Paula Mildner erlebt selbst den Gemeinderatsbeschluss mit, nach welchem kein Freibad geplant ist. Doch dann, Zitat Paula Mildner: \u201eSchl\u00e4gt es wie eine Bombe bei uns ein, im Stadtbad wird ein Bassin ausgehoben!\u201c Der B\u00fcrgermeister bedauert, nicht zu seinem Wort stehen zu k\u00f6nnen, doch nach Expertenmeinung w\u00e4re das Stadtbad ohne Freibad eine passive Abgelegenheit\u2026<\/p>\n\n\n\n<p class=\"wp-block-paragraph\">Unter neuerlicher Aufnahme von Hypotheken beginnt ein Neu- und Umbau nach Pl\u00e4nen des mit der Familie verwandten B\u00fchnenarchitekten Ingo Biegler. Das Sommerbad wird bis zum Wohnhaus hinauf vergr\u00f6\u00dfert, ein gro\u00dfer Sandplatz mit 30 Waggonladungen Donausand aus Krems angelegt, Liegewiesen auf zwei Terrassen werden geschaffen und diverse Turnger\u00e4te aufgestellt.<\/p>\n\n\n<style type=\"text\/css\">\n#foogallery-gallery-364.fg-justified .fg-item { margin-right: 2px; margin-bottom: 2px; }\n#foogallery-gallery-364.fg-justified .fg-image { height: 200px; }<\/style>\n\t\t\t<div class=\"foogallery foogallery-container foogallery-justified foogallery-lightbox-foobox fg-justified fg-ready fg-light fg-round-medium fg-shadow-outline fg-loading-default fg-loaded-fade-in fg-caption-always fg-hover-fade fg-hover-zoom fg-light-overlays fg-c-c\" id=\"foogallery-gallery-364\" data-foogallery=\"{&quot;item&quot;:{&quot;showCaptionTitle&quot;:true,&quot;showCaptionDescription&quot;:false},&quot;lazy&quot;:true,&quot;template&quot;:{&quot;rowHeight&quot;:200,&quot;maxRowHeight&quot;:300,&quot;margins&quot;:2,&quot;align&quot;:&quot;center&quot;,&quot;lastRow&quot;:&quot;smart&quot;}}\" style=\"--fg-title-line-clamp: 0; --fg-description-line-clamp: 0;\" >\n\t<div class=\"fg-item fg-type-image fg-idle\"><figure class=\"fg-item-inner\"><a href=\"http:\/\/www.cronopio.de\/neusiedlerstrasse30\/wp-content\/uploads\/sites\/4\/2017\/07\/Abb.6.jpg\" data-caption-title=\"1930: Strandbad nach dem Umbau.\" data-attachment-id=\"141\" data-type=\"image\" class=\"fg-thumb\"><span class=\"fg-image-wrap\"><img decoding=\"async\" title=\"1930: Strandbad nach dem Umbau.\" height=\"300\" width=\"494\" class=\"skip-lazy fg-image\" data-src-fg=\"http:\/\/www.cronopio.de\/neusiedlerstrasse30\/wp-content\/uploads\/sites\/4\/cache\/2017\/07\/Abb_6\/902519215.jpg\" src=\"data:image\/svg+xml,%3Csvg%20xmlns%3D%22http%3A%2F%2Fwww.w3.org%2F2000%2Fsvg%22%20width%3D%22494%22%20height%3D%22300%22%20viewBox%3D%220%200%20494%20300%22%3E%3C%2Fsvg%3E\" loading=\"eager\"><\/span><span class=\"fg-image-overlay\"><\/span><\/a><figcaption class=\"fg-caption\"><div class=\"fg-caption-inner\"><div class=\"fg-caption-title\">1930: Strandbad nach dem Umbau.<\/div><\/div><\/figcaption><\/figure><div class=\"fg-loader\"><\/div><\/div><div class=\"fg-item fg-type-image fg-idle\"><figure class=\"fg-item-inner\"><a href=\"http:\/\/www.cronopio.de\/neusiedlerstrasse30\/wp-content\/uploads\/sites\/4\/2017\/07\/Abb.7.jpg\" data-caption-title=\"Spielger\u00e4te im Schwarzbad, 1930.\" data-attachment-id=\"142\" data-type=\"image\" class=\"fg-thumb\"><span class=\"fg-image-wrap\"><img decoding=\"async\" title=\"Spielger\u00e4te im Schwarzbad, 1930.\" height=\"300\" width=\"454\" class=\"skip-lazy fg-image\" data-src-fg=\"http:\/\/www.cronopio.de\/neusiedlerstrasse30\/wp-content\/uploads\/sites\/4\/cache\/2017\/07\/Abb_7\/328095188.jpg\" src=\"data:image\/svg+xml,%3Csvg%20xmlns%3D%22http%3A%2F%2Fwww.w3.org%2F2000%2Fsvg%22%20width%3D%22454%22%20height%3D%22300%22%20viewBox%3D%220%200%20454%20300%22%3E%3C%2Fsvg%3E\" loading=\"eager\"><\/span><span class=\"fg-image-overlay\"><\/span><\/a><figcaption class=\"fg-caption\"><div class=\"fg-caption-inner\"><div class=\"fg-caption-title\">Spielger\u00e4te im Schwarzbad, 1930.<\/div><\/div><\/figcaption><\/figure><div class=\"fg-loader\"><\/div><\/div><div class=\"fg-item fg-type-image fg-idle\"><figure class=\"fg-item-inner\"><a href=\"http:\/\/www.cronopio.de\/neusiedlerstrasse30\/wp-content\/uploads\/sites\/4\/2017\/07\/1941-Paula-Erika-Bademeister-Hofbauer.jpg\" data-caption-title=\"1941: Paula, Erika und Bademeister Hofbauer.\" data-attachment-id=\"190\" data-type=\"image\" class=\"fg-thumb\"><span class=\"fg-image-wrap\"><img decoding=\"async\" title=\"1941: Paula, Erika und Bademeister Hofbauer.\" height=\"300\" width=\"211\" class=\"skip-lazy fg-image\" data-src-fg=\"http:\/\/www.cronopio.de\/neusiedlerstrasse30\/wp-content\/uploads\/sites\/4\/cache\/2017\/07\/1941-Paula-Erika-Bademeister-Hofbauer\/2581189921.jpg\" src=\"data:image\/svg+xml,%3Csvg%20xmlns%3D%22http%3A%2F%2Fwww.w3.org%2F2000%2Fsvg%22%20width%3D%22211%22%20height%3D%22300%22%20viewBox%3D%220%200%20211%20300%22%3E%3C%2Fsvg%3E\" loading=\"eager\"><\/span><span class=\"fg-image-overlay\"><\/span><\/a><figcaption class=\"fg-caption\"><div class=\"fg-caption-inner\"><div class=\"fg-caption-title\">1941: Paula, Erika und Bademeister Hofbauer.<\/div><\/div><\/figcaption><\/figure><div class=\"fg-loader\"><\/div><\/div><\/div>\n\n\n\n\n<p class=\"wp-block-paragraph\">Die Ursachen f\u00fcr die Probleme der folgenden Jahre sind mannigfaltig: 2 Freib\u00e4der in einer kleinen Stadt in unmittelbarer N\u00e4he, verregnete Sommer und die in Mode gekommenen Ziegelteiche. Viele private B\u00e4der m\u00fcssen sperren.<\/p>\n\n\n\n<p class=\"wp-block-paragraph\">W\u00e4hrend des 2. Weltkrieges kann der Betrieb durch die k\u00fcnstlerischen T\u00e4tigkeiten von Paula Schwamberger-Mildner mehr schlecht als recht aufrechterhalten werden, bis 1945 das gesamte Areal samt Wohnhaus durch 3 Bombentreffer und eine Luftmine schwer besch\u00e4digt wird.<\/p>\n\n\n<style type=\"text\/css\">\n#foogallery-gallery-365.fg-justified .fg-item { margin-right: 2px; margin-bottom: 2px; }\n#foogallery-gallery-365.fg-justified .fg-image { height: 200px; }<\/style>\n\t\t\t<div class=\"foogallery foogallery-container foogallery-justified foogallery-lightbox-foobox fg-justified fg-ready fg-light fg-border-thin fg-round-medium fg-shadow-outline fg-loading-default fg-loaded-fade-in fg-caption-always fg-hover-fade fg-hover-zoom fg-light-overlays fg-c-c\" id=\"foogallery-gallery-365\" data-foogallery=\"{&quot;item&quot;:{&quot;showCaptionTitle&quot;:true,&quot;showCaptionDescription&quot;:false},&quot;lazy&quot;:true,&quot;template&quot;:{&quot;rowHeight&quot;:200,&quot;maxRowHeight&quot;:300,&quot;margins&quot;:2,&quot;align&quot;:&quot;center&quot;,&quot;lastRow&quot;:&quot;smart&quot;}}\" style=\"--fg-title-line-clamp: 0; --fg-description-line-clamp: 0;\" >\n\t<div class=\"fg-item fg-type-image fg-idle\"><figure class=\"fg-item-inner\"><a href=\"http:\/\/www.cronopio.de\/neusiedlerstrasse30\/wp-content\/uploads\/sites\/4\/2017\/07\/Abb.8.jpg\" data-caption-title=\"Bombentreffer in der Neusiedlerstra\u00dfe (Foto: Museum M\u00f6dling).\" data-attachment-id=\"143\" data-type=\"image\" class=\"fg-thumb\"><span class=\"fg-image-wrap\"><img decoding=\"async\" title=\"Bombentreffer in der Neusiedlerstra\u00dfe (Foto: Museum M\u00f6dling).\" height=\"300\" width=\"457\" class=\"skip-lazy fg-image\" data-src-fg=\"http:\/\/www.cronopio.de\/neusiedlerstrasse30\/wp-content\/uploads\/sites\/4\/cache\/2017\/07\/Abb_8\/3522500930.jpg\" src=\"data:image\/svg+xml,%3Csvg%20xmlns%3D%22http%3A%2F%2Fwww.w3.org%2F2000%2Fsvg%22%20width%3D%22457%22%20height%3D%22300%22%20viewBox%3D%220%200%20457%20300%22%3E%3C%2Fsvg%3E\" loading=\"eager\"><\/span><span class=\"fg-image-overlay\"><\/span><\/a><figcaption class=\"fg-caption\"><div class=\"fg-caption-inner\"><div class=\"fg-caption-title\">Bombentreffer in der Neusiedlerstra\u00dfe (Foto: Museum M\u00f6dling).<\/div><\/div><\/figcaption><\/figure><div class=\"fg-loader\"><\/div><\/div><div class=\"fg-item fg-type-image fg-idle\"><figure class=\"fg-item-inner\"><a href=\"http:\/\/www.cronopio.de\/neusiedlerstrasse30\/wp-content\/uploads\/sites\/4\/2017\/07\/Abb.9.jpg\" data-caption-title=\"Russischer Besatzungssoldat (Foto: Museum M\u00f6dling).\" data-attachment-id=\"144\" data-type=\"image\" class=\"fg-thumb\"><span class=\"fg-image-wrap\"><img decoding=\"async\" title=\"Russischer Besatzungssoldat (Foto: Museum M\u00f6dling).\" height=\"300\" width=\"170\" class=\"skip-lazy fg-image\" data-src-fg=\"http:\/\/www.cronopio.de\/neusiedlerstrasse30\/wp-content\/uploads\/sites\/4\/cache\/2017\/07\/Abb_9\/1650297307.jpg\" src=\"data:image\/svg+xml,%3Csvg%20xmlns%3D%22http%3A%2F%2Fwww.w3.org%2F2000%2Fsvg%22%20width%3D%22170%22%20height%3D%22300%22%20viewBox%3D%220%200%20170%20300%22%3E%3C%2Fsvg%3E\" loading=\"eager\"><\/span><span class=\"fg-image-overlay\"><\/span><\/a><figcaption class=\"fg-caption\"><div class=\"fg-caption-inner\"><div class=\"fg-caption-title\">Russischer Besatzungssoldat (Foto: Museum M\u00f6dling).<\/div><\/div><\/figcaption><\/figure><div class=\"fg-loader\"><\/div><\/div><\/div>\n\n\n\n\n<p class=\"wp-block-paragraph\">Der Befehl zur sofortigen (!) Wiederer\u00f6ffnung des Bades f\u00fcr die russische Besatzungsmacht erfolgt im Mai 1945: Wenige, nach Pl\u00fcnderungen verbliebene Habseligkeiten werden gegen Sand und Zement getauscht und es gelingt den beiden Frauen, Paula Schwamberger-Mildner und Tochter Erika, unter unvorstellbarem k\u00f6rperlichem Einsatz, den befohlenen Termin einzuhalten. 3 Sommer lang f\u00fchren beide das Bad f\u00fcr die Besatzungsmacht. Zitat Paula: \u201eEs grenzt an ein Wunder, dass mir und meiner Tochter in dieser Zeit nichts passiert ist, als die russischen Soldaten im Bad ein- und ausgingen und sich einfach splitternackt auszogen und ins Wasser sprangen. Viel, sehr viel mehr k\u00f6nnte ich \u00fcber die Erlebnisse dieser Zeit erz\u00e4hlen.\u201c<\/p>\n\n\n\n<p class=\"wp-block-paragraph\">1948 stirbt Maria Schwarz, das Bad wird verpachtet und der Badebetrieb 1954 endg\u00fcltig eingestellt.<\/p>\n","protected":false},"excerpt":{"rendered":"<p>Als sich im Jahr 1865 das Ehepaar Johann und Maria Schwarz aus Wels\/O\u00d6 in M\u00f6dling ansiedelt, bedecken Weing\u00e4rten die H\u00e4nge linksseitig der Rupprechtgasse. Auf dem angekauften Grundst\u00fcck, das von der Neusiedlerstra\u00dfe bis zur evangelischen Kirche reicht, wird das eingeschossige Stammhaus mit darunter liegenden Weinkellern errichtet. Dem Trend der 1870er Jahre &hellip;<\/p>\n","protected":false},"author":2,"featured_media":0,"parent":0,"menu_order":0,"comment_status":"closed","ping_status":"closed","template":"","meta":{"_crdt_document":"","_themeisle_gutenberg_block_has_review":false,"h5ap_radio_sources":[],"footnotes":""},"class_list":["post-26","page","type-page","status-publish","hentry"],"_links":{"self":[{"href":"http:\/\/www.cronopio.de\/neusiedlerstrasse30\/wp-json\/wp\/v2\/pages\/26","targetHints":{"allow":["GET"]}}],"collection":[{"href":"http:\/\/www.cronopio.de\/neusiedlerstrasse30\/wp-json\/wp\/v2\/pages"}],"about":[{"href":"http:\/\/www.cronopio.de\/neusiedlerstrasse30\/wp-json\/wp\/v2\/types\/page"}],"author":[{"embeddable":true,"href":"http:\/\/www.cronopio.de\/neusiedlerstrasse30\/wp-json\/wp\/v2\/users\/2"}],"replies":[{"embeddable":true,"href":"http:\/\/www.cronopio.de\/neusiedlerstrasse30\/wp-json\/wp\/v2\/comments?post=26"}],"version-history":[{"count":29,"href":"http:\/\/www.cronopio.de\/neusiedlerstrasse30\/wp-json\/wp\/v2\/pages\/26\/revisions"}],"predecessor-version":[{"id":368,"href":"http:\/\/www.cronopio.de\/neusiedlerstrasse30\/wp-json\/wp\/v2\/pages\/26\/revisions\/368"}],"wp:attachment":[{"href":"http:\/\/www.cronopio.de\/neusiedlerstrasse30\/wp-json\/wp\/v2\/media?parent=26"}],"curies":[{"name":"wp","href":"https:\/\/api.w.org\/{rel}","templated":true}]}}