{"id":87,"date":"2020-07-27T21:39:07","date_gmt":"2020-07-27T19:39:07","guid":{"rendered":"http:\/\/www.cronopio.de\/kunstimoeffentlichenraum\/?page_id=87"},"modified":"2020-08-27T20:05:28","modified_gmt":"2020-08-27T18:05:28","slug":"wiener-strasse-68","status":"publish","type":"page","link":"http:\/\/www.cronopio.de\/kunstimoeffentlichenraum\/hausfassaden\/wiener-strasse-68\/","title":{"rendered":"Wiener Stra\u00dfe 68"},"content":{"rendered":"\n<div class=\"wp-block-image\"><figure class=\"aligncenter size-large\"><img loading=\"lazy\" decoding=\"async\" width=\"796\" height=\"1024\" src=\"http:\/\/www.cronopio.de\/kunstimoeffentlichenraum\/wp-content\/uploads\/sites\/11\/2020\/07\/P2080953-796x1024.jpg\" alt=\"\" class=\"wp-image-223\" srcset=\"http:\/\/www.cronopio.de\/kunstimoeffentlichenraum\/wp-content\/uploads\/sites\/11\/2020\/07\/P2080953-796x1024.jpg 796w, http:\/\/www.cronopio.de\/kunstimoeffentlichenraum\/wp-content\/uploads\/sites\/11\/2020\/07\/P2080953-233x300.jpg 233w, http:\/\/www.cronopio.de\/kunstimoeffentlichenraum\/wp-content\/uploads\/sites\/11\/2020\/07\/P2080953-768x988.jpg 768w, http:\/\/www.cronopio.de\/kunstimoeffentlichenraum\/wp-content\/uploads\/sites\/11\/2020\/07\/P2080953-1194x1536.jpg 1194w, http:\/\/www.cronopio.de\/kunstimoeffentlichenraum\/wp-content\/uploads\/sites\/11\/2020\/07\/P2080953-1593x2048.jpg 1593w, http:\/\/www.cronopio.de\/kunstimoeffentlichenraum\/wp-content\/uploads\/sites\/11\/2020\/07\/P2080953-156x200.jpg 156w, http:\/\/www.cronopio.de\/kunstimoeffentlichenraum\/wp-content\/uploads\/sites\/11\/2020\/07\/P2080953-scaled.jpg 1991w\" sizes=\"auto, (max-width: 796px) 100vw, 796px\" \/><\/figure><\/div>\n\n\n\n<p class=\"has-text-align-center wp-block-paragraph\">Wienerstra\u00dfe 68, Wohnhaus, Fassade mit Darstellung Ludwig van Beethovens, signiert Reini Buchacher<\/p>\n\n\n\n<div class=\"wp-block-image\"><figure class=\"alignleft size-large\"><img loading=\"lazy\" decoding=\"async\" width=\"157\" height=\"198\" src=\"http:\/\/www.cronopio.de\/kunstimoeffentlichenraum\/wp-content\/uploads\/sites\/11\/2020\/08\/buchacher.jpg\" alt=\"\" class=\"wp-image-427\"\/><\/figure><\/div>\n\n\n\n<p class=\"has-text-align-left wp-block-paragraph\"><strong>Reini Buchacher<\/strong><\/p>\n\n\n\n<p class=\"wp-block-paragraph\">*4.1.1955 in H\u00f6fling, Gemeinde Dellach\/K\u00e4rnten<\/p>\n\n\n\n<p class=\"wp-block-paragraph\">Freischaffender K\u00fcnstler als Maler, Zeichner und Bildhauer (siehe <a href=\"http:\/\/www.cronopio.de\/kunstimoeffentlichenraum\/steinplastiken\/schoenbergpark\/\">Sandsteinhand im Sch\u00f6nbergpark<\/a>), jedoch vorwiegend als Karikaturist t\u00e4tig.<\/p>\n\n\n\n<p class=\"wp-block-paragraph\">Lebt und arbeitet in M\u00f6dling und in H\u00f6fling.<\/p>\n\n\n\n<div class=\"wp-block-themeisle-blocks-advanced-columns has-1-columns has-desktop-equal-layout has-tablet-equal-layout has-mobile-equal-layout has-default-gap has-vertical-unset\" id=\"wp-block-themeisle-blocks-advanced-columns-3eb1c05f\"><div class=\"wp-block-themeisle-blocks-advanced-columns-overlay\"><\/div><div class=\"innerblocks-wrap\">\n<div class=\"wp-block-themeisle-blocks-advanced-column\" id=\"wp-block-themeisle-blocks-advanced-column-891a95cb\"><\/div>\n<\/div><\/div>\n","protected":false},"excerpt":{"rendered":"<p>Wienerstra\u00dfe 68, Wohnhaus, Fassade mit Darstellung Ludwig van Beethovens, signiert Reini Buchacher Reini Buchacher *4.1.1955 in H\u00f6fling, Gemeinde Dellach\/K\u00e4rnten Freischaffender K\u00fcnstler als Maler, Zeichner und Bildhauer (siehe Sandsteinhand im Sch\u00f6nbergpark), jedoch vorwiegend als Karikaturist t\u00e4tig. Lebt und arbeitet in M\u00f6dling und in H\u00f6fling.<\/p>\n","protected":false},"author":2,"featured_media":0,"parent":15,"menu_order":5,"comment_status":"closed","ping_status":"closed","template":"","meta":{"_crdt_document":"","_themeisle_gutenberg_block_has_review":false,"h5ap_radio_sources":[],"footnotes":""},"class_list":["post-87","page","type-page","status-publish","hentry"],"_links":{"self":[{"href":"http:\/\/www.cronopio.de\/kunstimoeffentlichenraum\/wp-json\/wp\/v2\/pages\/87","targetHints":{"allow":["GET"]}}],"collection":[{"href":"http:\/\/www.cronopio.de\/kunstimoeffentlichenraum\/wp-json\/wp\/v2\/pages"}],"about":[{"href":"http:\/\/www.cronopio.de\/kunstimoeffentlichenraum\/wp-json\/wp\/v2\/types\/page"}],"author":[{"embeddable":true,"href":"http:\/\/www.cronopio.de\/kunstimoeffentlichenraum\/wp-json\/wp\/v2\/users\/2"}],"replies":[{"embeddable":true,"href":"http:\/\/www.cronopio.de\/kunstimoeffentlichenraum\/wp-json\/wp\/v2\/comments?post=87"}],"version-history":[{"count":3,"href":"http:\/\/www.cronopio.de\/kunstimoeffentlichenraum\/wp-json\/wp\/v2\/pages\/87\/revisions"}],"predecessor-version":[{"id":428,"href":"http:\/\/www.cronopio.de\/kunstimoeffentlichenraum\/wp-json\/wp\/v2\/pages\/87\/revisions\/428"}],"up":[{"embeddable":true,"href":"http:\/\/www.cronopio.de\/kunstimoeffentlichenraum\/wp-json\/wp\/v2\/pages\/15"}],"wp:attachment":[{"href":"http:\/\/www.cronopio.de\/kunstimoeffentlichenraum\/wp-json\/wp\/v2\/media?parent=87"}],"curies":[{"name":"wp","href":"https:\/\/api.w.org\/{rel}","templated":true}]}}