{"id":81,"date":"2020-07-27T21:37:19","date_gmt":"2020-07-27T19:37:19","guid":{"rendered":"http:\/\/www.cronopio.de\/kunstimoeffentlichenraum\/?page_id=81"},"modified":"2020-09-01T13:10:35","modified_gmt":"2020-09-01T11:10:35","slug":"weisses-kreuz-gasse-47","status":"publish","type":"page","link":"http:\/\/www.cronopio.de\/kunstimoeffentlichenraum\/hausfassaden\/weisses-kreuz-gasse-47\/","title":{"rendered":"Wei\u00dfes Kreuz-Gasse 48"},"content":{"rendered":"\n<div class=\"wp-block-image\"><figure class=\"aligncenter size-large\"><img loading=\"lazy\" decoding=\"async\" width=\"1024\" height=\"687\" src=\"http:\/\/www.cronopio.de\/kunstimoeffentlichenraum\/wp-content\/uploads\/sites\/11\/2020\/07\/P2020933-1024x687.jpg\" alt=\"\" class=\"wp-image-216\" srcset=\"http:\/\/www.cronopio.de\/kunstimoeffentlichenraum\/wp-content\/uploads\/sites\/11\/2020\/07\/P2020933-1024x687.jpg 1024w, http:\/\/www.cronopio.de\/kunstimoeffentlichenraum\/wp-content\/uploads\/sites\/11\/2020\/07\/P2020933-300x201.jpg 300w, http:\/\/www.cronopio.de\/kunstimoeffentlichenraum\/wp-content\/uploads\/sites\/11\/2020\/07\/P2020933-768x515.jpg 768w, http:\/\/www.cronopio.de\/kunstimoeffentlichenraum\/wp-content\/uploads\/sites\/11\/2020\/07\/P2020933-1536x1031.jpg 1536w, http:\/\/www.cronopio.de\/kunstimoeffentlichenraum\/wp-content\/uploads\/sites\/11\/2020\/07\/P2020933-298x200.jpg 298w, http:\/\/www.cronopio.de\/kunstimoeffentlichenraum\/wp-content\/uploads\/sites\/11\/2020\/07\/P2020933.jpg 2000w\" sizes=\"auto, (max-width: 1024px) 100vw, 1024px\" \/><\/figure><\/div>\n\n\n\n<p class=\"has-text-align-center wp-block-paragraph\">Wei\u00dfes Kreuzgasse 48, Einfamilienhaus, Baujahr 1965<br>Die Familie W\u00fcrkner bezog das Haus im Jahr 1970. Der Cousin des Gro\u00dfvaters m\u00fctterlicherseits \u201eOnkel Herbert\u201c, der akademische Maler Herbert Stepan, schenkte der Familie ein schm\u00fcckendes Bild f\u00fcr die Fassade.<br>Motive: die 4 Jahreszeiten \u2013 Bl\u00fcten, Bl\u00e4tter, Traube, Baumstrunk und<br>&nbsp;&nbsp;&nbsp;&nbsp;&nbsp;&nbsp;&nbsp;&nbsp;&nbsp;&nbsp;&nbsp;&nbsp; &nbsp;&nbsp;die 4 Elemente \u2013 Sonne und Sterne (Feuer), V\u00f6gel (Luft), Wasser, Erde<\/p>\n\n\n\n<p class=\"wp-block-paragraph\"><strong>Herbert Stepan<\/strong><\/p>\n\n\n\n<p class=\"wp-block-paragraph\">*14.9.1911 in Kalksburg, \u202021.11.1989 in Wien<\/p>\n\n\n\n<p class=\"wp-block-paragraph\">Ausbildung an der Akademie der bildenden K\u00fcnste in Wien bei Prof. Sterrer<\/p>\n\n\n\n<p class=\"wp-block-paragraph\">freischaffender, akademischer Maler<\/p>\n\n\n\n<p class=\"wp-block-paragraph\">Ordentliches Mitglied des Wiener K\u00fcnstlerhauses, 1971 dessen Vizepr\u00e4sident, 1973 Ehrenmitglied<\/p>\n\n\n\n<p class=\"wp-block-paragraph\">\u00d6sterreichisches Ehrenkreuz f\u00fcr Wissenschaft und Kunst<\/p>\n\n\n\n<p class=\"wp-block-paragraph\">Ehrenmedaille der Stadt Wien in Gold<\/p>\n\n\n\n<div class=\"wp-block-themeisle-blocks-advanced-columns has-1-columns has-desktop-equal-layout has-tablet-equal-layout has-mobile-equal-layout has-default-gap has-vertical-unset\" id=\"wp-block-themeisle-blocks-advanced-columns-47c5998e\"><div class=\"wp-block-themeisle-blocks-advanced-columns-overlay\"><\/div><div class=\"innerblocks-wrap\">\n<div class=\"wp-block-themeisle-blocks-advanced-column\" id=\"wp-block-themeisle-blocks-advanced-column-401b4f37\"><\/div>\n<\/div><\/div>\n","protected":false},"excerpt":{"rendered":"<p>Wei\u00dfes Kreuzgasse 48, Einfamilienhaus, Baujahr 1965Die Familie W\u00fcrkner bezog das Haus im Jahr 1970. Der Cousin des Gro\u00dfvaters m\u00fctterlicherseits \u201eOnkel Herbert\u201c, der akademische Maler Herbert Stepan, schenkte der Familie ein schm\u00fcckendes Bild f\u00fcr die Fassade.Motive: die 4 Jahreszeiten \u2013 Bl\u00fcten, Bl\u00e4tter, Traube, Baumstrunk und&nbsp;&nbsp;&nbsp;&nbsp;&nbsp;&nbsp;&nbsp;&nbsp;&nbsp;&nbsp;&nbsp;&nbsp; &nbsp;&nbsp;die 4 Elemente \u2013 Sonne und &hellip;<\/p>\n","protected":false},"author":2,"featured_media":0,"parent":15,"menu_order":2,"comment_status":"closed","ping_status":"closed","template":"","meta":{"_crdt_document":"","_themeisle_gutenberg_block_has_review":false,"h5ap_radio_sources":[],"footnotes":""},"class_list":["post-81","page","type-page","status-publish","hentry"],"_links":{"self":[{"href":"http:\/\/www.cronopio.de\/kunstimoeffentlichenraum\/wp-json\/wp\/v2\/pages\/81","targetHints":{"allow":["GET"]}}],"collection":[{"href":"http:\/\/www.cronopio.de\/kunstimoeffentlichenraum\/wp-json\/wp\/v2\/pages"}],"about":[{"href":"http:\/\/www.cronopio.de\/kunstimoeffentlichenraum\/wp-json\/wp\/v2\/types\/page"}],"author":[{"embeddable":true,"href":"http:\/\/www.cronopio.de\/kunstimoeffentlichenraum\/wp-json\/wp\/v2\/users\/2"}],"replies":[{"embeddable":true,"href":"http:\/\/www.cronopio.de\/kunstimoeffentlichenraum\/wp-json\/wp\/v2\/comments?post=81"}],"version-history":[{"count":6,"href":"http:\/\/www.cronopio.de\/kunstimoeffentlichenraum\/wp-json\/wp\/v2\/pages\/81\/revisions"}],"predecessor-version":[{"id":643,"href":"http:\/\/www.cronopio.de\/kunstimoeffentlichenraum\/wp-json\/wp\/v2\/pages\/81\/revisions\/643"}],"up":[{"embeddable":true,"href":"http:\/\/www.cronopio.de\/kunstimoeffentlichenraum\/wp-json\/wp\/v2\/pages\/15"}],"wp:attachment":[{"href":"http:\/\/www.cronopio.de\/kunstimoeffentlichenraum\/wp-json\/wp\/v2\/media?parent=81"}],"curies":[{"name":"wp","href":"https:\/\/api.w.org\/{rel}","templated":true}]}}