{"id":37,"date":"2020-07-27T21:10:33","date_gmt":"2020-07-27T19:10:33","guid":{"rendered":"http:\/\/www.cronopio.de\/kunstimoeffentlichenraum\/?page_id=37"},"modified":"2021-01-06T13:25:15","modified_gmt":"2021-01-06T12:25:15","slug":"kuenstler","status":"publish","type":"page","link":"http:\/\/www.cronopio.de\/kunstimoeffentlichenraum\/kuenstler\/","title":{"rendered":"K\u00fcnstler"},"content":{"rendered":"\n<figure class=\"wp-block-table is-style-regular\"><table class=\"has-fixed-layout\"><tbody><tr><td class=\"has-text-align-center\" data-align=\"center\"><img loading=\"lazy\" decoding=\"async\" width=\"100\" height=\"145\" class=\"wp-image-158\" style=\"width: 100px;\" src=\"http:\/\/www.cronopio.de\/kunstimoeffentlichenraum\/wp-content\/uploads\/sites\/11\/2020\/07\/grafik.png\" alt=\"\" srcset=\"http:\/\/www.cronopio.de\/kunstimoeffentlichenraum\/wp-content\/uploads\/sites\/11\/2020\/07\/grafik.png 223w, http:\/\/www.cronopio.de\/kunstimoeffentlichenraum\/wp-content\/uploads\/sites\/11\/2020\/07\/grafik-207x300.png 207w, http:\/\/www.cronopio.de\/kunstimoeffentlichenraum\/wp-content\/uploads\/sites\/11\/2020\/07\/grafik-138x200.png 138w\" sizes=\"auto, (max-width: 100px) 100vw, 100px\" \/><br><a href=\"http:\/\/www.cronopio.de\/kunstimoeffentlichenraum\/kuenstler\/irmtraut-casari\/\"><\/a><a href=\"http:\/\/www.cronopio.de\/kunstimoeffentlichenraum\/kuenstler\/irmtraut-casari\/\">Irmtraut Casari<\/a><\/td><td class=\"has-text-align-center\" data-align=\"center\"><img decoding=\"async\" src=\"http:\/\/www.cronopio.de\/kunstimoeffentlichenraum\/wp-content\/uploads\/sites\/11\/2020\/07\/grafik-3.png\" alt=\"\" style=\"width: 130px;\"><br><a href=\"http:\/\/www.cronopio.de\/kunstimoeffentlichenraum\/kuenstler\/eduard-diem\/\">Eduard Diem<\/a><\/td><td class=\"has-text-align-center\" data-align=\"center\"><img loading=\"lazy\" decoding=\"async\" width=\"300\" height=\"147\" class=\"wp-image-356\" style=\"width: 300px;\" src=\"http:\/\/www.cronopio.de\/kunstimoeffentlichenraum\/wp-content\/uploads\/sites\/11\/2020\/08\/dietz1.jpg\" alt=\"\" srcset=\"http:\/\/www.cronopio.de\/kunstimoeffentlichenraum\/wp-content\/uploads\/sites\/11\/2020\/08\/dietz1.jpg 500w, http:\/\/www.cronopio.de\/kunstimoeffentlichenraum\/wp-content\/uploads\/sites\/11\/2020\/08\/dietz1-300x147.jpg 300w, http:\/\/www.cronopio.de\/kunstimoeffentlichenraum\/wp-content\/uploads\/sites\/11\/2020\/08\/dietz1-408x200.jpg 408w\" sizes=\"auto, (max-width: 300px) 100vw, 300px\" \/><br><a href=\"http:\/\/www.cronopio.de\/kunstimoeffentlichenraum\/kuenstler\/gundi-dietz\/\">Gundi Dietz<\/a><\/td><td class=\"has-text-align-center\" data-align=\"center\"><img loading=\"lazy\" decoding=\"async\" width=\"150\" height=\"149\" class=\"wp-image-284\" style=\"width: 150px;\" src=\"http:\/\/www.cronopio.de\/kunstimoeffentlichenraum\/wp-content\/uploads\/sites\/11\/2020\/07\/grafik-4.png\" alt=\"\" srcset=\"http:\/\/www.cronopio.de\/kunstimoeffentlichenraum\/wp-content\/uploads\/sites\/11\/2020\/07\/grafik-4.png 293w, http:\/\/www.cronopio.de\/kunstimoeffentlichenraum\/wp-content\/uploads\/sites\/11\/2020\/07\/grafik-4-150x150.png 150w, http:\/\/www.cronopio.de\/kunstimoeffentlichenraum\/wp-content\/uploads\/sites\/11\/2020\/07\/grafik-4-201x200.png 201w\" sizes=\"auto, (max-width: 150px) 100vw, 150px\" \/><br><a href=\"http:\/\/www.cronopio.de\/kunstimoeffentlichenraum\/kuenstler\/ludwig-gris\/\">Ludwig Gris<\/a><\/td><\/tr><tr><td class=\"has-text-align-center\" data-align=\"center\"><img loading=\"lazy\" decoding=\"async\" width=\"100\" height=\"139\" class=\"wp-image-286\" style=\"width: 100px;\" src=\"http:\/\/www.cronopio.de\/kunstimoeffentlichenraum\/wp-content\/uploads\/sites\/11\/2020\/07\/grafik-5.png\" alt=\"\" srcset=\"http:\/\/www.cronopio.de\/kunstimoeffentlichenraum\/wp-content\/uploads\/sites\/11\/2020\/07\/grafik-5.png 267w, http:\/\/www.cronopio.de\/kunstimoeffentlichenraum\/wp-content\/uploads\/sites\/11\/2020\/07\/grafik-5-215x300.png 215w, http:\/\/www.cronopio.de\/kunstimoeffentlichenraum\/wp-content\/uploads\/sites\/11\/2020\/07\/grafik-5-144x200.png 144w\" sizes=\"auto, (max-width: 100px) 100vw, 100px\" \/><br><a href=\"http:\/\/www.cronopio.de\/kunstimoeffentlichenraum\/kuenstler\/rudolf-kircher\/\">Rudolf Kircher<\/a><\/td><td class=\"has-text-align-center\" data-align=\"center\"><img loading=\"lazy\" decoding=\"async\" width=\"180\" height=\"124\" class=\"wp-image-300\" style=\"width: 180px;\" src=\"http:\/\/www.cronopio.de\/kunstimoeffentlichenraum\/wp-content\/uploads\/sites\/11\/2020\/08\/grafik-1.png\" alt=\"\"><br><a href=\"http:\/\/www.cronopio.de\/kunstimoeffentlichenraum\/kuenstler\/richard-kuenz\/\">Richard K\u00fcnz<\/a><\/td><td class=\"has-text-align-center\" data-align=\"center\"><img loading=\"lazy\" decoding=\"async\" width=\"90\" height=\"150\" class=\"wp-image-331\" style=\"width: 90px;\" src=\"http:\/\/www.cronopio.de\/kunstimoeffentlichenraum\/wp-content\/uploads\/sites\/11\/2020\/08\/grafik-3.png\" alt=\"\" srcset=\"http:\/\/www.cronopio.de\/kunstimoeffentlichenraum\/wp-content\/uploads\/sites\/11\/2020\/08\/grafik-3.png 260w, http:\/\/www.cronopio.de\/kunstimoeffentlichenraum\/wp-content\/uploads\/sites\/11\/2020\/08\/grafik-3-180x300.png 180w, http:\/\/www.cronopio.de\/kunstimoeffentlichenraum\/wp-content\/uploads\/sites\/11\/2020\/08\/grafik-3-120x200.png 120w\" sizes=\"auto, (max-width: 90px) 100vw, 90px\" \/><br><a href=\"http:\/\/www.cronopio.de\/kunstimoeffentlichenraum\/kuenstler\/elisabeth-ledersberger-lehoczky\/\">Elisabeth Ledersberger-Lehoczky<\/a><\/td><td class=\"has-text-align-center\" data-align=\"center\"><img decoding=\"async\" src=\"https:\/\/image.jimcdn.com\/app\/cms\/image\/transf\/dimension=240x1024:format=jpg\/path\/s2aecd422a4cf56c6\/image\/ie5b17d818cf6ac84\/version\/1280994636\/image.jpg\" alt=\"Karl L\u00f6ff, Mozartprojekt 2006\" class=\"\" style=\"width: 100px;\"><br><a href=\"http:\/\/www.cronopio.de\/kunstimoeffentlichenraum\/karl-loeff\/\">Karl Wilhelm L\u00f6ff<\/a><\/td><\/tr><tr><td class=\"has-text-align-center\" data-align=\"center\"><img decoding=\"async\" src=\"http:\/\/www.cronopio.de\/kunstimoeffentlichenraum\/wp-content\/uploads\/sites\/11\/2020\/08\/grafik-2.png\" alt=\"\"><br><a href=\"http:\/\/www.cronopio.de\/kunstimoeffentlichenraum\/kuenstler\/hans-muhr\/\">Hans Muhr<\/a><\/td><td class=\"has-text-align-center\" data-align=\"center\"><img decoding=\"async\" src=\"http:\/\/www.cronopio.de\/kunstimoeffentlichenraum\/wp-content\/uploads\/sites\/11\/2020\/07\/grafik-2.png\" alt=\"\"><br><a href=\"http:\/\/www.cronopio.de\/kunstimoeffentlichenraum\/kuenstler\/karl-novak\/\">Karl Novak<\/a><\/td><td class=\"has-text-align-center\" data-align=\"center\"><img decoding=\"async\" src=\"http:\/\/www.cronopio.de\/kunstimoeffentlichenraum\/wp-content\/uploads\/sites\/11\/2020\/08\/Reiser.jpg\" alt=\"\"><br><a href=\"http:\/\/www.cronopio.de\/kunstimoeffentlichenraum\/kuenstler\/doris-reiser\/\">Doris Reiser<\/a><\/td><td class=\"has-text-align-center\" data-align=\"center\"><img decoding=\"async\" src=\"http:\/\/www.cronopio.de\/kunstimoeffentlichenraum\/wp-content\/uploads\/sites\/11\/2020\/07\/grafik-1.png\" alt=\"\"><br><a href=\"http:\/\/www.cronopio.de\/kunstimoeffentlichenraum\/kuenstler\/josef-schagerl\/\">Josef Schagerl<\/a><\/td><\/tr><tr><td class=\"has-text-align-center\" data-align=\"center\"><img loading=\"lazy\" decoding=\"async\" width=\"300\" height=\"192\" class=\"wp-image-660\" style=\"width: 300px;\" src=\"http:\/\/www.cronopio.de\/kunstimoeffentlichenraum\/wp-content\/uploads\/sites\/11\/2020\/10\/grafik.png\" alt=\"\" srcset=\"http:\/\/www.cronopio.de\/kunstimoeffentlichenraum\/wp-content\/uploads\/sites\/11\/2020\/10\/grafik.png 476w, http:\/\/www.cronopio.de\/kunstimoeffentlichenraum\/wp-content\/uploads\/sites\/11\/2020\/10\/grafik-300x192.png 300w, http:\/\/www.cronopio.de\/kunstimoeffentlichenraum\/wp-content\/uploads\/sites\/11\/2020\/10\/grafik-313x200.png 313w\" sizes=\"auto, (max-width: 300px) 100vw, 300px\" \/><br><a href=\"http:\/\/www.cronopio.de\/kunstimoeffentlichenraum\/julius-scherzer\/\">Julius Scherzer<\/a><\/td><td class=\"has-text-align-center\" data-align=\"center\"><br><img decoding=\"async\" src=\"http:\/\/www.cronopio.de\/kunstimoeffentlichenraum\/wp-content\/uploads\/sites\/11\/2020\/08\/grafik.png\" alt=\"\"><br><a href=\"http:\/\/www.cronopio.de\/kunstimoeffentlichenraum\/kuenstler\/ingeborg-stoess\/\">Ingeborg St\u00f6\u00df<\/a><\/td><td class=\"has-text-align-center\" data-align=\"center\"><img decoding=\"async\" src=\"http:\/\/www.cronopio.de\/kunstimoeffentlichenraum\/wp-content\/uploads\/sites\/11\/2020\/08\/wilfan.jpg\" alt=\"\"><br><a href=\"http:\/\/www.cronopio.de\/kunstimoeffentlichenraum\/kuenstler\/hubert-wilfan\/\">Hubert Wilfan<\/a><\/td><td class=\"has-text-align-center\" data-align=\"center\"><img decoding=\"async\" src=\"http:\/\/www.cronopio.de\/kunstimoeffentlichenraum\/wp-content\/uploads\/sites\/11\/2020\/08\/P8261565.jpg\" alt=\"\"><br><a href=\"http:\/\/www.cronopio.de\/kunstimoeffentlichenraum\/kuenstler\/lebenshilfe-moedling\/\">Lebenshilfe M\u00f6dling<\/a><\/td><\/tr><tr><td class=\"has-text-align-center\" data-align=\"center\"><img loading=\"lazy\" decoding=\"async\" width=\"150\" height=\"204\" class=\"wp-image-713\" style=\"width: 150px;\" src=\"http:\/\/www.cronopio.de\/kunstimoeffentlichenraum\/wp-content\/uploads\/sites\/11\/2020\/11\/grafik.png\" alt=\"\" srcset=\"http:\/\/www.cronopio.de\/kunstimoeffentlichenraum\/wp-content\/uploads\/sites\/11\/2020\/11\/grafik.png 189w, http:\/\/www.cronopio.de\/kunstimoeffentlichenraum\/wp-content\/uploads\/sites\/11\/2020\/11\/grafik-147x200.png 147w\" sizes=\"auto, (max-width: 150px) 100vw, 150px\" \/><br><a href=\"http:\/\/www.cronopio.de\/kunstimoeffentlichenraum\/kuenstler\/ernst-adelsberger\/\">Ernst Adelsberger<\/a><\/td><td class=\"has-text-align-center\" data-align=\"center\"><\/td><td class=\"has-text-align-center\" data-align=\"center\"><\/td><td class=\"has-text-align-center\" data-align=\"center\"><\/td><\/tr><\/tbody><\/table><\/figure>\n\n\n\n<p class=\"wp-block-paragraph\"><\/p>\n","protected":false},"excerpt":{"rendered":"<p>Irmtraut Casari Eduard Diem Gundi Dietz Ludwig Gris Rudolf Kircher Richard K\u00fcnz Elisabeth Ledersberger-Lehoczky Karl Wilhelm L\u00f6ff Hans Muhr Karl Novak Doris Reiser Josef Schagerl Julius Scherzer Ingeborg St\u00f6\u00df Hubert Wilfan Lebenshilfe M\u00f6dling Ernst Adelsberger<\/p>\n","protected":false},"author":2,"featured_media":0,"parent":0,"menu_order":7,"comment_status":"closed","ping_status":"closed","template":"","meta":{"_crdt_document":"","_themeisle_gutenberg_block_has_review":false,"h5ap_radio_sources":[],"footnotes":""},"class_list":["post-37","page","type-page","status-publish","hentry"],"_links":{"self":[{"href":"http:\/\/www.cronopio.de\/kunstimoeffentlichenraum\/wp-json\/wp\/v2\/pages\/37","targetHints":{"allow":["GET"]}}],"collection":[{"href":"http:\/\/www.cronopio.de\/kunstimoeffentlichenraum\/wp-json\/wp\/v2\/pages"}],"about":[{"href":"http:\/\/www.cronopio.de\/kunstimoeffentlichenraum\/wp-json\/wp\/v2\/types\/page"}],"author":[{"embeddable":true,"href":"http:\/\/www.cronopio.de\/kunstimoeffentlichenraum\/wp-json\/wp\/v2\/users\/2"}],"replies":[{"embeddable":true,"href":"http:\/\/www.cronopio.de\/kunstimoeffentlichenraum\/wp-json\/wp\/v2\/comments?post=37"}],"version-history":[{"count":24,"href":"http:\/\/www.cronopio.de\/kunstimoeffentlichenraum\/wp-json\/wp\/v2\/pages\/37\/revisions"}],"predecessor-version":[{"id":721,"href":"http:\/\/www.cronopio.de\/kunstimoeffentlichenraum\/wp-json\/wp\/v2\/pages\/37\/revisions\/721"}],"wp:attachment":[{"href":"http:\/\/www.cronopio.de\/kunstimoeffentlichenraum\/wp-json\/wp\/v2\/media?parent=37"}],"curies":[{"name":"wp","href":"https:\/\/api.w.org\/{rel}","templated":true}]}}