{"id":21,"date":"2020-07-27T20:52:50","date_gmt":"2020-07-27T18:52:50","guid":{"rendered":"http:\/\/www.cronopio.de\/kunstimoeffentlichenraum\/?page_id=21"},"modified":"2020-08-28T22:14:57","modified_gmt":"2020-08-28T20:14:57","slug":"brunnen","status":"publish","type":"page","link":"http:\/\/www.cronopio.de\/kunstimoeffentlichenraum\/brunnen\/","title":{"rendered":"Brunnen"},"content":{"rendered":"\n<figure class=\"wp-block-table\"><table class=\"has-fixed-layout\"><tbody><tr><td class=\"has-text-align-center\" data-align=\"center\"><img loading=\"lazy\" decoding=\"async\" width=\"150\" height=\"200\" class=\"wp-image-202\" style=\"width: 150px;\" src=\"http:\/\/www.cronopio.de\/kunstimoeffentlichenraum\/wp-content\/uploads\/sites\/11\/2020\/07\/Bezirkshauptmannschaft-Richard-K\u00fcnz.jpg\" alt=\"\" srcset=\"http:\/\/www.cronopio.de\/kunstimoeffentlichenraum\/wp-content\/uploads\/sites\/11\/2020\/07\/Bezirkshauptmannschaft-Richard-K\u00fcnz.jpg 1000w, http:\/\/www.cronopio.de\/kunstimoeffentlichenraum\/wp-content\/uploads\/sites\/11\/2020\/07\/Bezirkshauptmannschaft-Richard-K\u00fcnz-225x300.jpg 225w, http:\/\/www.cronopio.de\/kunstimoeffentlichenraum\/wp-content\/uploads\/sites\/11\/2020\/07\/Bezirkshauptmannschaft-Richard-K\u00fcnz-768x1024.jpg 768w, http:\/\/www.cronopio.de\/kunstimoeffentlichenraum\/wp-content\/uploads\/sites\/11\/2020\/07\/Bezirkshauptmannschaft-Richard-K\u00fcnz-150x200.jpg 150w\" sizes=\"auto, (max-width: 150px) 100vw, 150px\" \/><br><a href=\"http:\/\/www.cronopio.de\/kunstimoeffentlichenraum\/brunnen\/brunnen-vor-der-bezirkshauptmannschaft\/\">Brunnen vor der Bezirkshauptmannschaft<\/a><\/td><td class=\"has-text-align-center\" data-align=\"center\"><img loading=\"lazy\" decoding=\"async\" width=\"280\" height=\"210\" class=\"wp-image-320\" style=\"width: 280px;\" src=\"http:\/\/www.cronopio.de\/kunstimoeffentlichenraum\/wp-content\/uploads\/sites\/11\/2020\/08\/Sch\u00f6ffelpark-1.jpg\" alt=\"\" srcset=\"http:\/\/www.cronopio.de\/kunstimoeffentlichenraum\/wp-content\/uploads\/sites\/11\/2020\/08\/Sch\u00f6ffelpark-1.jpg 2000w, http:\/\/www.cronopio.de\/kunstimoeffentlichenraum\/wp-content\/uploads\/sites\/11\/2020\/08\/Sch\u00f6ffelpark-1-300x225.jpg 300w, http:\/\/www.cronopio.de\/kunstimoeffentlichenraum\/wp-content\/uploads\/sites\/11\/2020\/08\/Sch\u00f6ffelpark-1-1024x768.jpg 1024w, http:\/\/www.cronopio.de\/kunstimoeffentlichenraum\/wp-content\/uploads\/sites\/11\/2020\/08\/Sch\u00f6ffelpark-1-768x576.jpg 768w, http:\/\/www.cronopio.de\/kunstimoeffentlichenraum\/wp-content\/uploads\/sites\/11\/2020\/08\/Sch\u00f6ffelpark-1-1536x1152.jpg 1536w, http:\/\/www.cronopio.de\/kunstimoeffentlichenraum\/wp-content\/uploads\/sites\/11\/2020\/08\/Sch\u00f6ffelpark-1-267x200.jpg 267w\" sizes=\"auto, (max-width: 280px) 100vw, 280px\" \/><br><a href=\"http:\/\/www.cronopio.de\/kunstimoeffentlichenraum\/brunnen\/muhr-brunnen-schoeffelpark\/\">Muhr-Brunnen Sch\u00f6ffelpark<\/a><\/td><td class=\"has-text-align-center\" data-align=\"center\"><img loading=\"lazy\" decoding=\"async\" width=\"300\" height=\"208\" class=\"wp-image-316\" style=\"width: 300px;\" src=\"http:\/\/www.cronopio.de\/kunstimoeffentlichenraum\/wp-content\/uploads\/sites\/11\/2020\/08\/P6121346.jpg\" alt=\"\" srcset=\"http:\/\/www.cronopio.de\/kunstimoeffentlichenraum\/wp-content\/uploads\/sites\/11\/2020\/08\/P6121346.jpg 2000w, http:\/\/www.cronopio.de\/kunstimoeffentlichenraum\/wp-content\/uploads\/sites\/11\/2020\/08\/P6121346-300x208.jpg 300w, http:\/\/www.cronopio.de\/kunstimoeffentlichenraum\/wp-content\/uploads\/sites\/11\/2020\/08\/P6121346-1024x709.jpg 1024w, http:\/\/www.cronopio.de\/kunstimoeffentlichenraum\/wp-content\/uploads\/sites\/11\/2020\/08\/P6121346-768x532.jpg 768w, http:\/\/www.cronopio.de\/kunstimoeffentlichenraum\/wp-content\/uploads\/sites\/11\/2020\/08\/P6121346-1536x1064.jpg 1536w, http:\/\/www.cronopio.de\/kunstimoeffentlichenraum\/wp-content\/uploads\/sites\/11\/2020\/08\/P6121346-289x200.jpg 289w\" sizes=\"auto, (max-width: 300px) 100vw, 300px\" \/><br><a href=\"http:\/\/www.cronopio.de\/kunstimoeffentlichenraum\/brunnen\/muhr-brunnen-bruehlerstrasse\/\">Muhr-Brunnen Br\u00fchlerstra\u00dfe<\/a><\/td><\/tr><tr><td class=\"has-text-align-center\" data-align=\"center\"><img loading=\"lazy\" decoding=\"async\" width=\"350\" height=\"234\" class=\"wp-image-358\" style=\"width: 350px;\" src=\"http:\/\/www.cronopio.de\/kunstimoeffentlichenraum\/wp-content\/uploads\/sites\/11\/2020\/08\/dietz2-scaled.jpg\" alt=\"\" srcset=\"http:\/\/www.cronopio.de\/kunstimoeffentlichenraum\/wp-content\/uploads\/sites\/11\/2020\/08\/dietz2-scaled.jpg 2560w, http:\/\/www.cronopio.de\/kunstimoeffentlichenraum\/wp-content\/uploads\/sites\/11\/2020\/08\/dietz2-300x200.jpg 300w, http:\/\/www.cronopio.de\/kunstimoeffentlichenraum\/wp-content\/uploads\/sites\/11\/2020\/08\/dietz2-1024x684.jpg 1024w, http:\/\/www.cronopio.de\/kunstimoeffentlichenraum\/wp-content\/uploads\/sites\/11\/2020\/08\/dietz2-768x513.jpg 768w, http:\/\/www.cronopio.de\/kunstimoeffentlichenraum\/wp-content\/uploads\/sites\/11\/2020\/08\/dietz2-1536x1025.jpg 1536w, http:\/\/www.cronopio.de\/kunstimoeffentlichenraum\/wp-content\/uploads\/sites\/11\/2020\/08\/dietz2-2048x1367.jpg 2048w\" sizes=\"auto, (max-width: 350px) 100vw, 350px\" \/><br><a href=\"http:\/\/www.cronopio.de\/kunstimoeffentlichenraum\/metallplastiken\/brunnentrilogie\/\">Brunnentrilogie<\/a><\/td><td class=\"has-text-align-center\" data-align=\"center\"><\/td><td class=\"has-text-align-center\" data-align=\"center\"><\/td><\/tr><\/tbody><\/table><\/figure>\n\n\n\n<div class=\"wp-block-themeisle-blocks-advanced-columns has-1-columns has-desktop-equal-layout has-tablet-equal-layout has-mobile-equal-layout has-default-gap has-vertical-unset\" id=\"wp-block-themeisle-blocks-advanced-columns-8001cab5\"><div class=\"wp-block-themeisle-blocks-advanced-columns-overlay\"><\/div><div class=\"innerblocks-wrap\">\n<div class=\"wp-block-themeisle-blocks-advanced-column\" id=\"wp-block-themeisle-blocks-advanced-column-4ba1c14f\">\n<p class=\"wp-block-paragraph\"><\/p>\n\n\n\n<p class=\"wp-block-paragraph\"><\/p>\n\n\n\n<p class=\"wp-block-paragraph\"><\/p>\n<\/div>\n<\/div><\/div>\n","protected":false},"excerpt":{"rendered":"<p>Brunnen vor der Bezirkshauptmannschaft Muhr-Brunnen Sch\u00f6ffelpark Muhr-Brunnen Br\u00fchlerstra\u00dfe Brunnentrilogie<\/p>\n","protected":false},"author":2,"featured_media":0,"parent":0,"menu_order":5,"comment_status":"closed","ping_status":"closed","template":"","meta":{"_crdt_document":"","_themeisle_gutenberg_block_has_review":false,"h5ap_radio_sources":[],"footnotes":""},"class_list":["post-21","page","type-page","status-publish","hentry"],"_links":{"self":[{"href":"http:\/\/www.cronopio.de\/kunstimoeffentlichenraum\/wp-json\/wp\/v2\/pages\/21","targetHints":{"allow":["GET"]}}],"collection":[{"href":"http:\/\/www.cronopio.de\/kunstimoeffentlichenraum\/wp-json\/wp\/v2\/pages"}],"about":[{"href":"http:\/\/www.cronopio.de\/kunstimoeffentlichenraum\/wp-json\/wp\/v2\/types\/page"}],"author":[{"embeddable":true,"href":"http:\/\/www.cronopio.de\/kunstimoeffentlichenraum\/wp-json\/wp\/v2\/users\/2"}],"replies":[{"embeddable":true,"href":"http:\/\/www.cronopio.de\/kunstimoeffentlichenraum\/wp-json\/wp\/v2\/comments?post=21"}],"version-history":[{"count":7,"href":"http:\/\/www.cronopio.de\/kunstimoeffentlichenraum\/wp-json\/wp\/v2\/pages\/21\/revisions"}],"predecessor-version":[{"id":590,"href":"http:\/\/www.cronopio.de\/kunstimoeffentlichenraum\/wp-json\/wp\/v2\/pages\/21\/revisions\/590"}],"wp:attachment":[{"href":"http:\/\/www.cronopio.de\/kunstimoeffentlichenraum\/wp-json\/wp\/v2\/media?parent=21"}],"curies":[{"name":"wp","href":"https:\/\/api.w.org\/{rel}","templated":true}]}}