{"id":143,"date":"2020-07-27T22:05:41","date_gmt":"2020-07-27T20:05:41","guid":{"rendered":"http:\/\/www.cronopio.de\/kunstimoeffentlichenraum\/?page_id=143"},"modified":"2020-08-26T20:57:00","modified_gmt":"2020-08-26T18:57:00","slug":"karl-novak","status":"publish","type":"page","link":"http:\/\/www.cronopio.de\/kunstimoeffentlichenraum\/kuenstler\/karl-novak\/","title":{"rendered":"Karl Novak"},"content":{"rendered":"\n<div class=\"wp-block-image\"><figure class=\"alignleft size-large\"><img loading=\"lazy\" decoding=\"async\" width=\"226\" height=\"228\" src=\"http:\/\/www.cronopio.de\/kunstimoeffentlichenraum\/wp-content\/uploads\/sites\/11\/2020\/07\/grafik-2.png\" alt=\"\" class=\"wp-image-178\" srcset=\"http:\/\/www.cronopio.de\/kunstimoeffentlichenraum\/wp-content\/uploads\/sites\/11\/2020\/07\/grafik-2.png 226w, http:\/\/www.cronopio.de\/kunstimoeffentlichenraum\/wp-content\/uploads\/sites\/11\/2020\/07\/grafik-2-150x150.png 150w, http:\/\/www.cronopio.de\/kunstimoeffentlichenraum\/wp-content\/uploads\/sites\/11\/2020\/07\/grafik-2-198x200.png 198w\" sizes=\"auto, (max-width: 226px) 100vw, 226px\" \/><\/figure><\/div>\n\n\n\n<p class=\"wp-block-paragraph\">*18. M\u00e4rz 1942 in Wien, \u202014. Mai 2020 in Wien<\/p>\n\n\n\n<p class=\"wp-block-paragraph\">Novak \u00fcbte zun\u00e4chst den erlernten Beruf eines Technikers f\u00fcr Feuerwehrger\u00e4tschaften aus. Rund 20 Jahre besch\u00e4ftigte er sich neben seinem Brotberuf mit Stein und Holz, bis er sich in der Mitte seines Lebens endg\u00fcltig f\u00fcr die T\u00e4tigkeit eines freischaffenden Bildhauers entschied.<\/p>\n\n\n\n<p class=\"wp-block-paragraph\">1975 erste Skulpturen aus Edelserpentin und Holz<br>ab 1985 eigenes Bildhaueratelier in Wien. Autodidakt<br>1989\u20132017 Mitglied des Klosterneuburger K\u00fcnstlerbundes<br>1990\u20132020 Mitglied des M\u00f6dlinger K\u00fcnstlerbundes<br>1996 Ankauf eines gro\u00dfen Natursteinbrunnens aus Serpentin durch das Donaukraftwerk Ybbs-Persenbeug<br>1998 Ankauf des Skulptur \u201eW\u00e4chter der Au\u201c aus Ahornholz durch das Donaukraftwerk Freudenau<br>1997-2006 Leitung der Sektion Bildhauerei der Berufsvereinigung bildender K\u00fcnstler \u00d6sterreichs, Landesverband Wien, N\u00d6 und Burgenland<br>Leitung des Archivs, Digitalisierung der Stammdaten von \u00fcber 10.000 Personen als Grundlage eines biographischen Lexikons \u00f6sterreichischer Bildhauer des 20. Jahrhunderts<br>2003 Errichtung eines Mahnmals am Ort der ehemaligen Synagoge in M\u00f6dling<br>2006\u20132016 Pr\u00e4sident der Berufsvereinigung der bildenden K\u00fcnstler \u00d6sterreichs, Landesverband Wien, N\u00d6, Burgenland<br>2007\u20132015 Pr\u00e4sident des Zentralverbandes der Berufsvereinigung der bildenden K\u00fcnstler \u00d6sterreichs<br>Zahlreiche Ausstellungsbeteiligungen in \u00d6sterreich, Ungarn und Deutschland.<br><\/p>\n\n\n\n<p class=\"wp-block-paragraph\"><strong>Preise und Auszeichnungen:<br><\/strong>1993 Theodor K\u00f6rner F\u00f6rderpreis<br>2018 Goldenes Ehrenzeichen f\u00fcr Verdienste um die Republik \u00d6sterreich<\/p>\n\n\n\n<div class=\"wp-block-themeisle-blocks-advanced-columns has-1-columns has-desktop-equal-layout has-tablet-equal-layout has-mobile-equal-layout has-default-gap has-vertical-unset\" id=\"wp-block-themeisle-blocks-advanced-columns-6cbc8761\"><div class=\"wp-block-themeisle-blocks-advanced-columns-overlay\"><\/div><div class=\"innerblocks-wrap\">\n<div class=\"wp-block-themeisle-blocks-advanced-column\" id=\"wp-block-themeisle-blocks-advanced-column-9941c3ea\">\n<div class=\"wp-block-group\"><div class=\"wp-block-group__inner-container is-layout-flow wp-block-group-is-layout-flow\">\n<div class=\"wp-block-group\"><div class=\"wp-block-group__inner-container is-layout-flow wp-block-group-is-layout-flow\">\n<div class=\"wp-block-image\"><figure class=\"aligncenter size-large\"><img loading=\"lazy\" decoding=\"async\" width=\"1024\" height=\"897\" src=\"http:\/\/www.cronopio.de\/kunstimoeffentlichenraum\/wp-content\/uploads\/sites\/11\/2020\/08\/P8261515-1024x897.jpg\" alt=\"\" class=\"wp-image-392\" srcset=\"http:\/\/www.cronopio.de\/kunstimoeffentlichenraum\/wp-content\/uploads\/sites\/11\/2020\/08\/P8261515-1024x897.jpg 1024w, http:\/\/www.cronopio.de\/kunstimoeffentlichenraum\/wp-content\/uploads\/sites\/11\/2020\/08\/P8261515-300x263.jpg 300w, http:\/\/www.cronopio.de\/kunstimoeffentlichenraum\/wp-content\/uploads\/sites\/11\/2020\/08\/P8261515-768x672.jpg 768w, http:\/\/www.cronopio.de\/kunstimoeffentlichenraum\/wp-content\/uploads\/sites\/11\/2020\/08\/P8261515-1536x1345.jpg 1536w, http:\/\/www.cronopio.de\/kunstimoeffentlichenraum\/wp-content\/uploads\/sites\/11\/2020\/08\/P8261515-2048x1793.jpg 2048w, http:\/\/www.cronopio.de\/kunstimoeffentlichenraum\/wp-content\/uploads\/sites\/11\/2020\/08\/P8261515-228x200.jpg 228w\" sizes=\"auto, (max-width: 1024px) 100vw, 1024px\" \/><\/figure><\/div>\n\n\n\n<p class=\"has-text-align-center wp-block-paragraph\">Werkst\u00fcck aus dem Nachlass von Karl Novak<\/p>\n<\/div><\/div>\n<\/div><\/div>\n<\/div>\n<\/div><\/div>\n\n\n\n<p class=\"wp-block-paragraph\"><\/p>\n","protected":false},"excerpt":{"rendered":"<p>*18. M\u00e4rz 1942 in Wien, \u202014. Mai 2020 in Wien Novak \u00fcbte zun\u00e4chst den erlernten Beruf eines Technikers f\u00fcr Feuerwehrger\u00e4tschaften aus. Rund 20 Jahre besch\u00e4ftigte er sich neben seinem Brotberuf mit Stein und Holz, bis er sich in der Mitte seines Lebens endg\u00fcltig f\u00fcr die T\u00e4tigkeit eines freischaffenden Bildhauers entschied. &hellip;<\/p>\n","protected":false},"author":2,"featured_media":0,"parent":37,"menu_order":0,"comment_status":"closed","ping_status":"closed","template":"","meta":{"_crdt_document":"","_themeisle_gutenberg_block_has_review":false,"h5ap_radio_sources":[],"footnotes":""},"class_list":["post-143","page","type-page","status-publish","hentry"],"_links":{"self":[{"href":"http:\/\/www.cronopio.de\/kunstimoeffentlichenraum\/wp-json\/wp\/v2\/pages\/143","targetHints":{"allow":["GET"]}}],"collection":[{"href":"http:\/\/www.cronopio.de\/kunstimoeffentlichenraum\/wp-json\/wp\/v2\/pages"}],"about":[{"href":"http:\/\/www.cronopio.de\/kunstimoeffentlichenraum\/wp-json\/wp\/v2\/types\/page"}],"author":[{"embeddable":true,"href":"http:\/\/www.cronopio.de\/kunstimoeffentlichenraum\/wp-json\/wp\/v2\/users\/2"}],"replies":[{"embeddable":true,"href":"http:\/\/www.cronopio.de\/kunstimoeffentlichenraum\/wp-json\/wp\/v2\/comments?post=143"}],"version-history":[{"count":6,"href":"http:\/\/www.cronopio.de\/kunstimoeffentlichenraum\/wp-json\/wp\/v2\/pages\/143\/revisions"}],"predecessor-version":[{"id":393,"href":"http:\/\/www.cronopio.de\/kunstimoeffentlichenraum\/wp-json\/wp\/v2\/pages\/143\/revisions\/393"}],"up":[{"embeddable":true,"href":"http:\/\/www.cronopio.de\/kunstimoeffentlichenraum\/wp-json\/wp\/v2\/pages\/37"}],"wp:attachment":[{"href":"http:\/\/www.cronopio.de\/kunstimoeffentlichenraum\/wp-json\/wp\/v2\/media?parent=143"}],"curies":[{"name":"wp","href":"https:\/\/api.w.org\/{rel}","templated":true}]}}