{"id":141,"date":"2020-07-27T22:05:16","date_gmt":"2020-07-27T20:05:16","guid":{"rendered":"http:\/\/www.cronopio.de\/kunstimoeffentlichenraum\/?page_id=141"},"modified":"2020-08-28T21:03:37","modified_gmt":"2020-08-28T19:03:37","slug":"josef-schagerl","status":"publish","type":"page","link":"http:\/\/www.cronopio.de\/kunstimoeffentlichenraum\/kuenstler\/josef-schagerl\/","title":{"rendered":"Josef Schagerl"},"content":{"rendered":"\n<div class=\"wp-block-group\"><div class=\"wp-block-group__inner-container is-layout-flow wp-block-group-is-layout-flow\">\n<p class=\"wp-block-paragraph\"><\/p>\n<\/div><\/div>\n\n\n\n<div class=\"wp-block-image\"><figure class=\"alignleft size-large\"><img loading=\"lazy\" decoding=\"async\" width=\"228\" height=\"267\" src=\"http:\/\/www.cronopio.de\/kunstimoeffentlichenraum\/wp-content\/uploads\/sites\/11\/2020\/07\/grafik-1.png\" alt=\"\" class=\"wp-image-172\" srcset=\"http:\/\/www.cronopio.de\/kunstimoeffentlichenraum\/wp-content\/uploads\/sites\/11\/2020\/07\/grafik-1.png 228w, http:\/\/www.cronopio.de\/kunstimoeffentlichenraum\/wp-content\/uploads\/sites\/11\/2020\/07\/grafik-1-171x200.png 171w\" sizes=\"auto, (max-width: 228px) 100vw, 228px\" \/><\/figure><\/div>\n\n\n\n<p class=\"wp-block-paragraph\">*25. August 1923 in Peutenberg bei Scheibbs\/N\u00d6 als Sohn des Bildhauers Josef Schagerl sen. (1872-1953) und seiner Frau Rosa<\/p>\n\n\n\n<p class=\"wp-block-paragraph\"><strong>Werdegang<\/strong>:<br>1934\u20131938 neben dem Schulbesuch Mitarbeit im Bildhauer-Atelier des Vaters<br>1938\u20131941 Tischlerlehre mit Gesellenbrief<br>Segelfliegen mit Luftfahrschein<br>1941\u20131946 Arbeitsdienst mit Kampffliegerausbildung<br>Kriegsgefangenschaft<br>1946 Studienbeginn an der Akademie der bildenden K\u00fcnste Wien. Meisterschule f\u00fcr Bildhauer<br>1951 Parisstipendium<br>1952 Diplom als akademischer Bildhauer<br>1951\u20131964 Mitarbeit als Restaurator am Wiederaufbau u.a.: Hofburg, Gloriette, Belvedere, Naturhist. Museum<br>seit 1952 selbst\u00e4ndig freischaffender Bildhauer im ehem. Pendl-Atelier, 1020 Wien, Wehlistra\u00dfe 226<br>ab 1961 auch im Atelier 1020 Wien, Handelskai 224<br>1953 Heirat mit der Kunststudentin Gertrude Schreiber<br>1961 Beteiligung am 1. Stahlsymposion in Kapfenberg \u2013 B\u00f6hlerwerke, Lehrwerkst\u00e4tte f\u00fcr Schwei\u00dftechnik<br>1961\u20131980 Mitglied der K\u00fcnstlergruppe \u201eDer Kreis\u201c, 1972\u20131977 deren Pr\u00e4sident<br>1964\u20131969 Mitglied der \u201eGruppe N\u00d6\u201c<br>1964\u20131978 beim \u201eK\u00fcnstlerzentrum Schlo\u00df Parz\u201c O\u00d6<br>1967 Beteiligung am Marmorsymposion \u201eBeli Vencac\u201c, Arandjelovac (Serbien)<br>1973 Erwerb der gotischen Johanniskapelle (1171) mit Ensemble in Rafing bei Pulkau: Restaurierung, Sanierung, Adaptierung zu Ateliers, Ausstellungsr\u00e4umen und einer Freilichtgalerie<br>1975 <a href=\"http:\/\/www.cronopio.de\/kunstimoeffentlichenraum\/metallplastiken\/meteorit-iii\/\">Meteorit III Chrom-Nickel-Stahl<\/a>,  M\u00f6dling, Kronprinzessin Stefaniegasse<br>1976 Verleihung des Berufstitels Professor<br>1990\u20131996 Kursleiter \u201eGestalten in Metall\u201c f\u00fcr das Stift Geras in Rafing<br>1991 Workshop in Muskat, Wadi al Kabirh (Sultanat Oman)<\/p>\n\n\n\n<figure class=\"wp-block-gallery columns-2 wp-block-gallery-1 is-layout-flex wp-block-gallery-is-layout-flex\"><ul class=\"blocks-gallery-grid\"><li class=\"blocks-gallery-item\"><figure><img loading=\"lazy\" decoding=\"async\" width=\"1024\" height=\"998\" src=\"http:\/\/www.cronopio.de\/kunstimoeffentlichenraum\/wp-content\/uploads\/sites\/11\/2020\/08\/DSC09161-2-1024x998.jpg\" alt=\"\" data-id=\"525\" data-full-url=\"http:\/\/www.cronopio.de\/kunstimoeffentlichenraum\/wp-content\/uploads\/sites\/11\/2020\/08\/DSC09161-2.jpg\" data-link=\"http:\/\/www.cronopio.de\/kunstimoeffentlichenraum\/kuenstler\/josef-schagerl\/sony-dsc\/\" class=\"wp-image-525\" srcset=\"http:\/\/www.cronopio.de\/kunstimoeffentlichenraum\/wp-content\/uploads\/sites\/11\/2020\/08\/DSC09161-2-1024x998.jpg 1024w, http:\/\/www.cronopio.de\/kunstimoeffentlichenraum\/wp-content\/uploads\/sites\/11\/2020\/08\/DSC09161-2-300x292.jpg 300w, http:\/\/www.cronopio.de\/kunstimoeffentlichenraum\/wp-content\/uploads\/sites\/11\/2020\/08\/DSC09161-2-768x749.jpg 768w, http:\/\/www.cronopio.de\/kunstimoeffentlichenraum\/wp-content\/uploads\/sites\/11\/2020\/08\/DSC09161-2-205x200.jpg 205w, http:\/\/www.cronopio.de\/kunstimoeffentlichenraum\/wp-content\/uploads\/sites\/11\/2020\/08\/DSC09161-2.jpg 1068w\" sizes=\"auto, (max-width: 1024px) 100vw, 1024px\" \/><figcaption class=\"blocks-gallery-item__caption\">M\u00e4rz 2009 Er\u00f6ffnung der Photographie Ausstellung<br>Prof. Karlheinz Pilcz im Gespr\u00e4ch mit Prof. Josef Schagerl<\/figcaption><\/figure><\/li><li class=\"blocks-gallery-item\"><figure><img loading=\"lazy\" decoding=\"async\" width=\"768\" height=\"1024\" src=\"http:\/\/www.cronopio.de\/kunstimoeffentlichenraum\/wp-content\/uploads\/sites\/11\/2020\/08\/IMG_1679-768x1024.jpg\" alt=\"\" data-id=\"526\" data-full-url=\"http:\/\/www.cronopio.de\/kunstimoeffentlichenraum\/wp-content\/uploads\/sites\/11\/2020\/08\/IMG_1679-scaled.jpg\" data-link=\"http:\/\/www.cronopio.de\/kunstimoeffentlichenraum\/kuenstler\/josef-schagerl\/img_1679\/\" class=\"wp-image-526\" srcset=\"http:\/\/www.cronopio.de\/kunstimoeffentlichenraum\/wp-content\/uploads\/sites\/11\/2020\/08\/IMG_1679-768x1024.jpg 768w, http:\/\/www.cronopio.de\/kunstimoeffentlichenraum\/wp-content\/uploads\/sites\/11\/2020\/08\/IMG_1679-225x300.jpg 225w, http:\/\/www.cronopio.de\/kunstimoeffentlichenraum\/wp-content\/uploads\/sites\/11\/2020\/08\/IMG_1679-1152x1536.jpg 1152w, http:\/\/www.cronopio.de\/kunstimoeffentlichenraum\/wp-content\/uploads\/sites\/11\/2020\/08\/IMG_1679-1536x2048.jpg 1536w, http:\/\/www.cronopio.de\/kunstimoeffentlichenraum\/wp-content\/uploads\/sites\/11\/2020\/08\/IMG_1679-150x200.jpg 150w, http:\/\/www.cronopio.de\/kunstimoeffentlichenraum\/wp-content\/uploads\/sites\/11\/2020\/08\/IMG_1679-scaled.jpg 1920w\" sizes=\"auto, (max-width: 768px) 100vw, 768px\" \/><figcaption class=\"blocks-gallery-item__caption\">Kapelle in Rafing bei Pulkau und Freilichtgalerie<\/figcaption><\/figure><\/li><\/ul><\/figure>\n\n\n\n<p class=\"wp-block-paragraph\"><strong>Preise und Auszeichnungen<\/strong>:<br>1951 F\u00f6rderungspreis d. franz\u00f6sischen Hochkommissars<br>1962 F\u00f6rderungspreis des Wiener Kunstfonds<br>1964 2. Wettbewerbspreis Wiener intern. Gartenschau 64<br>1965 Preis der Theodor K\u00f6rner Stiftung<br>1966 F\u00f6rderungspreis des Landes Nieder\u00f6sterreich<br>1967 F\u00f6rderungspreis der Stadt Wien<br>1968 Diplom und Silbermedaille der Biennale Rzezby W. Metalu Warszawa<br>1972 1. Wettbewerbspreis f\u00fcr k\u00fcnstlerische Innengestaltung u. Sakralgegenst\u00e4nde in der Pfarrkirche B\u00f6hlerwerk, Ybbs<br>1973 Kulturpreis der Stadt Wien f\u00fcr Bildhauerei<br>1979 Kulturpreis des Landes Nieder\u00f6sterreich<br>1984 Ehrenmedaille in Silber der Bundeshauptstadt Wien<br>2000 Gold. Ehrenzeichen f\u00fcr Verdienste um das Bundesland N\u00d6<\/p>\n\n\n\n<figure class=\"wp-block-gallery aligncenter columns-3 wp-block-gallery-2 is-layout-flex wp-block-gallery-is-layout-flex\"><ul class=\"blocks-gallery-grid\"><li class=\"blocks-gallery-item\"><figure><img loading=\"lazy\" decoding=\"async\" width=\"1024\" height=\"941\" src=\"http:\/\/www.cronopio.de\/kunstimoeffentlichenraum\/wp-content\/uploads\/sites\/11\/2020\/08\/P8261552-1-1024x941.jpg\" alt=\"\" data-id=\"515\" data-full-url=\"http:\/\/www.cronopio.de\/kunstimoeffentlichenraum\/wp-content\/uploads\/sites\/11\/2020\/08\/P8261552-1.jpg\" data-link=\"http:\/\/www.cronopio.de\/kunstimoeffentlichenraum\/kuenstler\/josef-schagerl\/olympus-digital-camera-73\/\" class=\"wp-image-515\" srcset=\"http:\/\/www.cronopio.de\/kunstimoeffentlichenraum\/wp-content\/uploads\/sites\/11\/2020\/08\/P8261552-1-1024x941.jpg 1024w, http:\/\/www.cronopio.de\/kunstimoeffentlichenraum\/wp-content\/uploads\/sites\/11\/2020\/08\/P8261552-1-300x276.jpg 300w, http:\/\/www.cronopio.de\/kunstimoeffentlichenraum\/wp-content\/uploads\/sites\/11\/2020\/08\/P8261552-1-768x706.jpg 768w, http:\/\/www.cronopio.de\/kunstimoeffentlichenraum\/wp-content\/uploads\/sites\/11\/2020\/08\/P8261552-1-1536x1412.jpg 1536w, http:\/\/www.cronopio.de\/kunstimoeffentlichenraum\/wp-content\/uploads\/sites\/11\/2020\/08\/P8261552-1-2048x1882.jpg 2048w, http:\/\/www.cronopio.de\/kunstimoeffentlichenraum\/wp-content\/uploads\/sites\/11\/2020\/08\/P8261552-1-218x200.jpg 218w\" sizes=\"auto, (max-width: 1024px) 100vw, 1024px\" \/><figcaption class=\"blocks-gallery-item__caption\">SONNE signiert SCHAG MM 216 197<\/figcaption><\/figure><\/li><li class=\"blocks-gallery-item\"><figure><img loading=\"lazy\" decoding=\"async\" width=\"768\" height=\"1024\" src=\"http:\/\/www.cronopio.de\/kunstimoeffentlichenraum\/wp-content\/uploads\/sites\/11\/2020\/08\/P8261555-1-768x1024.jpg\" alt=\"\" data-id=\"517\" data-full-url=\"http:\/\/www.cronopio.de\/kunstimoeffentlichenraum\/wp-content\/uploads\/sites\/11\/2020\/08\/P8261555-1-scaled.jpg\" data-link=\"http:\/\/www.cronopio.de\/kunstimoeffentlichenraum\/kuenstler\/josef-schagerl\/olympus-digital-camera-75\/\" class=\"wp-image-517\" srcset=\"http:\/\/www.cronopio.de\/kunstimoeffentlichenraum\/wp-content\/uploads\/sites\/11\/2020\/08\/P8261555-1-768x1024.jpg 768w, http:\/\/www.cronopio.de\/kunstimoeffentlichenraum\/wp-content\/uploads\/sites\/11\/2020\/08\/P8261555-1-225x300.jpg 225w, http:\/\/www.cronopio.de\/kunstimoeffentlichenraum\/wp-content\/uploads\/sites\/11\/2020\/08\/P8261555-1-1152x1536.jpg 1152w, http:\/\/www.cronopio.de\/kunstimoeffentlichenraum\/wp-content\/uploads\/sites\/11\/2020\/08\/P8261555-1-1536x2048.jpg 1536w, http:\/\/www.cronopio.de\/kunstimoeffentlichenraum\/wp-content\/uploads\/sites\/11\/2020\/08\/P8261555-1-150x200.jpg 150w, http:\/\/www.cronopio.de\/kunstimoeffentlichenraum\/wp-content\/uploads\/sites\/11\/2020\/08\/P8261555-1-scaled.jpg 1920w\" sizes=\"auto, (max-width: 768px) 100vw, 768px\" \/><figcaption class=\"blocks-gallery-item__caption\">NIKE 1987 Holz 40x18x18cm Entw. Modell 1:10<br>f\u00fcr die neue Erlaufbr\u00fccke in Scheibbs<\/figcaption><\/figure><\/li><li class=\"blocks-gallery-item\"><figure><img loading=\"lazy\" decoding=\"async\" width=\"1020\" height=\"1024\" src=\"http:\/\/www.cronopio.de\/kunstimoeffentlichenraum\/wp-content\/uploads\/sites\/11\/2020\/08\/P8261556-1-1020x1024.jpg\" alt=\"\" data-id=\"518\" data-full-url=\"http:\/\/www.cronopio.de\/kunstimoeffentlichenraum\/wp-content\/uploads\/sites\/11\/2020\/08\/P8261556-1.jpg\" data-link=\"http:\/\/www.cronopio.de\/kunstimoeffentlichenraum\/kuenstler\/josef-schagerl\/olympus-digital-camera-76\/\" class=\"wp-image-518\" srcset=\"http:\/\/www.cronopio.de\/kunstimoeffentlichenraum\/wp-content\/uploads\/sites\/11\/2020\/08\/P8261556-1-1020x1024.jpg 1020w, http:\/\/www.cronopio.de\/kunstimoeffentlichenraum\/wp-content\/uploads\/sites\/11\/2020\/08\/P8261556-1-300x300.jpg 300w, http:\/\/www.cronopio.de\/kunstimoeffentlichenraum\/wp-content\/uploads\/sites\/11\/2020\/08\/P8261556-1-150x150.jpg 150w, http:\/\/www.cronopio.de\/kunstimoeffentlichenraum\/wp-content\/uploads\/sites\/11\/2020\/08\/P8261556-1-768x771.jpg 768w, http:\/\/www.cronopio.de\/kunstimoeffentlichenraum\/wp-content\/uploads\/sites\/11\/2020\/08\/P8261556-1-1530x1536.jpg 1530w, http:\/\/www.cronopio.de\/kunstimoeffentlichenraum\/wp-content\/uploads\/sites\/11\/2020\/08\/P8261556-1-2039x2048.jpg 2039w, http:\/\/www.cronopio.de\/kunstimoeffentlichenraum\/wp-content\/uploads\/sites\/11\/2020\/08\/P8261556-1-199x200.jpg 199w\" sizes=\"auto, (max-width: 1020px) 100vw, 1020px\" \/><figcaption class=\"blocks-gallery-item__caption\">SCHAGERL MS 466 2001<\/figcaption><\/figure><\/li><li class=\"blocks-gallery-item\"><figure><img loading=\"lazy\" decoding=\"async\" width=\"801\" height=\"1024\" src=\"http:\/\/www.cronopio.de\/kunstimoeffentlichenraum\/wp-content\/uploads\/sites\/11\/2020\/08\/P8281646-1-801x1024.jpg\" alt=\"\" data-id=\"520\" data-full-url=\"http:\/\/www.cronopio.de\/kunstimoeffentlichenraum\/wp-content\/uploads\/sites\/11\/2020\/08\/P8281646-1.jpg\" data-link=\"http:\/\/www.cronopio.de\/kunstimoeffentlichenraum\/kuenstler\/josef-schagerl\/olympus-digital-camera-78\/\" class=\"wp-image-520\" srcset=\"http:\/\/www.cronopio.de\/kunstimoeffentlichenraum\/wp-content\/uploads\/sites\/11\/2020\/08\/P8281646-1-801x1024.jpg 801w, http:\/\/www.cronopio.de\/kunstimoeffentlichenraum\/wp-content\/uploads\/sites\/11\/2020\/08\/P8281646-1-235x300.jpg 235w, http:\/\/www.cronopio.de\/kunstimoeffentlichenraum\/wp-content\/uploads\/sites\/11\/2020\/08\/P8281646-1-768x982.jpg 768w, http:\/\/www.cronopio.de\/kunstimoeffentlichenraum\/wp-content\/uploads\/sites\/11\/2020\/08\/P8281646-1-1202x1536.jpg 1202w, http:\/\/www.cronopio.de\/kunstimoeffentlichenraum\/wp-content\/uploads\/sites\/11\/2020\/08\/P8281646-1-1602x2048.jpg 1602w, http:\/\/www.cronopio.de\/kunstimoeffentlichenraum\/wp-content\/uploads\/sites\/11\/2020\/08\/P8281646-1-156x200.jpg 156w, http:\/\/www.cronopio.de\/kunstimoeffentlichenraum\/wp-content\/uploads\/sites\/11\/2020\/08\/P8281646-1.jpg 1848w\" sizes=\"auto, (max-width: 801px) 100vw, 801px\" \/><figcaption class=\"blocks-gallery-item__caption\">\u201eICH GEGEN MICH\u201c 34x26c15cm, SCHAG MS 476 2001<\/figcaption><\/figure><\/li><li class=\"blocks-gallery-item\"><figure><img loading=\"lazy\" decoding=\"async\" width=\"878\" height=\"1024\" src=\"http:\/\/www.cronopio.de\/kunstimoeffentlichenraum\/wp-content\/uploads\/sites\/11\/2020\/08\/P8281647-1-878x1024.jpg\" alt=\"\" data-id=\"522\" data-full-url=\"http:\/\/www.cronopio.de\/kunstimoeffentlichenraum\/wp-content\/uploads\/sites\/11\/2020\/08\/P8281647-1.jpg\" data-link=\"http:\/\/www.cronopio.de\/kunstimoeffentlichenraum\/kuenstler\/josef-schagerl\/olympus-digital-camera-80\/\" class=\"wp-image-522\" srcset=\"http:\/\/www.cronopio.de\/kunstimoeffentlichenraum\/wp-content\/uploads\/sites\/11\/2020\/08\/P8281647-1-878x1024.jpg 878w, http:\/\/www.cronopio.de\/kunstimoeffentlichenraum\/wp-content\/uploads\/sites\/11\/2020\/08\/P8281647-1-257x300.jpg 257w, http:\/\/www.cronopio.de\/kunstimoeffentlichenraum\/wp-content\/uploads\/sites\/11\/2020\/08\/P8281647-1-768x895.jpg 768w, http:\/\/www.cronopio.de\/kunstimoeffentlichenraum\/wp-content\/uploads\/sites\/11\/2020\/08\/P8281647-1-1318x1536.jpg 1318w, http:\/\/www.cronopio.de\/kunstimoeffentlichenraum\/wp-content\/uploads\/sites\/11\/2020\/08\/P8281647-1-172x200.jpg 172w, http:\/\/www.cronopio.de\/kunstimoeffentlichenraum\/wp-content\/uploads\/sites\/11\/2020\/08\/P8281647-1.jpg 1725w\" sizes=\"auto, (max-width: 878px) 100vw, 878px\" \/><figcaption class=\"blocks-gallery-item__caption\">KREUZ signiert SCHAG 2002 ST M 467<\/figcaption><\/figure><\/li><\/ul><\/figure>\n","protected":false},"excerpt":{"rendered":"<p>*25. August 1923 in Peutenberg bei Scheibbs\/N\u00d6 als Sohn des Bildhauers Josef Schagerl sen. (1872-1953) und seiner Frau Rosa Werdegang:1934\u20131938 neben dem Schulbesuch Mitarbeit im Bildhauer-Atelier des Vaters1938\u20131941 Tischlerlehre mit GesellenbriefSegelfliegen mit Luftfahrschein1941\u20131946 Arbeitsdienst mit KampffliegerausbildungKriegsgefangenschaft1946 Studienbeginn an der Akademie der bildenden K\u00fcnste Wien. Meisterschule f\u00fcr Bildhauer1951 Parisstipendium1952 Diplom als &hellip;<\/p>\n","protected":false},"author":2,"featured_media":0,"parent":37,"menu_order":0,"comment_status":"closed","ping_status":"closed","template":"","meta":{"_crdt_document":"","_themeisle_gutenberg_block_has_review":false,"h5ap_radio_sources":[],"footnotes":""},"class_list":["post-141","page","type-page","status-publish","hentry"],"_links":{"self":[{"href":"http:\/\/www.cronopio.de\/kunstimoeffentlichenraum\/wp-json\/wp\/v2\/pages\/141","targetHints":{"allow":["GET"]}}],"collection":[{"href":"http:\/\/www.cronopio.de\/kunstimoeffentlichenraum\/wp-json\/wp\/v2\/pages"}],"about":[{"href":"http:\/\/www.cronopio.de\/kunstimoeffentlichenraum\/wp-json\/wp\/v2\/types\/page"}],"author":[{"embeddable":true,"href":"http:\/\/www.cronopio.de\/kunstimoeffentlichenraum\/wp-json\/wp\/v2\/users\/2"}],"replies":[{"embeddable":true,"href":"http:\/\/www.cronopio.de\/kunstimoeffentlichenraum\/wp-json\/wp\/v2\/comments?post=141"}],"version-history":[{"count":9,"href":"http:\/\/www.cronopio.de\/kunstimoeffentlichenraum\/wp-json\/wp\/v2\/pages\/141\/revisions"}],"predecessor-version":[{"id":528,"href":"http:\/\/www.cronopio.de\/kunstimoeffentlichenraum\/wp-json\/wp\/v2\/pages\/141\/revisions\/528"}],"up":[{"embeddable":true,"href":"http:\/\/www.cronopio.de\/kunstimoeffentlichenraum\/wp-json\/wp\/v2\/pages\/37"}],"wp:attachment":[{"href":"http:\/\/www.cronopio.de\/kunstimoeffentlichenraum\/wp-json\/wp\/v2\/media?parent=141"}],"curies":[{"name":"wp","href":"https:\/\/api.w.org\/{rel}","templated":true}]}}