{"id":137,"date":"2020-07-27T22:04:35","date_gmt":"2020-07-27T20:04:35","guid":{"rendered":"http:\/\/www.cronopio.de\/kunstimoeffentlichenraum\/?page_id=137"},"modified":"2020-08-26T21:32:24","modified_gmt":"2020-08-26T19:32:24","slug":"rudolf-kircher","status":"publish","type":"page","link":"http:\/\/www.cronopio.de\/kunstimoeffentlichenraum\/kuenstler\/rudolf-kircher\/","title":{"rendered":"Rudolf Kircher"},"content":{"rendered":"\n<div class=\"wp-block-image\"><figure class=\"alignleft size-large\"><img loading=\"lazy\" decoding=\"async\" width=\"267\" height=\"372\" src=\"http:\/\/www.cronopio.de\/kunstimoeffentlichenraum\/wp-content\/uploads\/sites\/11\/2020\/07\/grafik-5.png\" alt=\"\" class=\"wp-image-286\" srcset=\"http:\/\/www.cronopio.de\/kunstimoeffentlichenraum\/wp-content\/uploads\/sites\/11\/2020\/07\/grafik-5.png 267w, http:\/\/www.cronopio.de\/kunstimoeffentlichenraum\/wp-content\/uploads\/sites\/11\/2020\/07\/grafik-5-215x300.png 215w, http:\/\/www.cronopio.de\/kunstimoeffentlichenraum\/wp-content\/uploads\/sites\/11\/2020\/07\/grafik-5-144x200.png 144w\" sizes=\"auto, (max-width: 267px) 100vw, 267px\" \/><\/figure><\/div>\n\n\n\n<p class=\"wp-block-paragraph\">*23.1.1943 in M\u00f6dling,<br>\u202022.1.1985 in Wien<\/p>\n\n\n\n<p class=\"wp-block-paragraph\">Rudolf Kircher war gelernter Werkzeugschlosser.<br>Besuch einer Abendhandelsschule, 1978 B-Matura<\/p>\n\n\n\n<p class=\"wp-block-paragraph\"><strong>Berufliche Laufbahn:<\/strong><br>Anstellung bei der Stadtgemeinde M\u00f6dling: Kammeramt, Staatsb\u00fcrgerschaftsverband, Standesbeamter, Betriebsrat<\/p>\n\n\n\n<p class=\"wp-block-paragraph\"><strong>K\u00fcnstlerische T\u00e4tigkeiten:<\/strong><br>Etwa 1965 beginnt er, Bilder nachzumalen.<br>Besuch von VHS-Kursen f\u00fcr Zeichnen und Malen bei Prof. Karl Heigl<br>Kircher malt vorwiegend Aquarell und \u00d6lfarben mit Wasser gemischt.<br>Studienreisen nach Italien, Jugoslawien und Frankreich<br>Zu seinen Arbeiten z\u00e4hlt unter anderem der Steinsockel des <a href=\"http:\/\/www.cronopio.de\/kunstimoeffentlichenraum\/metallplastiken\/umweltschutz-denkmal\/\">Umweltschutz-Denkmals<\/a> im M\u00f6dlinger Kurpark.<\/p>\n\n\n\n<p class=\"wp-block-paragraph\"><strong>Ausstellungen<\/strong>: in Graz, Klagenfurt, Grieskirchen, Kursalon M\u00f6dling, Galerie Modena Art Wien<\/p>\n\n\n\n<p class=\"wp-block-paragraph\">Mitglied des M\u00f6dlinger K\u00fcnstlerbundes<\/p>\n\n\n\n<figure class=\"wp-block-gallery columns-3 wp-block-gallery-1 is-layout-flex wp-block-gallery-is-layout-flex\"><ul class=\"blocks-gallery-grid\"><li class=\"blocks-gallery-item\"><figure><img loading=\"lazy\" decoding=\"async\" width=\"2060\" height=\"2560\" src=\"http:\/\/www.cronopio.de\/kunstimoeffentlichenraum\/wp-content\/uploads\/sites\/11\/2020\/08\/P8261529-scaled.jpg\" alt=\"\" data-id=\"404\" class=\"wp-image-404\" srcset=\"http:\/\/www.cronopio.de\/kunstimoeffentlichenraum\/wp-content\/uploads\/sites\/11\/2020\/08\/P8261529-scaled.jpg 2060w, http:\/\/www.cronopio.de\/kunstimoeffentlichenraum\/wp-content\/uploads\/sites\/11\/2020\/08\/P8261529-241x300.jpg 241w, http:\/\/www.cronopio.de\/kunstimoeffentlichenraum\/wp-content\/uploads\/sites\/11\/2020\/08\/P8261529-824x1024.jpg 824w, http:\/\/www.cronopio.de\/kunstimoeffentlichenraum\/wp-content\/uploads\/sites\/11\/2020\/08\/P8261529-768x954.jpg 768w, http:\/\/www.cronopio.de\/kunstimoeffentlichenraum\/wp-content\/uploads\/sites\/11\/2020\/08\/P8261529-1236x1536.jpg 1236w, http:\/\/www.cronopio.de\/kunstimoeffentlichenraum\/wp-content\/uploads\/sites\/11\/2020\/08\/P8261529-1648x2048.jpg 1648w, http:\/\/www.cronopio.de\/kunstimoeffentlichenraum\/wp-content\/uploads\/sites\/11\/2020\/08\/P8261529-161x200.jpg 161w\" sizes=\"auto, (max-width: 2060px) 100vw, 2060px\" \/><\/figure><\/li><li class=\"blocks-gallery-item\"><figure><img loading=\"lazy\" decoding=\"async\" width=\"1531\" height=\"2035\" src=\"http:\/\/www.cronopio.de\/kunstimoeffentlichenraum\/wp-content\/uploads\/sites\/11\/2020\/08\/P8261530.jpg\" alt=\"\" data-id=\"405\" class=\"wp-image-405\" srcset=\"http:\/\/www.cronopio.de\/kunstimoeffentlichenraum\/wp-content\/uploads\/sites\/11\/2020\/08\/P8261530.jpg 1531w, http:\/\/www.cronopio.de\/kunstimoeffentlichenraum\/wp-content\/uploads\/sites\/11\/2020\/08\/P8261530-226x300.jpg 226w, http:\/\/www.cronopio.de\/kunstimoeffentlichenraum\/wp-content\/uploads\/sites\/11\/2020\/08\/P8261530-770x1024.jpg 770w, http:\/\/www.cronopio.de\/kunstimoeffentlichenraum\/wp-content\/uploads\/sites\/11\/2020\/08\/P8261530-768x1021.jpg 768w, http:\/\/www.cronopio.de\/kunstimoeffentlichenraum\/wp-content\/uploads\/sites\/11\/2020\/08\/P8261530-1156x1536.jpg 1156w, http:\/\/www.cronopio.de\/kunstimoeffentlichenraum\/wp-content\/uploads\/sites\/11\/2020\/08\/P8261530-150x200.jpg 150w\" sizes=\"auto, (max-width: 1531px) 100vw, 1531px\" \/><\/figure><\/li><li class=\"blocks-gallery-item\"><figure><img loading=\"lazy\" decoding=\"async\" width=\"1012\" height=\"837\" src=\"http:\/\/www.cronopio.de\/kunstimoeffentlichenraum\/wp-content\/uploads\/sites\/11\/2020\/08\/aquarell-brunnen-kircher.jpg\" alt=\"\" data-id=\"318\" class=\"wp-image-318\" srcset=\"http:\/\/www.cronopio.de\/kunstimoeffentlichenraum\/wp-content\/uploads\/sites\/11\/2020\/08\/aquarell-brunnen-kircher.jpg 1012w, http:\/\/www.cronopio.de\/kunstimoeffentlichenraum\/wp-content\/uploads\/sites\/11\/2020\/08\/aquarell-brunnen-kircher-300x248.jpg 300w, http:\/\/www.cronopio.de\/kunstimoeffentlichenraum\/wp-content\/uploads\/sites\/11\/2020\/08\/aquarell-brunnen-kircher-768x635.jpg 768w, http:\/\/www.cronopio.de\/kunstimoeffentlichenraum\/wp-content\/uploads\/sites\/11\/2020\/08\/aquarell-brunnen-kircher-242x200.jpg 242w\" sizes=\"auto, (max-width: 1012px) 100vw, 1012px\" \/><\/figure><\/li><\/ul><\/figure>\n\n\n\n<p class=\"has-text-align-center wp-block-paragraph\">Aquarelle von Rudolf Kircher<\/p>\n\n\n\n<div class=\"wp-block-image\"><figure class=\"aligncenter size-large\"><img loading=\"lazy\" decoding=\"async\" width=\"754\" height=\"1024\" src=\"http:\/\/www.cronopio.de\/kunstimoeffentlichenraum\/wp-content\/uploads\/sites\/11\/2020\/08\/P3050987-754x1024.jpg\" alt=\"\" class=\"wp-image-408\" srcset=\"http:\/\/www.cronopio.de\/kunstimoeffentlichenraum\/wp-content\/uploads\/sites\/11\/2020\/08\/P3050987-754x1024.jpg 754w, http:\/\/www.cronopio.de\/kunstimoeffentlichenraum\/wp-content\/uploads\/sites\/11\/2020\/08\/P3050987-221x300.jpg 221w, http:\/\/www.cronopio.de\/kunstimoeffentlichenraum\/wp-content\/uploads\/sites\/11\/2020\/08\/P3050987-768x1043.jpg 768w, http:\/\/www.cronopio.de\/kunstimoeffentlichenraum\/wp-content\/uploads\/sites\/11\/2020\/08\/P3050987-1131x1536.jpg 1131w, http:\/\/www.cronopio.de\/kunstimoeffentlichenraum\/wp-content\/uploads\/sites\/11\/2020\/08\/P3050987-1508x2048.jpg 1508w, http:\/\/www.cronopio.de\/kunstimoeffentlichenraum\/wp-content\/uploads\/sites\/11\/2020\/08\/P3050987-147x200.jpg 147w, http:\/\/www.cronopio.de\/kunstimoeffentlichenraum\/wp-content\/uploads\/sites\/11\/2020\/08\/P3050987-scaled.jpg 1884w\" sizes=\"auto, (max-width: 754px) 100vw, 754px\" \/><\/figure><\/div>\n\n\n\n<p class=\"has-text-align-center wp-block-paragraph\">Sockel des <a href=\"http:\/\/www.cronopio.de\/kunstimoeffentlichenraum\/metallplastiken\/umweltschutz-denkmal\/\">Umweltschutzdenkmals<\/a><\/p>\n\n\n\n<div class=\"wp-block-themeisle-blocks-advanced-columns has-1-columns has-desktop-equal-layout has-tablet-equal-layout has-mobile-equal-layout has-default-gap has-vertical-unset\" id=\"wp-block-themeisle-blocks-advanced-columns-0f5c296b\"><div class=\"wp-block-themeisle-blocks-advanced-columns-overlay\"><\/div><div class=\"innerblocks-wrap\">\n<div class=\"wp-block-themeisle-blocks-advanced-column\" id=\"wp-block-themeisle-blocks-advanced-column-68e870d4\"><\/div>\n<\/div><\/div>\n","protected":false},"excerpt":{"rendered":"<p>*23.1.1943 in M\u00f6dling,\u202022.1.1985 in Wien Rudolf Kircher war gelernter Werkzeugschlosser.Besuch einer Abendhandelsschule, 1978 B-Matura Berufliche Laufbahn:Anstellung bei der Stadtgemeinde M\u00f6dling: Kammeramt, Staatsb\u00fcrgerschaftsverband, Standesbeamter, Betriebsrat K\u00fcnstlerische T\u00e4tigkeiten:Etwa 1965 beginnt er, Bilder nachzumalen.Besuch von VHS-Kursen f\u00fcr Zeichnen und Malen bei Prof. Karl HeiglKircher malt vorwiegend Aquarell und \u00d6lfarben mit Wasser gemischt.Studienreisen nach &hellip;<\/p>\n","protected":false},"author":2,"featured_media":0,"parent":37,"menu_order":0,"comment_status":"closed","ping_status":"closed","template":"","meta":{"_crdt_document":"","_themeisle_gutenberg_block_has_review":false,"h5ap_radio_sources":[],"footnotes":""},"class_list":["post-137","page","type-page","status-publish","hentry"],"_links":{"self":[{"href":"http:\/\/www.cronopio.de\/kunstimoeffentlichenraum\/wp-json\/wp\/v2\/pages\/137","targetHints":{"allow":["GET"]}}],"collection":[{"href":"http:\/\/www.cronopio.de\/kunstimoeffentlichenraum\/wp-json\/wp\/v2\/pages"}],"about":[{"href":"http:\/\/www.cronopio.de\/kunstimoeffentlichenraum\/wp-json\/wp\/v2\/types\/page"}],"author":[{"embeddable":true,"href":"http:\/\/www.cronopio.de\/kunstimoeffentlichenraum\/wp-json\/wp\/v2\/users\/2"}],"replies":[{"embeddable":true,"href":"http:\/\/www.cronopio.de\/kunstimoeffentlichenraum\/wp-json\/wp\/v2\/comments?post=137"}],"version-history":[{"count":7,"href":"http:\/\/www.cronopio.de\/kunstimoeffentlichenraum\/wp-json\/wp\/v2\/pages\/137\/revisions"}],"predecessor-version":[{"id":410,"href":"http:\/\/www.cronopio.de\/kunstimoeffentlichenraum\/wp-json\/wp\/v2\/pages\/137\/revisions\/410"}],"up":[{"embeddable":true,"href":"http:\/\/www.cronopio.de\/kunstimoeffentlichenraum\/wp-json\/wp\/v2\/pages\/37"}],"wp:attachment":[{"href":"http:\/\/www.cronopio.de\/kunstimoeffentlichenraum\/wp-json\/wp\/v2\/media?parent=137"}],"curies":[{"name":"wp","href":"https:\/\/api.w.org\/{rel}","templated":true}]}}