{"id":33,"date":"2016-07-01T18:19:01","date_gmt":"2016-07-01T16:19:01","guid":{"rendered":"http:\/\/www.cronopio.de\/instrumentenausstellung\/?page_id=33"},"modified":"2018-08-15T23:22:15","modified_gmt":"2018-08-15T21:22:15","slug":"fruehe-streichinstrumente","status":"publish","type":"page","link":"http:\/\/www.cronopio.de\/instrumentenausstellung\/instrumentenfamilien\/saiteninstrumente\/fruehe-streichinstrumente\/","title":{"rendered":"Die Anf\u00e4nge der gestrichenen Musik"},"content":{"rendered":"<h3>Zuerst war der Bogen<\/h3>\n<figure id=\"attachment_1110\" aria-describedby=\"caption-attachment-1110\" style=\"width: 300px\" class=\"wp-caption alignleft\"><a href=\"https:\/\/de.wikipedia.org\/wiki\/Mundbogen\"><img loading=\"lazy\" decoding=\"async\" src=\"http:\/\/www.cronopio.de\/instrumentenausstellung\/wp-content\/uploads\/sites\/2\/2016\/07\/Mundbogen-300x223.jpg\" alt=\"Afrikanischer Mundbogenspieler im Bundesstaat Cross River in Nigeria um 1910.\" width=\"300\" height=\"223\" class=\"size-medium wp-image-1110\" srcset=\"http:\/\/www.cronopio.de\/instrumentenausstellung\/wp-content\/uploads\/sites\/2\/2016\/07\/Mundbogen-300x223.jpg 300w, http:\/\/www.cronopio.de\/instrumentenausstellung\/wp-content\/uploads\/sites\/2\/2016\/07\/Mundbogen.jpg 450w\" sizes=\"auto, (max-width: 300px) 100vw, 300px\" \/><\/a><figcaption id=\"caption-attachment-1110\" class=\"wp-caption-text\">Afrikanischer Mundbogenspieler im Bundesstaat Cross River in Nigeria um 1910.<\/figcaption><\/figure>\n<p>Angeregt durch den Jagdbogen entstand als erstes Streichinstrument der <strong>Mundbogen<\/strong>. Die \u00e4lteste Abbildung ist eine altsteinzeitliche H\u00f6hlenmalerei in Frankreich. Das Ende eines kleinen Bogens wird an den Mund gelegt, seine Sehne dient als Saite und wird mit einem zweiten Bogen angestrichen, durch \u00c4nderung der Spannung des Mundbogens kann man die T\u00f6ne variieren. Als Resonanzraum wirkt die Mundh\u00f6hle \u2013 ein Prinzip, wie es \u00e4hnlich bei der Maultrommel verwendet wird. Heutzutage wird der Mundbogen meist gespielt, indem mit einem St\u00e4bchen auf die Saite geschlagen wird.<\/p>\n<figure id=\"attachment_1112\" aria-describedby=\"caption-attachment-1112\" style=\"width: 300px\" class=\"wp-caption alignright\"><img loading=\"lazy\" decoding=\"async\" src=\"http:\/\/www.cronopio.de\/instrumentenausstellung\/wp-content\/uploads\/sites\/2\/2016\/07\/rebec_elfenbein-300x284.jpg\" alt=\"Fr\u00fcheste bekannte Darstellung eines Rebec-Spielers (?), byzantinische Elfenbeinschnitzerei, um 1000, Museo Nazionale, Florenz.\" width=\"300\" height=\"284\" class=\"size-medium wp-image-1112\" srcset=\"http:\/\/www.cronopio.de\/instrumentenausstellung\/wp-content\/uploads\/sites\/2\/2016\/07\/rebec_elfenbein-300x284.jpg 300w, http:\/\/www.cronopio.de\/instrumentenausstellung\/wp-content\/uploads\/sites\/2\/2016\/07\/rebec_elfenbein.jpg 400w\" sizes=\"auto, (max-width: 300px) 100vw, 300px\" \/><figcaption id=\"caption-attachment-1112\" class=\"wp-caption-text\">Fr\u00fcheste bekannte Darstellung eines Rebec-Spielers (?),<br \/>byzantinische Elfenbeinschnitzerei, um 1000, Museo Nazionale, Florenz.<\/figcaption><\/figure>\n<p>In Zentralasien wurden im 6. Jahrhundert vermutlich <strong>mit Reibest\u00e4bchen gespielte Lauten<\/strong> verwendet, im 8. Jahrhundert findet sich die fr\u00fcheste \u00dcberlieferung einer <strong>mit Streich\u00adbogen gespielten Zither<\/strong>. Auf einer armenischen Glasvase aus dem 9. oder 10. Jahrhundert sieht man die Abbildung eines Musikers, der ein Streichinstrument in geigen\u00e4hnlicher Hal\u00adtung spielt.<\/p>\n<p>In Europa finden sich die ersten Belege f\u00fcr Streichinstrumente (Fidel und Rebec) im 11. Jahrhundert. Das Rebec ist nachweislich aus dem arabischen Raum zu uns gekommen, es stammt unmittelbar von der arabischen Rebab ab. <strong>Fidel und Rebec<\/strong> sind der Aus\u00adgangs\u00adpunkt f\u00fcr die Entwicklung der <a href=\"http:\/\/www.cronopio.de\/instrumentenausstellung\/saiteninstrumente\/geigenfamilie\/\">Geigen-<\/a> und der <a href=\"http:\/\/www.cronopio.de\/instrumentenausstellung\/saiteninstrumente\/viola-da-gamba\/\">Gamben\u00adfamilie<\/a>.<\/p>\n<h3>Drehleier<\/h3>\n<figure id=\"attachment_1113\" aria-describedby=\"caption-attachment-1113\" style=\"width: 300px\" class=\"wp-caption alignleft\"><a href=\"http:\/\/www.cronopio.de\/instrumentenausstellung\/wp-content\/uploads\/sites\/2\/2016\/07\/drehleier.jpg\"><img loading=\"lazy\" decoding=\"async\" src=\"http:\/\/www.cronopio.de\/instrumentenausstellung\/wp-content\/uploads\/sites\/2\/2016\/07\/drehleier-300x133.jpg\" alt=\"Mittelalterliche Drehleier (alte Bezeichnung: Organistrum).\" width=\"300\" height=\"133\" class=\"size-medium wp-image-1113\" srcset=\"http:\/\/www.cronopio.de\/instrumentenausstellung\/wp-content\/uploads\/sites\/2\/2016\/07\/drehleier-300x133.jpg 300w, http:\/\/www.cronopio.de\/instrumentenausstellung\/wp-content\/uploads\/sites\/2\/2016\/07\/drehleier.jpg 644w\" sizes=\"auto, (max-width: 300px) 100vw, 300px\" \/><\/a><figcaption id=\"caption-attachment-1113\" class=\"wp-caption-text\">Mittelalterliche Drehleier (alte Bezeichnung: Organistrum).<\/figcaption><\/figure>\n<p>Bei der seit dem 10. Jahrhundert dokumentierten <strong>Drehleier<\/strong> werden die Saiten durch ein Rad, das mit Kolophonium bestrichen ist, zum Schwin\u00adgen gebracht. Sie war besonders in der Renaissance bis in die Romantik sehr beliebt und wird heute noch als Instrument in der Volksmusik eingesetzt.<\/p>\n<h3>Schl\u00fcsselfidel<\/h3>\n<p><figure id=\"attachment_1114\" aria-describedby=\"caption-attachment-1114\" style=\"width: 300px\" class=\"wp-caption alignright\"><a href=\"http:\/\/www.cronopio.de\/instrumentenausstellung\/wp-content\/uploads\/sites\/2\/2016\/07\/schluesselfidel.jpg\"><img loading=\"lazy\" decoding=\"async\" src=\"http:\/\/www.cronopio.de\/instrumentenausstellung\/wp-content\/uploads\/sites\/2\/2016\/07\/schluesselfidel-300x98.jpg\" alt=\"Nyckelharpa, Schweden.\" width=\"300\" height=\"98\" class=\"size-medium wp-image-1114\" srcset=\"http:\/\/www.cronopio.de\/instrumentenausstellung\/wp-content\/uploads\/sites\/2\/2016\/07\/schluesselfidel-300x98.jpg 300w, http:\/\/www.cronopio.de\/instrumentenausstellung\/wp-content\/uploads\/sites\/2\/2016\/07\/schluesselfidel-768x250.jpg 768w, http:\/\/www.cronopio.de\/instrumentenausstellung\/wp-content\/uploads\/sites\/2\/2016\/07\/schluesselfidel.jpg 875w\" sizes=\"auto, (max-width: 300px) 100vw, 300px\" \/><\/a><figcaption id=\"caption-attachment-1114\" class=\"wp-caption-text\">Nyckelharpa, Schweden.<\/figcaption><\/figure><br \/>\nDie <strong>Schl\u00fcsselfidel<\/strong>, heute noch als Volksmusikinstrument im Norden Europas unter ihrem schwedischen Namen \u201eNyckelharpa\u201c beliebt, ist seit dem 15. Jahrhundert bekannt. Sie wird mit dem Bogen gestrichen, die Saiten werden aber durch eine Tastatur (Nyckel = Schl\u00fcssel bzw. Taste) \u201egegriffen\u201c.<\/p>\n<h3>Armfidel<\/h3>\n<table style=\"border-color: white; width: 100%;\">\n<colgroup>\n<col width=\"33%\" \/>\n<col width=\"33%\" \/>\n<col width=\"33%\" \/> <\/colgroup>\n<tbody>\n<tr>\n<td><\/td>\n<td>\n<\/td>\n<td style=\"text-align: right;\"><audio controls><source src=\"http:\/\/www.cronopio.de\/instrumentenausstellung\/wp-content\/uploads\/sites\/2\/2016\/07\/fidel.mp3\" type=\"audio\/mpeg\">Your browser does not support the audio element.<\/audio><br \/>\n<i><strong>Kastenfideln<\/strong><br \/>Anonym, Lamento di Tristano (14. Jahrhundert)<br \/>Ausf\u00fchrende: Medelike Consort<\/i>\n<\/td>\n<\/tr>\n<\/tbody>\n<\/table>\n<p>Fideln, die an der linken Schulter abgest\u00fctzt wurden, gab es in vielen unterschiedlichen Formen. Gr\u00f6\u00dfere Instrumente wur\u00adden vor der Brust oder zwischen den Knien gehalten. Sie hatten meist 3\u20135 Darmsaiten, die <strong>Stimmung variierte stark<\/strong>. Gebr\u00e4uchlich war Quart- oder Quint-Stimmung, aber auch viele andere Stimmungen kamen vor. Ein von mir sehr gesch\u00e4tzter Fach\u00admann f\u00fcr Alte Musik schrieb einmal einen A2-Bogen Papier voll mit m\u00f6glichen Stim\u00admun\u00adgen, ohne den An\u00adspruch zu erheben, das Thema restlos ausgesch\u00f6pft zu haben. Es liegt also die (nicht wissen\u00adschaftliche) Vermutung nahe, dass jeder Musikant die f\u00fcr ihn be\u00adquemste Stimmung w\u00e4hlte. Manche Instrumente hatten neben den Melodie- auch noch Bordunsaiten in Grundton, Terz und\/oder Oktave.<\/p>\n<div style=\"overflow-y:hidden; overflow-x:auto\">\n<table>\n<tbody>\n<tr>\n<td>\n<figure id=\"attachment_1120\" aria-describedby=\"caption-attachment-1120\" style=\"width: 207px\" class=\"wp-caption alignleft\"><a href=\"http:\/\/www.cronopio.de\/instrumentenausstellung\/wp-content\/uploads\/sites\/2\/2016\/07\/floete_fidel_manesse.jpg\"><img loading=\"lazy\" decoding=\"async\" src=\"http:\/\/www.cronopio.de\/instrumentenausstellung\/wp-content\/uploads\/sites\/2\/2016\/07\/floete_fidel_manesse-207x300.jpg\" alt=\"Musiker mit Fidel und Traversfl\u00f6te, \u201eDer Kanzler\u201c, Codex Manesse, 14. Jahrhundert.\" width=\"207\" height=\"300\" class=\"size-medium wp-image-1120\" srcset=\"http:\/\/www.cronopio.de\/instrumentenausstellung\/wp-content\/uploads\/sites\/2\/2016\/07\/floete_fidel_manesse-207x300.jpg 207w, http:\/\/www.cronopio.de\/instrumentenausstellung\/wp-content\/uploads\/sites\/2\/2016\/07\/floete_fidel_manesse-768x1115.jpg 768w, http:\/\/www.cronopio.de\/instrumentenausstellung\/wp-content\/uploads\/sites\/2\/2016\/07\/floete_fidel_manesse-705x1024.jpg 705w, http:\/\/www.cronopio.de\/instrumentenausstellung\/wp-content\/uploads\/sites\/2\/2016\/07\/floete_fidel_manesse.jpg 975w\" sizes=\"auto, (max-width: 207px) 100vw, 207px\" \/><\/a><figcaption id=\"caption-attachment-1120\" class=\"wp-caption-text\">Musiker mit Fidel und Traversfl\u00f6te, \u201eDer Kanzler\u201c, Codex Manesse, 14. Jahrhundert.<\/figcaption><\/figure>\n<\/td>\n<td>\n<figure id=\"attachment_1121\" aria-describedby=\"caption-attachment-1121\" style=\"width: 204px\" class=\"wp-caption aligncenter\"><a href=\"http:\/\/www.cronopio.de\/instrumentenausstellung\/wp-content\/uploads\/sites\/2\/2016\/07\/Kastenfidel.jpg\"><img loading=\"lazy\" decoding=\"async\" src=\"http:\/\/www.cronopio.de\/instrumentenausstellung\/wp-content\/uploads\/sites\/2\/2016\/07\/Kastenfidel-204x300.jpg\" alt=\"Engel mit Kastenfidel, Gloucester Cathedral, ca. 1280.\" width=\"204\" height=\"300\" class=\"size-medium wp-image-1121\" srcset=\"http:\/\/www.cronopio.de\/instrumentenausstellung\/wp-content\/uploads\/sites\/2\/2016\/07\/Kastenfidel-204x300.jpg 204w, http:\/\/www.cronopio.de\/instrumentenausstellung\/wp-content\/uploads\/sites\/2\/2016\/07\/Kastenfidel.jpg 270w\" sizes=\"auto, (max-width: 204px) 100vw, 204px\" \/><\/a><figcaption id=\"caption-attachment-1121\" class=\"wp-caption-text\">Engel mit Kastenfidel, Gloucester<br \/>Cathedral, ca. 1280.<\/figcaption><\/figure>\n<\/td>\n<td>\n<figure id=\"attachment_1124\" aria-describedby=\"caption-attachment-1124\" style=\"width: 300px\" class=\"wp-caption alignright\"><a href=\"http:\/\/www.cronopio.de\/instrumentenausstellung\/wp-content\/uploads\/sites\/2\/2016\/07\/fidel_sm.jpg\"><img loading=\"lazy\" decoding=\"async\" src=\"http:\/\/www.cronopio.de\/instrumentenausstellung\/wp-content\/uploads\/sites\/2\/2016\/07\/fidel_sm-300x296.jpg\" alt=\"Musiker mit Armfidel und Citole, Cantigas de Santa Maria, 13. Jh.\" width=\"300\" height=\"296\" class=\"size-medium wp-image-1124\" srcset=\"http:\/\/www.cronopio.de\/instrumentenausstellung\/wp-content\/uploads\/sites\/2\/2016\/07\/fidel_sm-300x296.jpg 300w, http:\/\/www.cronopio.de\/instrumentenausstellung\/wp-content\/uploads\/sites\/2\/2016\/07\/fidel_sm.jpg 480w\" sizes=\"auto, (max-width: 300px) 100vw, 300px\" \/><\/a><figcaption id=\"caption-attachment-1124\" class=\"wp-caption-text\">Musiker mit Armfidel und Citole,<br \/>Cantigas de Santa Maria, 13. Jh.<\/figcaption><\/figure>\n<\/td>\n<\/tr>\n<\/tbody>\n<\/table>\n<\/div>\n<h3>Rebec<\/h3>\n<table style=\"border-color: white; width: 100%;\">\n<colgroup>\n<col width=\"33%\" \/>\n<col width=\"33%\" \/>\n<col width=\"33%\" \/> <\/colgroup>\n<tbody>\n<tr>\n<td><\/td>\n<td>\n<\/td>\n<td style=\"text-align: right;\"><audio controls><source src=\"http:\/\/www.cronopio.de\/instrumentenausstellung\/wp-content\/uploads\/sites\/2\/2016\/07\/rebec.mp3\" type=\"audio\/mpeg\">Your browser does not support the audio element.<\/audio><br \/>\n<i><strong>Rebec und Rankett<\/strong><br \/>Moniot d&#8217;Arras, Ce fue en mai (1235)<br \/>Ausf\u00fchrende: Gertraud Umlauft, Ulrich Alpers<\/i>\n<\/td>\n<\/tr>\n<\/tbody>\n<\/table>\n<p><figure id=\"attachment_1129\" aria-describedby=\"caption-attachment-1129\" style=\"width: 300px\" class=\"wp-caption alignleft\"><a href=\"http:\/\/www.cronopio.de\/instrumentenausstellung\/wp-content\/uploads\/sites\/2\/2016\/07\/Rebec_virdung.jpg\"><img loading=\"lazy\" decoding=\"async\" src=\"http:\/\/www.cronopio.de\/instrumentenausstellung\/wp-content\/uploads\/sites\/2\/2016\/07\/Rebec_virdung-300x118.jpg\" alt=\"Rebec, Musica getutscht und au\u00dfgezogen, Sebastian Virdung, 1511.\" width=\"300\" height=\"118\" class=\"size-medium wp-image-1129\" srcset=\"http:\/\/www.cronopio.de\/instrumentenausstellung\/wp-content\/uploads\/sites\/2\/2016\/07\/Rebec_virdung-300x118.jpg 300w, http:\/\/www.cronopio.de\/instrumentenausstellung\/wp-content\/uploads\/sites\/2\/2016\/07\/Rebec_virdung.jpg 747w\" sizes=\"auto, (max-width: 300px) 100vw, 300px\" \/><\/a><figcaption id=\"caption-attachment-1129\" class=\"wp-caption-text\">Rebec, Musica getutscht und au\u00dfgezogen, Sebastian Virdung, 1511.<\/figcaption><\/figure><br \/>\nDas Rebec ist meist <strong>3-saitiges Streichinstrument<\/strong> mit i.d.R. birnen- oder bootsf\u00f6rmigem Korpus. Verwandte Instrumente kommen heute in vielen L\u00e4ndern des \u00f6stlichen Mit\u00adtel\u00admeerraums und Arabiens vor, unter verschiedenen Namen: Re\u00adbec, Rabab, Rubebe, Kemence u.a.<br \/>\nDie <strong>Gr\u00f6\u00dfe des Rebec<\/strong> variierte vom kleinen Diskant- bis hin zum gro\u00dfen, mit den Knien gehal\u00adtenen Bassinstrument. Korpus und Hals waren im Unterschied zur Violine keine getrennten Bauteile, sondern wurden aus einem St\u00fcck Holz geschnitzt. Aufgrund der Wandst\u00e4rke und Form sowie des Fehlens eines Stimmstocks ist der Korpus, verglichen mit der Violine, weniger leicht zu Schwingungen anzuregen. Dadurch ist der Klang relativ leise und fein.<br \/>\nBei Virdung, Agricola und Praetorius wird das Rebec als \u201ekleine Geige\u201c bezeichnet, wobei Praetorius als einziger auch eine Reminiszenz an den alten Namen gibt (\u201eRebecchino\u201c), wenn er auch irrt\u00fcmlich (?) eine \u201eherk\u00f6mmliche\u201c Dis\u00adkant\u00advioline so bezeichnet. Ansonsten nennt er auch die Bezeichnungen \u201ePoschen\u201c bzw. \u201euff Frantz\u00f6sisch Pochetto genant\u201c, was einen Hinweis dar\u00adauf gibt, dass man das Instrument wegen seiner Robustheit einfach in die Tasche (frz. poche) stecken konnte. Im 17. und 18. Jahrhundert war eine kleinere und schlankere Weiterentwicklung des Diskant-Rebecs in Mode, die sog. <strong>Tanzmeistergeige<\/strong> oder Pochette, ein Instrument, das ein Tanzlehrer flugs aus der Rocktasche hervorziehen konnte, um sich und seine Sch\u00fcler beim Tanzen zu begleiten. Der Klang war zwar recht mager, aber f\u00fcr Unterrichtszwecke reichte es aus.<\/p>\n<div style=\"overflow-y:hidden; overflow-x:auto\">\n<table>\n<tbody>\n<tr>\n<td>\n<figure id=\"attachment_820\" aria-describedby=\"caption-attachment-820\" style=\"width: 300px\" class=\"wp-caption alignleft\"><a href=\"http:\/\/www.cronopio.de\/instrumentenausstellung\/wp-content\/uploads\/sites\/2\/2016\/07\/tb_Rebec_gerard-david.jpg\"><img loading=\"lazy\" decoding=\"async\" src=\"http:\/\/www.cronopio.de\/instrumentenausstellung\/wp-content\/uploads\/sites\/2\/2016\/07\/tb_Rebec_gerard-david-300x297.jpg\" alt=\"Engel mit Rebec, Ausschnitt aus \u201eLa Vierge entre les Vierges\u201c, G\u00e9rard David (1450-1523).\" width=\"300\" height=\"297\" class=\"size-medium wp-image-820\" srcset=\"http:\/\/www.cronopio.de\/instrumentenausstellung\/wp-content\/uploads\/sites\/2\/2016\/07\/tb_Rebec_gerard-david-300x297.jpg 300w, http:\/\/www.cronopio.de\/instrumentenausstellung\/wp-content\/uploads\/sites\/2\/2016\/07\/tb_Rebec_gerard-david-150x150.jpg 150w, http:\/\/www.cronopio.de\/instrumentenausstellung\/wp-content\/uploads\/sites\/2\/2016\/07\/tb_Rebec_gerard-david.jpg 585w\" sizes=\"auto, (max-width: 300px) 100vw, 300px\" \/><\/a><figcaption id=\"caption-attachment-820\" class=\"wp-caption-text\">Engel mit Rebec, Ausschnitt aus \u201eLa Vierge entre les Vierges\u201c, G\u00e9rard David (1450-1523).<\/figcaption><\/figure>\n<\/td>\n<td>\n<figure id=\"attachment_1130\" aria-describedby=\"caption-attachment-1130\" style=\"width: 300px\" class=\"wp-caption aligncenter\"><a href=\"http:\/\/www.cronopio.de\/instrumentenausstellung\/wp-content\/uploads\/sites\/2\/2016\/07\/rebec2_SM.jpg\"><img loading=\"lazy\" decoding=\"async\" src=\"http:\/\/www.cronopio.de\/instrumentenausstellung\/wp-content\/uploads\/sites\/2\/2016\/07\/rebec2_SM-300x246.jpg\" alt=\"Musiker mit Rebec, Miniatur aus den Cantigas de Santa Maria, 13. Jahrhundert.\" width=\"300\" height=\"246\" class=\"size-medium wp-image-1130\" srcset=\"http:\/\/www.cronopio.de\/instrumentenausstellung\/wp-content\/uploads\/sites\/2\/2016\/07\/rebec2_SM-300x246.jpg 300w, http:\/\/www.cronopio.de\/instrumentenausstellung\/wp-content\/uploads\/sites\/2\/2016\/07\/rebec2_SM-768x630.jpg 768w, http:\/\/www.cronopio.de\/instrumentenausstellung\/wp-content\/uploads\/sites\/2\/2016\/07\/rebec2_SM-1024x840.jpg 1024w, http:\/\/www.cronopio.de\/instrumentenausstellung\/wp-content\/uploads\/sites\/2\/2016\/07\/rebec2_SM.jpg 1280w\" sizes=\"auto, (max-width: 300px) 100vw, 300px\" \/><\/a><figcaption id=\"caption-attachment-1130\" class=\"wp-caption-text\">Musiker mit Rebec, Miniatur aus den Cantigas de Santa Maria, 13. Jahrhundert.<\/figcaption><\/figure>\n<\/td>\n<td>\n<figure id=\"attachment_1131\" aria-describedby=\"caption-attachment-1131\" style=\"width: 288px\" class=\"wp-caption alignright\"><a href=\"http:\/\/www.cronopio.de\/instrumentenausstellung\/wp-content\/uploads\/sites\/2\/2016\/07\/Rebec_passionale.jpg\"><img loading=\"lazy\" decoding=\"async\" src=\"http:\/\/www.cronopio.de\/instrumentenausstellung\/wp-content\/uploads\/sites\/2\/2016\/07\/Rebec_passionale-288x300.jpg\" alt=\"Musiker mit Rebec, Passionale, 1. Viertel 12. Jahrhundert.\" width=\"288\" height=\"300\" class=\"size-medium wp-image-1131\" srcset=\"http:\/\/www.cronopio.de\/instrumentenausstellung\/wp-content\/uploads\/sites\/2\/2016\/07\/Rebec_passionale-288x300.jpg 288w, http:\/\/www.cronopio.de\/instrumentenausstellung\/wp-content\/uploads\/sites\/2\/2016\/07\/Rebec_passionale.jpg 376w\" sizes=\"auto, (max-width: 288px) 100vw, 288px\" \/><\/a><figcaption id=\"caption-attachment-1131\" class=\"wp-caption-text\">Musiker mit Rebec, Passionale, 1. Viertel 12. Jahrhundert.<\/figcaption><\/figure>\n<\/td>\n<\/tr>\n<\/tbody>\n<table>\n<\/div>\n<\/table>\n<table style=\"border-color:white; width: 100%;\">\n<colgroup>\n<col width=\"33%\">\n<col width=\"33%\">\n<col width=\"33%\"> <\/colgroup>\n<tbody>\n<tr>\n<td style=\"text-align:left\"><\/td>\n<td style=\"text-align:center\">^<br \/>\n<a href=\"http:\/\/www.cronopio.de\/instrumentenausstellung\/saiteninstrumente\/\">Saiteninstrumente<\/a><\/td>\n<td style=\"text-align:right\">&gt;<br \/>\n<a href=\"http:\/\/www.cronopio.de\/instrumentenausstellung\/instrumentenfamilien\/saiteninstrumente\/geigenfamilie\/\">Geigenfamilie<\/a><\/td>\n<\/tr>\n<\/tbody>\n<\/table>\n","protected":false},"excerpt":{"rendered":"<p>Hintergrundinformationen zu fr\u00fchen Streichinstrumenten<\/p>\n","protected":false},"author":1,"featured_media":0,"parent":362,"menu_order":1,"comment_status":"closed","ping_status":"closed","template":"","meta":{"_crdt_document":"","_themeisle_gutenberg_block_has_review":false,"h5ap_radio_sources":[],"footnotes":""},"class_list":["post-33","page","type-page","status-publish","hentry"],"_links":{"self":[{"href":"http:\/\/www.cronopio.de\/instrumentenausstellung\/wp-json\/wp\/v2\/pages\/33","targetHints":{"allow":["GET"]}}],"collection":[{"href":"http:\/\/www.cronopio.de\/instrumentenausstellung\/wp-json\/wp\/v2\/pages"}],"about":[{"href":"http:\/\/www.cronopio.de\/instrumentenausstellung\/wp-json\/wp\/v2\/types\/page"}],"author":[{"embeddable":true,"href":"http:\/\/www.cronopio.de\/instrumentenausstellung\/wp-json\/wp\/v2\/users\/1"}],"replies":[{"embeddable":true,"href":"http:\/\/www.cronopio.de\/instrumentenausstellung\/wp-json\/wp\/v2\/comments?post=33"}],"version-history":[{"count":17,"href":"http:\/\/www.cronopio.de\/instrumentenausstellung\/wp-json\/wp\/v2\/pages\/33\/revisions"}],"predecessor-version":[{"id":1659,"href":"http:\/\/www.cronopio.de\/instrumentenausstellung\/wp-json\/wp\/v2\/pages\/33\/revisions\/1659"}],"up":[{"embeddable":true,"href":"http:\/\/www.cronopio.de\/instrumentenausstellung\/wp-json\/wp\/v2\/pages\/362"}],"wp:attachment":[{"href":"http:\/\/www.cronopio.de\/instrumentenausstellung\/wp-json\/wp\/v2\/media?parent=33"}],"curies":[{"name":"wp","href":"https:\/\/api.w.org\/{rel}","templated":true}]}}