{"id":96,"date":"2018-08-22T13:10:20","date_gmt":"2018-08-22T11:10:20","guid":{"rendered":"http:\/\/www.cronopio.de\/grosse-komponisten-in-moedling\/?page_id=96"},"modified":"2018-09-14T22:57:44","modified_gmt":"2018-09-14T20:57:44","slug":"matthias-winkelmayer","status":"publish","type":"page","link":"http:\/\/www.cronopio.de\/grosse-komponisten-in-moedling\/matthias-winkelmayer\/","title":{"rendered":"Matthias Winkelmayer"},"content":{"rendered":"<div class=\"wp-block-image\">\n<figure class=\"alignleft\"><img loading=\"lazy\" decoding=\"async\" width=\"261\" height=\"347\" src=\"http:\/\/www.cronopio.de\/grosse-komponisten-in-moedling\/wp-content\/uploads\/sites\/7\/2018\/09\/Winkelmayer.jpg\" alt=\"\" class=\"wp-image-780\" srcset=\"http:\/\/www.cronopio.de\/grosse-komponisten-in-moedling\/wp-content\/uploads\/sites\/7\/2018\/09\/Winkelmayer.jpg 261w, http:\/\/www.cronopio.de\/grosse-komponisten-in-moedling\/wp-content\/uploads\/sites\/7\/2018\/09\/Winkelmayer-226x300.jpg 226w, http:\/\/www.cronopio.de\/grosse-komponisten-in-moedling\/wp-content\/uploads\/sites\/7\/2018\/09\/Winkelmayer-150x200.jpg 150w\" sizes=\"auto, (max-width: 261px) 100vw, 261px\" \/><\/figure>\n<\/div>\n\n\n<p class=\"wp-block-paragraph\">\u201eSchwere Urbl\u00f6cke von Kl\u00e4ngen, Katakombenmusik, ein seltsam erregender Versuch jenseits des Achttonsystems, neue farbige Wirkungen zu erzielen.\u201c (Franz Theodor Csokor anl\u00e4sslich der Urauff\u00fchrung seiner \u201eAtonalen Messe\u201c im Jahr 1920).<\/p>\n\n\n\n<p class=\"wp-block-paragraph\">*11.7.1873 in Zistersdorf\/N\u00d6<br\/>\u2020 8.4.1947 in M\u00f6dling\/N\u00d6<br\/><\/p>\n\n\n\n<p class=\"wp-block-paragraph\"><strong>Schule:<\/strong> Lehrerbildungsanstalt in St. P\u00f6lten, Musikstudien, Studium der Komposition bei Arnold Sch\u00f6nberg (1918-1919) und Anton von Webern. Danach Sch\u00fcler von Josef Mattias Hauer.\u00a0 <\/p>\n\n\n\n<p class=\"wp-block-paragraph\">Winkelmayer war Lehrer, Komponist und Geigenbauer.<\/p>\n\n\n\n<p class=\"wp-block-paragraph\">Ausbildung und berufliche Laufbahn:<\/p>\n\n\n\n<ul class=\"wp-block-list\"><li>1892\u20131896 Lehrer und Regens chori in Sulz\/Wienerwald<\/li><li>1896\u20131926 (Pensionierung) Lehrer in M\u00f6dling<\/li><li>1897\u20131900 Chorleiter des M\u00e4nnergesangsvereins M\u00f6dling<\/li><\/ul>\n\n\n\n<p class=\"wp-block-paragraph\">Musikstudien bei H. Gr\u00f6dener, G. Adler und H. Dietz sind m\u00f6glich, aber nicht belegt.<\/p>\n\n\n\n<p class=\"wp-block-paragraph\">1918\/19 Musikstudien bei <a href=\"http:\/\/www.cronopio.de\/grosse-komponisten-in-moedling\/arnold-schoenberg\/\">A. Sch\u00f6nberg<\/a> und <a href=\"http:\/\/www.cronopio.de\/grosse-komponisten-in-moedling\/anton-von-webern\/\">A. v. Webern<\/a><\/p>\n\n\n\n<p class=\"wp-block-paragraph\">Unterricht bei J.M. Hauer. Dieser widmet ihm 1943 \u201eZw\u00f6lftonspiele f\u00fcr Orchester\u201c.<\/p>\n\n\n\n<p class=\"wp-block-paragraph\">Als Geigenbauer betrieb Winkelmayer in M\u00f6dling eine \u201eKlangverbesserungsanstalt f\u00fcr Saiteninstrumente\u201c: Produktion von \u00fcber 700 im \u00f6sterreichischen Raum ber\u00fchmten Geigen.<br\/>Arnold Sch\u00f6nberg erwarb eine davon (heute im <a href=\"http:\/\/www.cronopio.de\/grosse-komponisten-in-moedling\/arnold-schoenberg\/das-schoenberghaus\/\">Sch\u00f6nberg-Haus<\/a> in M\u00f6dling zu sehen).<br\/><\/p>\n\n\n\n<p class=\"wp-block-paragraph\">Vom 20.9.1919 datiert ein autographer Brief A. Sch\u00f6nbergs an Winkelmayer mit der Bitte um Unterricht seines Sohnes <a href=\"http:\/\/www.cronopio.de\/grosse-komponisten-in-moedling\/georg-schoenberg\/\">Georg<\/a> (vermutlich im Fach Horn).<\/p>\n\n\n\n<p class=\"wp-block-paragraph\">Werke: <\/p>\n\n\n\n<ul class=\"wp-block-list\"><li>Oper<\/li><li>atonale Messe (UA 25.3.1920 M\u00f6dling)<\/li><li>Lieder<br\/><\/li><li>Kammermusik<\/li><\/ul>\n\n\n\n<ul class=\"wp-block-gallery columns-3 wp-block-gallery-1 is-layout-flex wp-block-gallery-is-layout-flex\"><li class=\"blocks-gallery-item\"><figure><a href=\"http:\/\/www.cronopio.de\/grosse-komponisten-in-moedling\/matthias-winkelmayer\/winkelmayer-brief\/\"><img loading=\"lazy\" decoding=\"async\" width=\"871\" height=\"669\" src=\"http:\/\/www.cronopio.de\/grosse-komponisten-in-moedling\/wp-content\/uploads\/sites\/7\/2018\/08\/Winkelmayer-Brief.png\" alt=\"\" data-id=\"424\" data-link=\"http:\/\/www.cronopio.de\/grosse-komponisten-in-moedling\/matthias-winkelmayer\/winkelmayer-brief\/\" class=\"wp-image-424\" srcset=\"http:\/\/www.cronopio.de\/grosse-komponisten-in-moedling\/wp-content\/uploads\/sites\/7\/2018\/08\/Winkelmayer-Brief.png 871w, http:\/\/www.cronopio.de\/grosse-komponisten-in-moedling\/wp-content\/uploads\/sites\/7\/2018\/08\/Winkelmayer-Brief-300x230.png 300w, http:\/\/www.cronopio.de\/grosse-komponisten-in-moedling\/wp-content\/uploads\/sites\/7\/2018\/08\/Winkelmayer-Brief-768x590.png 768w, http:\/\/www.cronopio.de\/grosse-komponisten-in-moedling\/wp-content\/uploads\/sites\/7\/2018\/08\/Winkelmayer-Brief-260x200.png 260w\" sizes=\"auto, (max-width: 871px) 100vw, 871px\" \/><\/a><figcaption>Brief von Arnold Sch\u00f6nberg an Winkelmayer<\/figcaption><\/figure><\/li><li class=\"blocks-gallery-item\"><figure><a href=\"http:\/\/www.cronopio.de\/grosse-komponisten-in-moedling\/winkelmayer-geigenbauer\/\"><img loading=\"lazy\" decoding=\"async\" width=\"442\" height=\"643\" src=\"http:\/\/www.cronopio.de\/grosse-komponisten-in-moedling\/wp-content\/uploads\/sites\/7\/2018\/09\/Winkelmayer-Geigenbauer.jpg\" alt=\"\" data-id=\"782\" data-link=\"http:\/\/www.cronopio.de\/grosse-komponisten-in-moedling\/winkelmayer-geigenbauer\/\" class=\"wp-image-782\" srcset=\"http:\/\/www.cronopio.de\/grosse-komponisten-in-moedling\/wp-content\/uploads\/sites\/7\/2018\/09\/Winkelmayer-Geigenbauer.jpg 442w, http:\/\/www.cronopio.de\/grosse-komponisten-in-moedling\/wp-content\/uploads\/sites\/7\/2018\/09\/Winkelmayer-Geigenbauer-206x300.jpg 206w, http:\/\/www.cronopio.de\/grosse-komponisten-in-moedling\/wp-content\/uploads\/sites\/7\/2018\/09\/Winkelmayer-Geigenbauer-137x200.jpg 137w\" sizes=\"auto, (max-width: 442px) 100vw, 442px\" \/><\/a><figcaption>Geigenbauer Winkelmayer bei der N\u00d6 Landesausstellung f\u00fcr das Viertel unter dem Wienerwald in M\u00f6dling, 1929<\/figcaption><\/figure><\/li><li class=\"blocks-gallery-item\"><figure><a href=\"http:\/\/www.cronopio.de\/grosse-komponisten-in-moedling\/rudolf-knarr\/olympus-digital-camera-13\/\"><img loading=\"lazy\" decoding=\"async\" width=\"368\" height=\"302\" src=\"http:\/\/www.cronopio.de\/grosse-komponisten-in-moedling\/wp-content\/uploads\/sites\/7\/2018\/09\/P3084236.jpg\" alt=\"\" data-id=\"886\" data-link=\"http:\/\/www.cronopio.de\/grosse-komponisten-in-moedling\/rudolf-knarr\/olympus-digital-camera-13\/\" class=\"wp-image-886\" srcset=\"http:\/\/www.cronopio.de\/grosse-komponisten-in-moedling\/wp-content\/uploads\/sites\/7\/2018\/09\/P3084236.jpg 368w, http:\/\/www.cronopio.de\/grosse-komponisten-in-moedling\/wp-content\/uploads\/sites\/7\/2018\/09\/P3084236-300x246.jpg 300w, http:\/\/www.cronopio.de\/grosse-komponisten-in-moedling\/wp-content\/uploads\/sites\/7\/2018\/09\/P3084236-244x200.jpg 244w\" sizes=\"auto, (max-width: 368px) 100vw, 368px\" \/><\/a><\/figure><\/li><li class=\"blocks-gallery-item\"><figure><a href=\"http:\/\/www.cronopio.de\/grosse-komponisten-in-moedling\/rudolf-knarr\/olympus-digital-camera-18\/\"><img loading=\"lazy\" decoding=\"async\" width=\"1000\" height=\"800\" src=\"http:\/\/www.cronopio.de\/grosse-komponisten-in-moedling\/wp-content\/uploads\/sites\/7\/2018\/09\/P3084248.jpg\" alt=\"Ehem. Wohnhaus f\u00fcr die Lehrer der Hyrtl'schen Waisenanstalt\" data-id=\"890\" data-link=\"http:\/\/www.cronopio.de\/grosse-komponisten-in-moedling\/rudolf-knarr\/olympus-digital-camera-18\/\" class=\"wp-image-890\" srcset=\"http:\/\/www.cronopio.de\/grosse-komponisten-in-moedling\/wp-content\/uploads\/sites\/7\/2018\/09\/P3084248.jpg 1000w, http:\/\/www.cronopio.de\/grosse-komponisten-in-moedling\/wp-content\/uploads\/sites\/7\/2018\/09\/P3084248-300x240.jpg 300w, http:\/\/www.cronopio.de\/grosse-komponisten-in-moedling\/wp-content\/uploads\/sites\/7\/2018\/09\/P3084248-768x614.jpg 768w, http:\/\/www.cronopio.de\/grosse-komponisten-in-moedling\/wp-content\/uploads\/sites\/7\/2018\/09\/P3084248-250x200.jpg 250w\" sizes=\"auto, (max-width: 1000px) 100vw, 1000px\" \/><\/a><figcaption>Ehem. Wohnhaus f\u00fcr die Lehrer der Hyrtl&#8217;schen Waisenanstalt<\/figcaption><\/figure><\/li><li class=\"blocks-gallery-item\"><figure><a href=\"http:\/\/www.cronopio.de\/grosse-komponisten-in-moedling\/rudolf-knarr\/olympus-digital-camera-15-2\/\"><img loading=\"lazy\" decoding=\"async\" width=\"1000\" height=\"750\" src=\"http:\/\/www.cronopio.de\/grosse-komponisten-in-moedling\/wp-content\/uploads\/sites\/7\/2018\/09\/P3084241.jpg\" alt=\"\" data-id=\"888\" data-link=\"http:\/\/www.cronopio.de\/grosse-komponisten-in-moedling\/rudolf-knarr\/olympus-digital-camera-15-2\/\" class=\"wp-image-888\" srcset=\"http:\/\/www.cronopio.de\/grosse-komponisten-in-moedling\/wp-content\/uploads\/sites\/7\/2018\/09\/P3084241.jpg 1000w, http:\/\/www.cronopio.de\/grosse-komponisten-in-moedling\/wp-content\/uploads\/sites\/7\/2018\/09\/P3084241-300x225.jpg 300w, http:\/\/www.cronopio.de\/grosse-komponisten-in-moedling\/wp-content\/uploads\/sites\/7\/2018\/09\/P3084241-768x576.jpg 768w, http:\/\/www.cronopio.de\/grosse-komponisten-in-moedling\/wp-content\/uploads\/sites\/7\/2018\/09\/P3084241-267x200.jpg 267w\" sizes=\"auto, (max-width: 1000px) 100vw, 1000px\" \/><\/a><\/figure><\/li><\/ul>\n","protected":false},"excerpt":{"rendered":"<p>\u201eSchwere Urbl\u00f6cke von Kl\u00e4ngen, Katakombenmusik, ein seltsam erregender Versuch jenseits des Achttonsystems, neue farbige Wirkungen zu erzielen.\u201c (Franz Theodor Csokor anl\u00e4sslich der Urauff\u00fchrung seiner \u201eAtonalen Messe\u201c im Jahr 1920). *11.7.1873 in Zistersdorf\/N\u00d6\u2020 8.4.1947 in M\u00f6dling\/N\u00d6 Schule: Lehrerbildungsanstalt in St. P\u00f6lten, Musikstudien, Studium der Komposition bei Arnold Sch\u00f6nberg (1918-1919) und Anton &hellip;<\/p>\n","protected":false},"author":2,"featured_media":0,"parent":0,"menu_order":0,"comment_status":"closed","ping_status":"closed","template":"","meta":{"_crdt_document":"","_themeisle_gutenberg_block_has_review":false,"h5ap_radio_sources":[],"footnotes":""},"class_list":["post-96","page","type-page","status-publish","hentry"],"_links":{"self":[{"href":"http:\/\/www.cronopio.de\/grosse-komponisten-in-moedling\/wp-json\/wp\/v2\/pages\/96","targetHints":{"allow":["GET"]}}],"collection":[{"href":"http:\/\/www.cronopio.de\/grosse-komponisten-in-moedling\/wp-json\/wp\/v2\/pages"}],"about":[{"href":"http:\/\/www.cronopio.de\/grosse-komponisten-in-moedling\/wp-json\/wp\/v2\/types\/page"}],"author":[{"embeddable":true,"href":"http:\/\/www.cronopio.de\/grosse-komponisten-in-moedling\/wp-json\/wp\/v2\/users\/2"}],"replies":[{"embeddable":true,"href":"http:\/\/www.cronopio.de\/grosse-komponisten-in-moedling\/wp-json\/wp\/v2\/comments?post=96"}],"version-history":[{"count":7,"href":"http:\/\/www.cronopio.de\/grosse-komponisten-in-moedling\/wp-json\/wp\/v2\/pages\/96\/revisions"}],"predecessor-version":[{"id":896,"href":"http:\/\/www.cronopio.de\/grosse-komponisten-in-moedling\/wp-json\/wp\/v2\/pages\/96\/revisions\/896"}],"wp:attachment":[{"href":"http:\/\/www.cronopio.de\/grosse-komponisten-in-moedling\/wp-json\/wp\/v2\/media?parent=96"}],"curies":[{"name":"wp","href":"https:\/\/api.w.org\/{rel}","templated":true}]}}