{"id":77,"date":"2018-08-21T14:59:08","date_gmt":"2018-08-21T12:59:08","guid":{"rendered":"http:\/\/www.cronopio.de\/grosse-komponisten-in-moedling\/?page_id=77"},"modified":"2018-09-26T21:33:12","modified_gmt":"2018-09-26T19:33:12","slug":"richard-wagner","status":"publish","type":"page","link":"http:\/\/www.cronopio.de\/grosse-komponisten-in-moedling\/richard-wagner\/","title":{"rendered":"Richard Wagner"},"content":{"rendered":"\n<div class=\"wp-block-cover-image has-background-dim-10 has-background-dim\" style=\"background-image:url(http:\/\/www.cronopio.de\/grosse-komponisten-in-moedling\/wp-content\/uploads\/sites\/7\/2018\/08\/Richard-Wagner-1862-e1535033967193.jpg)\"><\/div>\n\n\n\n<p class=\"wp-block-paragraph\">* 22. Mai 1813 in Leipzig<br\/>\u2020 13. Februar 1883 in Venedig, beerdigt in Bayreuth<br\/><\/p>\n\n\n\n<p class=\"wp-block-paragraph\">Wagner hielt sich von <strong>25. bis 28. August 1861<\/strong> in M\u00f6dling auf.<br\/>Dar\u00fcber schrieb er in einem Brief an Mathilde Wesendonck: <em>herrliche Auen und Bergw\u00e4lder\u2026.das reizende Tal der <a href=\"http:\/\/www.cronopio.de\/grosse-komponisten-in-moedling\/die-bruehl\/\">Br\u00fchl<\/a>, schied von dort tief beruhigt, vers\u00f6hnt und begl\u00fcckt.<\/em><br\/><\/p>\n\n\n\n<p class=\"wp-block-paragraph\">Zweck von Wagners Aufenthalt war ein <strong>Besuch bei dem Operntenor Alois Ander<\/strong> zur Einstudierung der Partie des Tristan f\u00fcr die Urauff\u00fchrung an der Wiener Hofoper. Ander jedoch, im Mai desselben Jahres als Lohengrin in Wien gefeiert, litt an einer lang anhaltenden hartn\u00e4ckigen Stimmlosigkeit, sodass die Urauff\u00fchrung von \u201eTristan und Isolde\u201c in M\u00fcnchen stattfand.<\/p>\n\n\n\n<p class=\"wp-block-paragraph\">Die \u201eTristan-Probe\u201c fand im sog. <em>Wagner-St\u00f6ckl<\/em> im gro\u00dfen, bis zur Parkstra\u00dfe reichenden Garten des Hauses <strong>Pfarrgasse 6<\/strong> statt.<\/p>\n\n\n\n<p class=\"wp-block-paragraph\">Abriss des angeblich verkehrsbehindernden Wagner-St\u00f6ckls im Jahr 1955.<br\/>Sicherstellung von Objekten daraus durch den M\u00f6dlinger Museumsverein: oberer Teil einer wei\u00df gestrichenen T\u00fcr, auf der sich ein kurzes, mit Bleistift geschriebenes Gedicht, befindet, das der \u00dcberlieferung nach Richard Wagner in launiger Stimmung <em>am 24. August 1859 sp\u00e4t am Abend <\/em>an die T\u00fcr geschrieben haben soll &#8211; allerdings geht aus der Wagnerforschung bzw. der Biographie Richard Wagners hervor, dass er 1859 weder in Wien noch in M\u00f6dling war.<br\/><\/p>\n\n\n\n<p class=\"wp-block-paragraph\">Die heutige Kowatschitsch Gasse hie\u00df fr\u00fcher Ander Gasse.<\/p>\n\n\n\n<ul class=\"wp-block-gallery columns-3 wp-block-gallery-1 is-layout-flex wp-block-gallery-is-layout-flex\"><li class=\"blocks-gallery-item\"><figure><a href=\"http:\/\/www.cronopio.de\/grosse-komponisten-in-moedling\/wagner1\/\"><img loading=\"lazy\" decoding=\"async\" width=\"800\" height=\"1067\" src=\"http:\/\/www.cronopio.de\/grosse-komponisten-in-moedling\/wp-content\/uploads\/sites\/7\/2018\/09\/Wagner1.jpg\" alt=\"\" data-id=\"749\" data-link=\"http:\/\/www.cronopio.de\/grosse-komponisten-in-moedling\/wagner1\/\" class=\"wp-image-749\" srcset=\"http:\/\/www.cronopio.de\/grosse-komponisten-in-moedling\/wp-content\/uploads\/sites\/7\/2018\/09\/Wagner1.jpg 800w, http:\/\/www.cronopio.de\/grosse-komponisten-in-moedling\/wp-content\/uploads\/sites\/7\/2018\/09\/Wagner1-225x300.jpg 225w, http:\/\/www.cronopio.de\/grosse-komponisten-in-moedling\/wp-content\/uploads\/sites\/7\/2018\/09\/Wagner1-768x1024.jpg 768w, http:\/\/www.cronopio.de\/grosse-komponisten-in-moedling\/wp-content\/uploads\/sites\/7\/2018\/09\/Wagner1-150x200.jpg 150w\" sizes=\"auto, (max-width: 800px) 100vw, 800px\" \/><\/a><\/figure><\/li><li class=\"blocks-gallery-item\"><figure><a href=\"http:\/\/www.cronopio.de\/grosse-komponisten-in-moedling\/pfarrgasse-6\/\"><img loading=\"lazy\" decoding=\"async\" width=\"1069\" height=\"694\" src=\"http:\/\/www.cronopio.de\/grosse-komponisten-in-moedling\/wp-content\/uploads\/sites\/7\/2018\/09\/Wagner2.jpg\" alt=\"\" data-id=\"750\" data-link=\"http:\/\/www.cronopio.de\/grosse-komponisten-in-moedling\/pfarrgasse-6\/\" class=\"wp-image-750\" srcset=\"http:\/\/www.cronopio.de\/grosse-komponisten-in-moedling\/wp-content\/uploads\/sites\/7\/2018\/09\/Wagner2.jpg 1069w, http:\/\/www.cronopio.de\/grosse-komponisten-in-moedling\/wp-content\/uploads\/sites\/7\/2018\/09\/Wagner2-300x195.jpg 300w, http:\/\/www.cronopio.de\/grosse-komponisten-in-moedling\/wp-content\/uploads\/sites\/7\/2018\/09\/Wagner2-768x499.jpg 768w, http:\/\/www.cronopio.de\/grosse-komponisten-in-moedling\/wp-content\/uploads\/sites\/7\/2018\/09\/Wagner2-1024x665.jpg 1024w, http:\/\/www.cronopio.de\/grosse-komponisten-in-moedling\/wp-content\/uploads\/sites\/7\/2018\/09\/Wagner2-308x200.jpg 308w\" sizes=\"auto, (max-width: 1069px) 100vw, 1069px\" \/><\/a><\/figure><\/li><li class=\"blocks-gallery-item\"><figure><a href=\"http:\/\/www.cronopio.de\/grosse-komponisten-in-moedling\/olympus-digital-camera-19\/\"><img loading=\"lazy\" decoding=\"async\" width=\"800\" height=\"818\" src=\"http:\/\/www.cronopio.de\/grosse-komponisten-in-moedling\/wp-content\/uploads\/sites\/7\/2018\/09\/Wagner-St\u00f6ckl.jpg\" alt=\"Wagner-St\u00f6ckl\" data-id=\"922\" data-link=\"http:\/\/www.cronopio.de\/grosse-komponisten-in-moedling\/olympus-digital-camera-19\/\" class=\"wp-image-922\" srcset=\"http:\/\/www.cronopio.de\/grosse-komponisten-in-moedling\/wp-content\/uploads\/sites\/7\/2018\/09\/Wagner-St\u00f6ckl.jpg 800w, http:\/\/www.cronopio.de\/grosse-komponisten-in-moedling\/wp-content\/uploads\/sites\/7\/2018\/09\/Wagner-St\u00f6ckl-293x300.jpg 293w, http:\/\/www.cronopio.de\/grosse-komponisten-in-moedling\/wp-content\/uploads\/sites\/7\/2018\/09\/Wagner-St\u00f6ckl-768x785.jpg 768w, http:\/\/www.cronopio.de\/grosse-komponisten-in-moedling\/wp-content\/uploads\/sites\/7\/2018\/09\/Wagner-St\u00f6ckl-196x200.jpg 196w\" sizes=\"auto, (max-width: 800px) 100vw, 800px\" \/><\/a><figcaption>Wagner-St\u00f6ckl<\/figcaption><\/figure><\/li><\/ul>\n","protected":false},"excerpt":{"rendered":"<p>* 22. Mai 1813 in Leipzig\u2020 13. Februar 1883 in Venedig, beerdigt in Bayreuth Wagner hielt sich von 25. bis 28. August 1861 in M\u00f6dling auf.Dar\u00fcber schrieb er in einem Brief an Mathilde Wesendonck: herrliche Auen und Bergw\u00e4lder\u2026.das reizende Tal der Br\u00fchl, schied von dort tief beruhigt, vers\u00f6hnt und begl\u00fcckt. &hellip;<\/p>\n","protected":false},"author":2,"featured_media":0,"parent":0,"menu_order":0,"comment_status":"closed","ping_status":"closed","template":"","meta":{"_crdt_document":"","_themeisle_gutenberg_block_has_review":false,"h5ap_radio_sources":[],"footnotes":""},"class_list":["post-77","page","type-page","status-publish","hentry"],"_links":{"self":[{"href":"http:\/\/www.cronopio.de\/grosse-komponisten-in-moedling\/wp-json\/wp\/v2\/pages\/77","targetHints":{"allow":["GET"]}}],"collection":[{"href":"http:\/\/www.cronopio.de\/grosse-komponisten-in-moedling\/wp-json\/wp\/v2\/pages"}],"about":[{"href":"http:\/\/www.cronopio.de\/grosse-komponisten-in-moedling\/wp-json\/wp\/v2\/types\/page"}],"author":[{"embeddable":true,"href":"http:\/\/www.cronopio.de\/grosse-komponisten-in-moedling\/wp-json\/wp\/v2\/users\/2"}],"replies":[{"embeddable":true,"href":"http:\/\/www.cronopio.de\/grosse-komponisten-in-moedling\/wp-json\/wp\/v2\/comments?post=77"}],"version-history":[{"count":15,"href":"http:\/\/www.cronopio.de\/grosse-komponisten-in-moedling\/wp-json\/wp\/v2\/pages\/77\/revisions"}],"predecessor-version":[{"id":923,"href":"http:\/\/www.cronopio.de\/grosse-komponisten-in-moedling\/wp-json\/wp\/v2\/pages\/77\/revisions\/923"}],"wp:attachment":[{"href":"http:\/\/www.cronopio.de\/grosse-komponisten-in-moedling\/wp-json\/wp\/v2\/media?parent=77"}],"curies":[{"name":"wp","href":"https:\/\/api.w.org\/{rel}","templated":true}]}}