{"id":476,"date":"2018-08-27T22:38:18","date_gmt":"2018-08-27T20:38:18","guid":{"rendered":"http:\/\/www.cronopio.de\/grosse-komponisten-in-moedling\/?page_id=476"},"modified":"2018-08-28T22:14:03","modified_gmt":"2018-08-28T20:14:03","slug":"georg-schoenberg","status":"publish","type":"page","link":"http:\/\/www.cronopio.de\/grosse-komponisten-in-moedling\/georg-schoenberg\/","title":{"rendered":"Georg Sch\u00f6nberg"},"content":{"rendered":"<div class=\"wp-block-image\">\n<figure class=\"alignleft\"><img loading=\"lazy\" decoding=\"async\" width=\"260\" height=\"389\" src=\"http:\/\/www.cronopio.de\/grosse-komponisten-in-moedling\/wp-content\/uploads\/sites\/7\/2018\/08\/Georg-sch\u00f6nberg.jpg\" alt=\"\" class=\"wp-image-549\" srcset=\"http:\/\/www.cronopio.de\/grosse-komponisten-in-moedling\/wp-content\/uploads\/sites\/7\/2018\/08\/Georg-sch\u00f6nberg.jpg 260w, http:\/\/www.cronopio.de\/grosse-komponisten-in-moedling\/wp-content\/uploads\/sites\/7\/2018\/08\/Georg-sch\u00f6nberg-201x300.jpg 201w, http:\/\/www.cronopio.de\/grosse-komponisten-in-moedling\/wp-content\/uploads\/sites\/7\/2018\/08\/Georg-sch\u00f6nberg-134x200.jpg 134w\" sizes=\"auto, (max-width: 260px) 100vw, 260px\" \/><\/figure>\n<\/div>\n\n\n<p class=\"wp-block-paragraph\"><strong>(22.9.1906 \u2013 3.1.1974) <\/strong><\/p>\n\n\n\n<p class=\"wp-block-paragraph\">Sohn von <a href=\"http:\/\/www.cronopio.de\/grosse-komponisten-in-moedling\/arnold-schoenberg\/\">Arnold Sch\u00f6nberg<\/a> und dessen erster Ehefrau, Mathilde von Zemlinsky<\/p>\n\n\n\n<p class=\"wp-block-paragraph\">\u201eIm Kriege war ich Hilfsarbeiter und schleppte Lasten, Lasten, die meinen K\u00f6rper gest\u00e4rkt, aber den Geist geschw\u00e4cht hatten. Unser Leben fristeten wir gar kl\u00e4glich. Bald war was da, bald litten wir Not. Meistens wars das Letztere.\u201c<\/p>\n\n\n\n<p class=\"wp-block-paragraph\"><strong>Schule:<\/strong> 1918 bis 1922 Gymnasium Keimgasse in M\u00f6dling (\u201eNach der Volksschule besuchte ich das Gymnasium. Es war nur ein Besuch, denn ich f\u00fchlte mich dort nie zu Hause\u201c), Hochschule f\u00fcr Musik und Darstellende Kunst Wien (\u201eNach dem Gymnasium wurde ich gegen meinen Willen gezwungen die Musikakademie zu besuchen. Lasst mich schweigen \u00fcber mein Unverm\u00f6gen, Musik in T\u00f6ne zu pressen.\u00a0 Wir \u00fcberstanden es beide, die Akademie und ich\u201c.)<\/p>\n\n\n\n<p class=\"wp-block-paragraph\"><strong>Beruf:<\/strong> Hilfsarbeiter, Lastwagenfahrer, Nachtw\u00e4chter, B\u00fcroangestellter, Zeitungszusteller, Notenkopist bei Universal Edition. Sein Leben verbrachte er \u2013 teils unter elenden Umst\u00e4nden\u00a0\u2013 in M\u00f6dling.<\/p>\n\n\n\n<p class=\"wp-block-paragraph\"><strong>Berufung:<\/strong> Theater. Aber: \u201eSieben Jahre nahm mir der Krieg, Sieben Jahre der Friede. Unersetzliche vierzehn Jahre, mit nichts erf\u00fcllt, als mit Sorgen um das T\u00e4gliche\u201c.<\/p>\n\n\n\n<p class=\"wp-block-paragraph\"><strong>Kompositionen: <\/strong><\/p>\n\n\n\n<ul class=\"wp-block-list\"><li>Sieben Balladen<\/li><li>Verk\u00fchle dich t\u00e4glich (Lied und Foxtrott)<\/li><li>4 Klavierst\u00fccke<\/li><li>Mein Lebenslauf (Kantate in 11 Teilen)<\/li><li>Bl\u00e4serquartett (Horn, Klarinette, Englischhorn Fl\u00f6te; Urauff\u00fchrung 1974 in der M\u00f6dlinger B\u00fchne anl\u00e4sslich des 100. Geburtstages von Arnold Sch\u00f6nberg)<\/li><li>Hat der Traunstein einen Hut (Marschlied)<\/li><\/ul>\n\n\n\n<p class=\"wp-block-paragraph\"><strong>Besonderes<\/strong>: Georg Sch\u00f6nberg war als guter Fu\u00dfballer in M\u00f6dling bekannt und gesch\u00e4tzt. Er war getauft und evangelisch, nach den N\u00fcrnberger Rassegesetzen galt er aber als Jude und wurde entsprechend behandelt. Den 2. Weltkrieg \u00fcberstand er in M\u00f6dling nur dank regelm\u00e4\u00dfiger Interventionen zur Erhaltung seiner Arbeitskraft f\u00fcr seinen Arbeitgeber. 1945 wurde er in M\u00f6dling als \u201eDer Retter der Felsenh\u00f6hle\u201c bekannt: Beim Einmarsch der Sowjet-Armee in M\u00f6dling nahm er als \u201eJude und Nicht-Nazi\u201c Kontakt mit den Soldaten auf und \u00fcberzeugte sie, dass sich im Bunker in der Vorderbr\u00fchl keine Waffen und deutschen Soldaten versteckten, sondern nur Frauen und Kinder befanden. Eine Sprengung des Bunkers mitsamt der gefl\u00fcchteten M\u00f6dlinger wurde so verhindert.<\/p>\n\n\n\n<p class=\"wp-block-paragraph\"><br type=\"_moz\"\/><\/p>\n","protected":false},"excerpt":{"rendered":"<p>(22.9.1906 \u2013 3.1.1974) Sohn von Arnold Sch\u00f6nberg und dessen erster Ehefrau, Mathilde von Zemlinsky \u201eIm Kriege war ich Hilfsarbeiter und schleppte Lasten, Lasten, die meinen K\u00f6rper gest\u00e4rkt, aber den Geist geschw\u00e4cht hatten. Unser Leben fristeten wir gar kl\u00e4glich. Bald war was da, bald litten wir Not. Meistens wars das Letztere.\u201c &hellip;<\/p>\n","protected":false},"author":2,"featured_media":0,"parent":0,"menu_order":0,"comment_status":"closed","ping_status":"closed","template":"","meta":{"_crdt_document":"","_themeisle_gutenberg_block_has_review":false,"h5ap_radio_sources":[],"footnotes":""},"class_list":["post-476","page","type-page","status-publish","hentry"],"_links":{"self":[{"href":"http:\/\/www.cronopio.de\/grosse-komponisten-in-moedling\/wp-json\/wp\/v2\/pages\/476","targetHints":{"allow":["GET"]}}],"collection":[{"href":"http:\/\/www.cronopio.de\/grosse-komponisten-in-moedling\/wp-json\/wp\/v2\/pages"}],"about":[{"href":"http:\/\/www.cronopio.de\/grosse-komponisten-in-moedling\/wp-json\/wp\/v2\/types\/page"}],"author":[{"embeddable":true,"href":"http:\/\/www.cronopio.de\/grosse-komponisten-in-moedling\/wp-json\/wp\/v2\/users\/2"}],"replies":[{"embeddable":true,"href":"http:\/\/www.cronopio.de\/grosse-komponisten-in-moedling\/wp-json\/wp\/v2\/comments?post=476"}],"version-history":[{"count":4,"href":"http:\/\/www.cronopio.de\/grosse-komponisten-in-moedling\/wp-json\/wp\/v2\/pages\/476\/revisions"}],"predecessor-version":[{"id":552,"href":"http:\/\/www.cronopio.de\/grosse-komponisten-in-moedling\/wp-json\/wp\/v2\/pages\/476\/revisions\/552"}],"wp:attachment":[{"href":"http:\/\/www.cronopio.de\/grosse-komponisten-in-moedling\/wp-json\/wp\/v2\/media?parent=476"}],"curies":[{"name":"wp","href":"https:\/\/api.w.org\/{rel}","templated":true}]}}