{"id":104,"date":"2018-08-22T19:12:38","date_gmt":"2018-08-22T17:12:38","guid":{"rendered":"http:\/\/www.cronopio.de\/grosse-komponisten-in-moedling\/?page_id=104"},"modified":"2018-09-14T22:55:27","modified_gmt":"2018-09-14T20:55:27","slug":"rudolf-knarr","status":"publish","type":"page","link":"http:\/\/www.cronopio.de\/grosse-komponisten-in-moedling\/rudolf-knarr\/","title":{"rendered":"Rudolf Knarr"},"content":{"rendered":"<div class=\"wp-block-image\">\n<figure class=\"alignright\"><img loading=\"lazy\" decoding=\"async\" width=\"271\" height=\"326\" src=\"http:\/\/www.cronopio.de\/grosse-komponisten-in-moedling\/wp-content\/uploads\/sites\/7\/2018\/09\/Rudolf-Knarr.jpg\" alt=\"\" class=\"wp-image-893\" srcset=\"http:\/\/www.cronopio.de\/grosse-komponisten-in-moedling\/wp-content\/uploads\/sites\/7\/2018\/09\/Rudolf-Knarr.jpg 271w, http:\/\/www.cronopio.de\/grosse-komponisten-in-moedling\/wp-content\/uploads\/sites\/7\/2018\/09\/Rudolf-Knarr-249x300.jpg 249w, http:\/\/www.cronopio.de\/grosse-komponisten-in-moedling\/wp-content\/uploads\/sites\/7\/2018\/09\/Rudolf-Knarr-166x200.jpg 166w\" sizes=\"auto, (max-width: 271px) 100vw, 271px\" \/><\/figure>\n<\/div>\n\n\n<p class=\"wp-block-paragraph\">* 11.08.1880 Bierbaum am Kleeb\u00fchel\/Bezirk Tulln<br\/>\u2020 06.10.1981 M\u00f6dling<br\/><\/p>\n\n\n\n<p class=\"wp-block-paragraph\">16.2.1889\u201321.9.1895 Z\u00f6gling in der Hyrtl\u2019schen Waisenanstalt in M\u00f6dling<br\/><\/p>\n\n\n\n<p class=\"wp-block-paragraph\">1895\u20131901 mit Unterst\u00fctzung Joseph Sch\u00f6ffels erm\u00f6glichtes Studium am Konservatorium der Musikfreunde in Wien: Orgel und Komposition bei Joseph Fuchs<br\/><\/p>\n\n\n\n<p class=\"wp-block-paragraph\">ab 1901 Musiklehrer am Waisenhaus<\/p>\n\n\n\n<p class=\"wp-block-paragraph\">1904 anl\u00e4sslich des Besuchs von Kaiser Franz Joseph in M\u00f6dling komponierte Knarr den <em>Kaiserhuldigungsmarsch,<\/em> den er auch pers\u00f6nlich \u00fcberreichen durfte<br\/><\/p>\n\n\n\n<p class=\"wp-block-paragraph\">1906 Gr\u00fcndung des <em>M\u00f6dlinger Musikvereins<\/em>, eines Symphonieorchesters mit M\u00f6dlinger Musikern, bestehend bis 1919<br\/><\/p>\n\n\n\n<p class=\"wp-block-paragraph\">1919 Gr\u00fcndung der <em>M\u00f6dlinger Singakademie, <\/em>Leitung derselben bis 1966. Aus dieser ging die <em>Kinder-Singschule<\/em> hervor.<br\/><\/p>\n\n\n\n<p class=\"wp-block-paragraph\">13.6.1920 1. Auff\u00fchrung von Beethovens <em>Missa solemnis<\/em> unter Knarr in der Stadtpfarrkirche St. Othmar<br\/><\/p>\n\n\n\n<p class=\"wp-block-paragraph\">Knarr dirigierte 28 <em>Missa solemnis-<\/em>Auff\u00fchrungen in M\u00f6dling und eine im gro\u00dfen Musikvereinssaal in Wien.<br\/>Orchester vor dem 2. Weltkrieg: Wiener Philharmoniker, nach dem Krieg: N\u00d6 Tonk\u00fcnstlerorchester<br\/><\/p>\n\n\n\n<p class=\"wp-block-paragraph\">1926 Konstituierung der M\u00f6dlinger Beethovenhaus-Stiftung, diese sollte M\u00f6dling zum \u201e<em>Bayreuth der Beethoven-<em>Weltgemeinde\u201c<\/em><\/em> machen. Bestand bis 1939<br\/><\/p>\n\n\n\n<p class=\"wp-block-paragraph\">24.9.1936 Gr\u00fcndung der privaten \u201e<em>Musikschule der M\u00f6dlinger<em>\u00a0\u00a0\u00a0\u00a0 Beethovenhaus-Stiftung\u201c<\/em><\/em>, Neusiedlerstra\u00dfe 44 unter Knarrs Leitung von 1936-39 und 1956-64 (mit Unterbrechung). Knarr unterrichtete Klavier, Gesang und allgemeine Musiklehre.<br\/><\/p>\n\n\n\n<p class=\"wp-block-paragraph\">1956 Knarr unterstellte die Musikschule der Singakademie<\/p>\n\n\n\n<p class=\"wp-block-paragraph\">24.4.1967 \u00dcbernahme der Musikschule und deren Erhaltung durch die Stadtgemeinde M\u00f6dling<br\/><\/p>\n\n\n\n<p class=\"wp-block-paragraph\">9.10.1966 letztes Auftreten Knarrs als Dirigent der Singakademie mit dem Deutschen Requiem von Brahms in St. Othmar<br\/><\/p>\n\n\n\n<p class=\"wp-block-paragraph\">Ehrungen und Auszeichnungen:<\/p>\n\n\n\n<ul class=\"wp-block-list\"><li>Berufstitel Professor<\/li><li>1962 1. Tr\u00e4ger des Ehrenringes der Stadt M\u00f6dling<\/li><li>Tr\u00e4ger des Ehrenkreuzes 1. Klasse f\u00fcr Wissenschaft und Kunst<\/li><li>Gedenktafel am Portal der Othmarkirche, Enth\u00fcllung 2014<\/li><\/ul>\n\n\n\n<p class=\"wp-block-paragraph\">Werke:<\/p>\n\n\n\n<ul class=\"wp-block-list\"><li>Buffo-Oper <em>Scherz, List und Rache <\/em>nach Goethe, Urauff\u00fchrung 27.9.1921 in der M\u00f6dlinger B\u00fchne<br\/><\/li><li>B\u00fchnen- und Begleitmusik f\u00fcr das Burgtheater und den Rundfunk (f\u00fcr seine Freunde Wildgans und Czokor)<\/li><li> (Orch.-) Lieder, Kaiserhuldigungsmarsch <\/li><\/ul>\n\n\n\n<ul class=\"wp-block-gallery columns-3 wp-block-gallery-1 is-layout-flex wp-block-gallery-is-layout-flex\"><li class=\"blocks-gallery-item\"><figure><a href=\"http:\/\/www.cronopio.de\/grosse-komponisten-in-moedling\/rudolf-knarr\/olympus-digital-camera-13\/\"><img loading=\"lazy\" decoding=\"async\" width=\"368\" height=\"302\" src=\"http:\/\/www.cronopio.de\/grosse-komponisten-in-moedling\/wp-content\/uploads\/sites\/7\/2018\/09\/P3084236.jpg\" alt=\"\" data-id=\"886\" data-link=\"http:\/\/www.cronopio.de\/grosse-komponisten-in-moedling\/rudolf-knarr\/olympus-digital-camera-13\/\" class=\"wp-image-886\" srcset=\"http:\/\/www.cronopio.de\/grosse-komponisten-in-moedling\/wp-content\/uploads\/sites\/7\/2018\/09\/P3084236.jpg 368w, http:\/\/www.cronopio.de\/grosse-komponisten-in-moedling\/wp-content\/uploads\/sites\/7\/2018\/09\/P3084236-300x246.jpg 300w, http:\/\/www.cronopio.de\/grosse-komponisten-in-moedling\/wp-content\/uploads\/sites\/7\/2018\/09\/P3084236-244x200.jpg 244w\" sizes=\"auto, (max-width: 368px) 100vw, 368px\" \/><\/a><\/figure><\/li><li class=\"blocks-gallery-item\"><figure><a href=\"http:\/\/www.cronopio.de\/grosse-komponisten-in-moedling\/rudolf-knarr\/olympus-digital-camera-18\/\"><img loading=\"lazy\" decoding=\"async\" width=\"1000\" height=\"800\" src=\"http:\/\/www.cronopio.de\/grosse-komponisten-in-moedling\/wp-content\/uploads\/sites\/7\/2018\/09\/P3084248.jpg\" alt=\"Ehem. Wohnhaus f\u00fcr die Lehrer der Hyrtl'schen Waisenanstalt\" data-id=\"890\" data-link=\"http:\/\/www.cronopio.de\/grosse-komponisten-in-moedling\/rudolf-knarr\/olympus-digital-camera-18\/\" class=\"wp-image-890\" srcset=\"http:\/\/www.cronopio.de\/grosse-komponisten-in-moedling\/wp-content\/uploads\/sites\/7\/2018\/09\/P3084248.jpg 1000w, http:\/\/www.cronopio.de\/grosse-komponisten-in-moedling\/wp-content\/uploads\/sites\/7\/2018\/09\/P3084248-300x240.jpg 300w, http:\/\/www.cronopio.de\/grosse-komponisten-in-moedling\/wp-content\/uploads\/sites\/7\/2018\/09\/P3084248-768x614.jpg 768w, http:\/\/www.cronopio.de\/grosse-komponisten-in-moedling\/wp-content\/uploads\/sites\/7\/2018\/09\/P3084248-250x200.jpg 250w\" sizes=\"auto, (max-width: 1000px) 100vw, 1000px\" \/><\/a><figcaption>Ehem. Wohnhaus f\u00fcr die Lehrer der Hyrtl&#8217;schen Waisenanstalt<\/figcaption><\/figure><\/li><li class=\"blocks-gallery-item\"><figure><a href=\"http:\/\/www.cronopio.de\/grosse-komponisten-in-moedling\/rudolf-knarr\/olympus-digital-camera-15\/\"><img loading=\"lazy\" decoding=\"async\" width=\"1000\" height=\"750\" src=\"http:\/\/www.cronopio.de\/grosse-komponisten-in-moedling\/wp-content\/uploads\/sites\/7\/2018\/09\/P3084241.jpg\" alt=\"\" data-id=\"888\" data-link=\"http:\/\/www.cronopio.de\/grosse-komponisten-in-moedling\/rudolf-knarr\/olympus-digital-camera-15\/\" class=\"wp-image-888\" srcset=\"http:\/\/www.cronopio.de\/grosse-komponisten-in-moedling\/wp-content\/uploads\/sites\/7\/2018\/09\/P3084241.jpg 1000w, http:\/\/www.cronopio.de\/grosse-komponisten-in-moedling\/wp-content\/uploads\/sites\/7\/2018\/09\/P3084241-300x225.jpg 300w, http:\/\/www.cronopio.de\/grosse-komponisten-in-moedling\/wp-content\/uploads\/sites\/7\/2018\/09\/P3084241-768x576.jpg 768w, http:\/\/www.cronopio.de\/grosse-komponisten-in-moedling\/wp-content\/uploads\/sites\/7\/2018\/09\/P3084241-267x200.jpg 267w\" sizes=\"auto, (max-width: 1000px) 100vw, 1000px\" \/><\/a><\/figure><\/li><li class=\"blocks-gallery-item\"><figure><a href=\"http:\/\/www.cronopio.de\/grosse-komponisten-in-moedling\/rudolf-knarr\/olympus-digital-camera-14\/\"><img loading=\"lazy\" decoding=\"async\" width=\"500\" height=\"720\" src=\"http:\/\/www.cronopio.de\/grosse-komponisten-in-moedling\/wp-content\/uploads\/sites\/7\/2018\/09\/P4084279.jpg\" alt=\"Gedenktafel f\u00fcr Rudolf Knarr in St. Othmar\" data-id=\"887\" data-link=\"http:\/\/www.cronopio.de\/grosse-komponisten-in-moedling\/rudolf-knarr\/olympus-digital-camera-14\/\" class=\"wp-image-887\" srcset=\"http:\/\/www.cronopio.de\/grosse-komponisten-in-moedling\/wp-content\/uploads\/sites\/7\/2018\/09\/P4084279.jpg 500w, http:\/\/www.cronopio.de\/grosse-komponisten-in-moedling\/wp-content\/uploads\/sites\/7\/2018\/09\/P4084279-208x300.jpg 208w, http:\/\/www.cronopio.de\/grosse-komponisten-in-moedling\/wp-content\/uploads\/sites\/7\/2018\/09\/P4084279-139x200.jpg 139w\" sizes=\"auto, (max-width: 500px) 100vw, 500px\" \/><\/a><figcaption>Gedenktafel f\u00fcr Rudolf Knarr in St. Othmar<\/figcaption><\/figure><\/li><li class=\"blocks-gallery-item\"><figure><a href=\"http:\/\/www.cronopio.de\/grosse-komponisten-in-moedling\/rudolf-knarr\/olympus-digital-camera-15\/\"><img loading=\"lazy\" decoding=\"async\" width=\"1000\" height=\"791\" src=\"http:\/\/www.cronopio.de\/grosse-komponisten-in-moedling\/wp-content\/uploads\/sites\/7\/2018\/09\/P4094285.jpg\" alt=\"Gedenktafel f\u00fcr Rudolf Knarr in der Beethoven Musikschule M\u00f6dling\" data-id=\"889\" data-link=\"http:\/\/www.cronopio.de\/grosse-komponisten-in-moedling\/rudolf-knarr\/olympus-digital-camera-15\/\" class=\"wp-image-889\" srcset=\"http:\/\/www.cronopio.de\/grosse-komponisten-in-moedling\/wp-content\/uploads\/sites\/7\/2018\/09\/P4094285.jpg 1000w, http:\/\/www.cronopio.de\/grosse-komponisten-in-moedling\/wp-content\/uploads\/sites\/7\/2018\/09\/P4094285-300x237.jpg 300w, http:\/\/www.cronopio.de\/grosse-komponisten-in-moedling\/wp-content\/uploads\/sites\/7\/2018\/09\/P4094285-768x607.jpg 768w, http:\/\/www.cronopio.de\/grosse-komponisten-in-moedling\/wp-content\/uploads\/sites\/7\/2018\/09\/P4094285-253x200.jpg 253w\" sizes=\"auto, (max-width: 1000px) 100vw, 1000px\" \/><\/a><figcaption>Gedenktafel f\u00fcr Rudolf Knarr in der Beethoven Musikschule M\u00f6dling<\/figcaption><\/figure><\/li><li class=\"blocks-gallery-item\"><figure><a href=\"http:\/\/www.cronopio.de\/grosse-komponisten-in-moedling\/rudolf-knarr\/rudolf-knarr-2\/\"><img loading=\"lazy\" decoding=\"async\" width=\"425\" height=\"523\" src=\"http:\/\/www.cronopio.de\/grosse-komponisten-in-moedling\/wp-content\/uploads\/sites\/7\/2018\/09\/Rudolf-Knarr-2.png\" alt=\"\" data-id=\"891\" data-link=\"http:\/\/www.cronopio.de\/grosse-komponisten-in-moedling\/rudolf-knarr\/rudolf-knarr-2\/\" class=\"wp-image-891\" srcset=\"http:\/\/www.cronopio.de\/grosse-komponisten-in-moedling\/wp-content\/uploads\/sites\/7\/2018\/09\/Rudolf-Knarr-2.png 425w, http:\/\/www.cronopio.de\/grosse-komponisten-in-moedling\/wp-content\/uploads\/sites\/7\/2018\/09\/Rudolf-Knarr-2-244x300.png 244w, http:\/\/www.cronopio.de\/grosse-komponisten-in-moedling\/wp-content\/uploads\/sites\/7\/2018\/09\/Rudolf-Knarr-2-163x200.png 163w\" sizes=\"auto, (max-width: 425px) 100vw, 425px\" \/><\/a><\/figure><\/li><li class=\"blocks-gallery-item\"><figure><a href=\"http:\/\/www.cronopio.de\/grosse-komponisten-in-moedling\/rudolf-knarr\/screenshot-2018-3-1-bild-1-aus-beitrag-gedenktafel-fuer-einen-grossen-moedlinger-gesegnet\/\"><img loading=\"lazy\" decoding=\"async\" width=\"838\" height=\"621\" src=\"http:\/\/www.cronopio.de\/grosse-komponisten-in-moedling\/wp-content\/uploads\/sites\/7\/2018\/09\/Screenshot-2018-3-1-Bild-1-aus-Beitrag-Gedenktafel-f\u00fcr-einen-gro\u00dfen-M\u00f6dlinger-gesegnet.png\" alt=\"Witwe von Rudolf Knarr mit Pfarrer Richard Posch und B\u00fcrgermeister Hans Stefan Hintner\" data-id=\"892\" data-link=\"http:\/\/www.cronopio.de\/grosse-komponisten-in-moedling\/rudolf-knarr\/screenshot-2018-3-1-bild-1-aus-beitrag-gedenktafel-fuer-einen-grossen-moedlinger-gesegnet\/\" class=\"wp-image-892\" srcset=\"http:\/\/www.cronopio.de\/grosse-komponisten-in-moedling\/wp-content\/uploads\/sites\/7\/2018\/09\/Screenshot-2018-3-1-Bild-1-aus-Beitrag-Gedenktafel-f\u00fcr-einen-gro\u00dfen-M\u00f6dlinger-gesegnet.png 838w, http:\/\/www.cronopio.de\/grosse-komponisten-in-moedling\/wp-content\/uploads\/sites\/7\/2018\/09\/Screenshot-2018-3-1-Bild-1-aus-Beitrag-Gedenktafel-f\u00fcr-einen-gro\u00dfen-M\u00f6dlinger-gesegnet-300x222.png 300w, http:\/\/www.cronopio.de\/grosse-komponisten-in-moedling\/wp-content\/uploads\/sites\/7\/2018\/09\/Screenshot-2018-3-1-Bild-1-aus-Beitrag-Gedenktafel-f\u00fcr-einen-gro\u00dfen-M\u00f6dlinger-gesegnet-768x569.png 768w, http:\/\/www.cronopio.de\/grosse-komponisten-in-moedling\/wp-content\/uploads\/sites\/7\/2018\/09\/Screenshot-2018-3-1-Bild-1-aus-Beitrag-Gedenktafel-f\u00fcr-einen-gro\u00dfen-M\u00f6dlinger-gesegnet-270x200.png 270w\" sizes=\"auto, (max-width: 838px) 100vw, 838px\" \/><\/a><figcaption><br\/>\u00a0 <br\/><br\/>Witwe von Rudolf Knarr mit Pfarrer Richard Posch und B\u00fcrgermeister Hans Stefan Hintner<\/figcaption><\/figure><\/li><\/ul>\n","protected":false},"excerpt":{"rendered":"<p>* 11.08.1880 Bierbaum am Kleeb\u00fchel\/Bezirk Tulln\u2020 06.10.1981 M\u00f6dling 16.2.1889\u201321.9.1895 Z\u00f6gling in der Hyrtl\u2019schen Waisenanstalt in M\u00f6dling 1895\u20131901 mit Unterst\u00fctzung Joseph Sch\u00f6ffels erm\u00f6glichtes Studium am Konservatorium der Musikfreunde in Wien: Orgel und Komposition bei Joseph Fuchs ab 1901 Musiklehrer am Waisenhaus 1904 anl\u00e4sslich des Besuchs von Kaiser Franz Joseph in M\u00f6dling &hellip;<\/p>\n","protected":false},"author":2,"featured_media":0,"parent":0,"menu_order":0,"comment_status":"closed","ping_status":"closed","template":"","meta":{"_crdt_document":"","_themeisle_gutenberg_block_has_review":false,"h5ap_radio_sources":[],"footnotes":""},"class_list":["post-104","page","type-page","status-publish","hentry"],"_links":{"self":[{"href":"http:\/\/www.cronopio.de\/grosse-komponisten-in-moedling\/wp-json\/wp\/v2\/pages\/104","targetHints":{"allow":["GET"]}}],"collection":[{"href":"http:\/\/www.cronopio.de\/grosse-komponisten-in-moedling\/wp-json\/wp\/v2\/pages"}],"about":[{"href":"http:\/\/www.cronopio.de\/grosse-komponisten-in-moedling\/wp-json\/wp\/v2\/types\/page"}],"author":[{"embeddable":true,"href":"http:\/\/www.cronopio.de\/grosse-komponisten-in-moedling\/wp-json\/wp\/v2\/users\/2"}],"replies":[{"embeddable":true,"href":"http:\/\/www.cronopio.de\/grosse-komponisten-in-moedling\/wp-json\/wp\/v2\/comments?post=104"}],"version-history":[{"count":4,"href":"http:\/\/www.cronopio.de\/grosse-komponisten-in-moedling\/wp-json\/wp\/v2\/pages\/104\/revisions"}],"predecessor-version":[{"id":895,"href":"http:\/\/www.cronopio.de\/grosse-komponisten-in-moedling\/wp-json\/wp\/v2\/pages\/104\/revisions\/895"}],"wp:attachment":[{"href":"http:\/\/www.cronopio.de\/grosse-komponisten-in-moedling\/wp-json\/wp\/v2\/media?parent=104"}],"curies":[{"name":"wp","href":"https:\/\/api.w.org\/{rel}","templated":true}]}}